{"id":225992,"date":"2019-12-03T15:58:37","date_gmt":"2019-12-03T14:58:37","guid":{"rendered":"https:\/\/www.puertosdetenerife.org\/centro-de-coordinacion-de-servicios\/"},"modified":"2020-11-18T12:48:02","modified_gmt":"2020-11-18T12:48:02","slug":"centre-de-coordination-de-services","status":"publish","type":"page","link":"https:\/\/pre.puertosdetenerife.org\/fr\/centre-de-coordination-de-services\/","title":{"rendered":"Centre de coordination de services"},"content":{"rendered":"<p>[et_pb_section fb_built=\u00a0\u00bb1&Prime; custom_padding_last_edited=\u00a0\u00bbon|desktop\u00a0\u00bb admin_label=\u00a0\u00bbMozart &#8211; Home &#8211; BG 1900&#215;923 Pixels\u00a0\u00bb module_class=\u00a0\u00bbmozart_consult_header\u00a0\u00bb _builder_version=\u00a0\u00bb3.28&Prime; background_enable_color=\u00a0\u00bboff\u00a0\u00bb background_image=\u00a0\u00bbhttps:\/\/www.puertosdetenerife.org\/wp-content\/uploads\/2019\/09\/Preview-video-puertos.png\u00a0\u00bb background_enable_video_mp4=\u00a0\u00bboff\u00a0\u00bb background_enable_video_webm=\u00a0\u00bboff\u00a0\u00bb custom_margin=\u00a0\u00bb|||\u00a0\u00bb custom_padding=\u00a0\u00bb0vw||3.5vw|||\u00a0\u00bb custom_padding_tablet=\u00a0\u00bb50px||50px|\u00a0\u00bb custom_padding_phone=\u00a0\u00bb\u00a0\u00bb custom_css_before=\u00a0\u00bb    content: %22%22;||    display: block;||    position: absolute;||    top: 0;||    left: 0;||    width: 100%;||    height: 100%;||    background-color: #081C59!important;||    opacity: 0.9;\u00a0\u00bb][et_pb_row use_custom_gutter=\u00a0\u00bbon\u00a0\u00bb gutter_width=\u00a0\u00bb1&Prime; make_equal=\u00a0\u00bbon\u00a0\u00bb custom_padding_last_edited=\u00a0\u00bbon|desktop\u00a0\u00bb admin_label=\u00a0\u00bbMozart &#8211; Home\u00a0\u00bb _builder_version=\u00a0\u00bb3.28&Prime; background_image=\u00a0\u00bbhttps:\/\/www.puertosdetenerife.org\/wp-content\/uploads\/2023\/07\/Logo_White-AUTORIDAD-PORTUARIA-2.png\u00a0\u00bb width=\u00a0\u00bb25%\u00a0\u00bb max_width=\u00a0\u00bb582px\u00a0\u00bb custom_margin=\u00a0\u00bb||||false|false\u00a0\u00bb custom_padding=\u00a0\u00bb200px|0px|2.5vw|0px||\u00a0\u00bb custom_padding_tablet=\u00a0\u00bb128px|0px||0px|false|false\u00a0\u00bb custom_padding_phone=\u00a0\u00bb70px||||false|false\u00a0\u00bb][et_pb_column type=\u00a0\u00bb4_4&Prime; _builder_version=\u00a0\u00bb3.25&Prime; custom_padding=\u00a0\u00bb|||\u00a0\u00bb custom_padding__hover=\u00a0\u00bb|||\u00a0\u00bb][\/et_pb_column][\/et_pb_row][et_pb_row _builder_version=\u00a0\u00bb3.28&Prime; custom_padding=\u00a0\u00bb10px|10px|10px|10px|false|false\u00a0\u00bb][et_pb_column type=\u00a0\u00bb4_4&Prime; _builder_version=\u00a0\u00bb3.28&Prime;][et_pb_text module_class=\u00a0\u00bbheader-title-1&Prime; _builder_version=\u00a0\u00bb4.6.6&Prime; text_font=\u00a0\u00bb|700|||||||\u00a0\u00bb text_text_color=\u00a0\u00bb#ffffff\u00a0\u00bb text_font_size=\u00a0\u00bb60px\u00a0\u00bb text_line_height=\u00a0\u00bb1em\u00a0\u00bb header_text_color=\u00a0\u00bb#ffffff\u00a0\u00bb]<\/p>\n<h1 style=\"text-align: center;\">Centre de coordination de services<\/h1>\n<p>[\/et_pb_text][\/et_pb_column][\/et_pb_row][\/et_pb_section][et_pb_section fb_built=\u00a0\u00bb1&Prime; _builder_version=\u00a0\u00bb3.28&Prime;][et_pb_row _builder_version=\u00a0\u00bb3.29.3&Prime;][et_pb_column type=\u00a0\u00bb4_4&Prime; _builder_version=\u00a0\u00bb3.29.3&Prime;][et_pb_text _builder_version=\u00a0\u00bb4.6.6&Prime;]<\/p>\n<p>Le Centre de coordination de services est un centre pionnier depuis lequel le trafic maritime du port de Santa Cruz est contr\u00f4l\u00e9 et qui informe en temps r\u00e9el \u00e0 chacun de ses d\u00e9partements.<\/p>\n<p> Son emplacement permet d\u2019avoir une vue sur le quai \u00e0 la port\u00e9e de quelques privil\u00e9gi\u00e9s. Situ\u00e9 au huiti\u00e8me \u00e9tage de la tour de Capitainerie Maritime, le Centre de coordination de services (CCS) est le \u00ab centre n\u00e9vralgique du port de Santa Cruz et de Granadilla, un centre depuis lequel on contr\u00f4le tout le trafic maritime de l\u2019installation et informe en temps r\u00e9el \u00e0 chacun de ses d\u00e9partements sur tout ce qui se passe.<br \/> Mis en place en 2004, ce centre a \u00e9t\u00e9 pionnier en Espagne dans la gestion directe de la part de l\u2019Autorit\u00e9 Portuaire du service d\u2019am\u00e9nagement, coordination et contr\u00f4le du trafic portuaire.<\/p>\n<p> Le CCS est compos\u00e9 du Centre de contr\u00f4le maritime et de la Gestion des escales, deux services coordonn\u00e9s qui fonctionnent 24 heures sur 24, 7 jours sur 7.<\/p>\n<h2>Fonctions<\/h2>\n<p>Parmi les fonctions du Centre de contr\u00f4le maritime, il convient de souligner, par exemple, l\u2019am\u00e9nagement, coordination et contr\u00f4le du trafic maritime, y compris le nautique-sportif, ainsi que la coordination des services technico-nautiques (pilotage, remorquage, amarrage) fournis aux navires.<\/p>\n<p> Le contr\u00f4le du trafic maritime interagit avec le trafic d\u2019entr\u00e9e et sortie des navires en englobant l\u2019ensemble d\u2019actions op\u00e9rationnelles associ\u00e9es \u00e0 ce processus une heure avant l\u2019arriv\u00e9e du navire au port jusqu\u2019\u00e0 ce que celui-ci quitte la surface des eaux du port.<\/p>\n<p> Depuis cet endroit, les consignes correspondant \u00e0 chaque navire sont donn\u00e9es et les pilotes et les amarreurs, mais aussi les remorqueurs et la police portuaire, sont inform\u00e9s sur la situation et les caract\u00e9ristiques des actions op\u00e9rationnelles pour la prestation des services correspondants.<\/p>\n<p> Pour cela, le centre poss\u00e8de un \u00e9quipement technologique qui respecte les normes VTMS \u2013 (Vessel Traffic Management System), un syst\u00e8me d\u2019observation du mouvement des navires qui re\u00e7oit des donn\u00e9es provenant de diff\u00e9rentes sources telles que Radar, AIS \u2013 Syst\u00e8me d\u2019identification automatique de navires, etc., et il les pr\u00e9sente sur une cartographie nautique \u00e9lectronique homologu\u00e9e par l\u2019OMI (Organisation maritime internationale). Ce syst\u00e8me permet \u00e0 l\u2019Autorit\u00e9 Portuaire non seulement de d\u00e9tecter les navires, mais aussi de conna\u00eetre certaines caract\u00e9ristiques des m\u00eames, telles que leur indicatif d\u2019appel (MMSI), l\u2019heure estim\u00e9e d&rsquo;arriv\u00e9e au port (ETA), \u00e0 quelle distance se trouvent par rapport au port, leur cap, leur vitesse, etc.<\/p>\n<p> Le Centre de contr\u00f4le poss\u00e8de des stations de radio locales et \u00e0 distance qui travaillent avec les fr\u00e9quences de la bande marine, en assurant les communications entre les navires et le CCS dans un rayon de couverture d\u2019environ 100 milles nautiques.<\/p>\n<p>[\/et_pb_text][\/et_pb_column][\/et_pb_row][et_pb_row _builder_version=\u00a0\u00bb4.0.6&Prime;][et_pb_column type=\u00a0\u00bb4_4&Prime; _builder_version=\u00a0\u00bb4.0.6&Prime;][et_pb_image src=\u00a0\u00bbhttps:\/\/www.puertosdetenerife.org\/wp-content\/uploads\/2019\/12\/2009226111259.jpg\u00a0\u00bb align=\u00a0\u00bbcenter\u00a0\u00bb _builder_version=\u00a0\u00bb4.0.6&Prime;][\/et_pb_image][et_pb_image src=\u00a0\u00bbhttps:\/\/www.puertosdetenerife.org\/wp-content\/uploads\/2019\/12\/2009226111353.jpg\u00a0\u00bb align=\u00a0\u00bbcenter\u00a0\u00bb _builder_version=\u00a0\u00bb4.0.6&Prime;][\/et_pb_image][\/et_pb_column][\/et_pb_row][\/et_pb_section][et_pb_section fb_built=\u00a0\u00bb1&Prime; _builder_version=\u00a0\u00bb3.29.3&Prime; background_color=\u00a0\u00bb#081C59&Prime; height=\u00a0\u00bb50px\u00a0\u00bb custom_margin=\u00a0\u00bb0px|0px|0px|0px|false|false\u00a0\u00bb custom_padding=\u00a0\u00bb0px|0px|0px|0px|false|false\u00a0\u00bb][\/et_pb_section][et_pb_section fb_built=\u00a0\u00bb1&Prime; custom_padding_last_edited=\u00a0\u00bbon|tablet\u00a0\u00bb admin_label=\u00a0\u00bbFooter general 1.1&Prime; module_class=\u00a0\u00bbmozart_consult_testimonials\u00a0\u00bb _builder_version=\u00a0\u00bb4.4.8&Prime; background_color=\u00a0\u00bb#ffffff\u00a0\u00bb background_enable_color=\u00a0\u00bboff\u00a0\u00bb background_image=\u00a0\u00bbhttps:\/\/www.puertosdetenerife.org\/wp-content\/uploads\/2019\/09\/half-boat-blue-transparent50-104&#215;300.png\u00a0\u00bb background_enable_image=\u00a0\u00bboff\u00a0\u00bb background_size=\u00a0\u00bbcontain\u00a0\u00bb background_position=\u00a0\u00bbcenter_right\u00a0\u00bb custom_margin=\u00a0\u00bb50px||||false|false\u00a0\u00bb custom_padding=\u00a0\u00bb0.3%||0%|||\u00a0\u00bb custom_padding_tablet=\u00a0\u00bb50px||50px|\u00a0\u00bb custom_padding_phone=\u00a0\u00bb\u00a0\u00bb custom_css_main_element=\u00a0\u00bb overflow: hidden;||||\u00a0\u00bb saved_tabs=\u00a0\u00bball\u00a0\u00bb collapsed=\u00a0\u00bbon\u00a0\u00bb global_module=\u00a0\u00bb227114&Prime;][et_pb_row custom_padding_last_edited=\u00a0\u00bbon|tablet\u00a0\u00bb admin_label=\u00a0\u00bbMozart &#8211; Home\u00a0\u00bb _builder_version=\u00a0\u00bb3.25&Prime; background_size=\u00a0\u00bbinitial\u00a0\u00bb background_position=\u00a0\u00bbtop_left\u00a0\u00bb background_repeat=\u00a0\u00bbrepeat\u00a0\u00bb custom_padding=\u00a0\u00bb3px|0px|3px|0px||\u00a0\u00bb custom_padding_tablet=\u00a0\u00bb0px|0px|0px|0px\u00a0\u00bb custom_padding_phone=\u00a0\u00bb\u00a0\u00bb][et_pb_column type=\u00a0\u00bb4_4&Prime; _builder_version=\u00a0\u00bb3.25&Prime; custom_padding=\u00a0\u00bb|||\u00a0\u00bb custom_padding__hover=\u00a0\u00bb|||\u00a0\u00bb][et_pb_image src=\u00a0\u00bbhttps:\/\/www.puertosdetenerife.org\/wp-content\/uploads\/2019\/09\/Saparador-Puertos-e1568731759160.png\u00a0\u00bb align_tablet=\u00a0\u00bbcenter\u00a0\u00bb align_phone=\u00a0\u00bb\u00a0\u00bb align_last_edited=\u00a0\u00bbon|desktop\u00a0\u00bb admin_label=\u00a0\u00bbImage 1170 x 51 pixels\u00a0\u00bb _builder_version=\u00a0\u00bb3.28&Prime; transform_scale=\u00a0\u00bb50%|50%\u00a0\u00bb filter_opacity=\u00a0\u00bb50%\u00a0\u00bb][\/et_pb_image][\/et_pb_column][\/et_pb_row][et_pb_row _builder_version=\u00a0\u00bb4.4.8&Prime;][et_pb_column type=\u00a0\u00bb4_4&Prime; _builder_version=\u00a0\u00bb4.3.2&Prime;][et_pb_text _builder_version=\u00a0\u00bb4.6.6&Prime;]<\/p>\n<h2>Informations g\u00e9n\u00e9rales<\/h2>\n<p>[\/et_pb_text][\/et_pb_column][\/et_pb_row][et_pb_row column_structure=\u00a0\u00bb1_4,1_4,1_4,1_4&Prime; _builder_version=\u00a0\u00bb4.3.2&Prime;][et_pb_column type=\u00a0\u00bb1_4&Prime; _builder_version=\u00a0\u00bb4.3.2&Prime;][et_pb_text _builder_version=\u00a0\u00bb4.7.1&Prime; custom_css_main_element=\u00a0\u00bbfont-weight: normal !important;\u00a0\u00bb]<\/p>\n<p style=\"text-align: left;\"><a href=\"\/fr\/legislation-et-reglementation\/\">L\u00e9gislation et r\u00e9glementation<\/a><br \/> <a href=\"\/fr\/environnement\/\">Environnement <\/a><br \/> <a href=\"\/fr\/facture-electronique-face\/\">\u00c9conomie et Finances<\/a><br \/> <a href=\"\/fr\/personnes-et-organisation\/\">Personnes et Organisation<\/a><br \/> <a href=\"\/fr\/protection-et-securite\/\">Protection et S\u00e9curit\u00e9<\/a><br \/> <a href=\"\/fr\/statistiques\/\">Statistiques<\/a><br \/> <a href=\"\/fr\/securite-industrielle\/\">S\u00e9curit\u00e9 industrielle<\/a><\/p>\n<p>[\/et_pb_text][\/et_pb_column][et_pb_column type=\u00a0\u00bb1_4&Prime; _builder_version=\u00a0\u00bb4.3.2&Prime;][et_pb_text _builder_version=\u00a0\u00bb4.7.1&Prime;]<\/p>\n<p><a href=\"\/fr\/rapports-annuels\/\">Rapports annuels<\/a><br \/> <a href=\"\/fr\/centre-de-commercialisation-des-produits-de-la-peche\/\">Centre de commercialisation des produits de la p\u00eache<\/a><br \/> <a href=\"\/fr\/signalisation-maritime\/\">Signalisation maritime <\/a><a href=\"\/centro-de-comercializacion-pesquera\/\"><br \/> <\/a><a href=\"\/fr\/climat-maritime\/\">Climat maritime<\/a><a href=\"\/centro-de-comercializacion-pesquera\/\"><br \/> <\/a><a href=\"\/fr\/taxes-et-tarifs\/\">Taxes et tarifs<\/a><a href=\"\/centro-de-comercializacion-pesquera\/\"><br \/> <\/a><a href=\"https:\/\/canariaszec.com\/\" target=\"_blank\" rel=\"noopener noreferrer\">Zona Especial Canaria<\/a><a href=\"\/centro-de-comercializacion-pesquera\/\"><br \/> <\/a><a href=\"http:\/\/zonafrancatenerife.es\/\" target=\"_blank\" rel=\"noopener noreferrer\">Tenerife Free Zone<\/a><a href=\"\/centro-de-comercializacion-pesquera\/\"><br \/> <\/a><a href=\"https:\/\/www.seappliers.com\/es\/\" target=\"_blank\" rel=\"noopener noreferrer\">Seappliers<\/a><\/p>\n<p>[\/et_pb_text][\/et_pb_column][et_pb_column type=\u00a0\u00bb1_4&Prime; _builder_version=\u00a0\u00bb4.3.2&Prime;][et_pb_text _builder_version=\u00a0\u00bb4.7.1&Prime;]<\/p>\n<p><a href=\"\/fr\/profil-du-contractant\/\">Profil du contractant<\/a><br \/> <a href=\"http:\/\/sede.puertosdetenerife.gob.es\/sede\/\">Si\u00e8ge \u00c9lectronique<\/a><br \/> <a href=\"\/economico-financiero\/factura-electronica-face\/\">FACe<\/a><br \/> <a href=\"\/fr\/transport-de-matieres-dangereuses\/\">Transport de mati\u00e8res dangereuses<\/a><br \/> <a href=\"\/fr\/centre-doperations-portuaires\/annonces\/\">Annonces<\/a><\/p>\n<p>[\/et_pb_text][\/et_pb_column][et_pb_column type=\u00a0\u00bb1_4&Prime; _builder_version=\u00a0\u00bb4.3.2&Prime;][et_pb_code _builder_version=\u00a0\u00bb4.3.2&Prime; text_orientation=\u00a0\u00bbleft\u00a0\u00bb]<div class=\"shariff shariff-align-flex-start shariff-widget-align-flex-start\"><div class=\"ShariffHeadline\">Comparte!<\/div><ul class=\"shariff-buttons theme-round orientation-horizontal buttonsize-medium\"><li class=\"shariff-button facebook\" style=\"background-color:#056E6D;border-radius:1%\"><a href=\"https:\/\/www.facebook.com\/sharer\/sharer.php?u=https%3A%2F%2Fpre.puertosdetenerife.org%2Ffr%2Fcentre-de-coordination-de-services%2F\" title=\"Envoyer par Facebook\" aria-label=\"Envoyer par Facebook\" role=\"button\" rel=\"nofollow\" class=\"shariff-link\" style=\";border-radius:1%; background-color:#081C59; color:#fff\" target=\"_blank\"><span class=\"shariff-icon\" style=\"\"><svg width=\"32px\" height=\"20px\" xmlns=\"http:\/\/www.w3.org\/2000\/svg\" viewBox=\"0 0 18 32\"><path fill=\"#3b5998\" d=\"M17.1 0.2v4.7h-2.8q-1.5 0-2.1 0.6t-0.5 1.9v3.4h5.2l-0.7 5.3h-4.5v13.6h-5.5v-13.6h-4.5v-5.3h4.5v-3.9q0-3.3 1.9-5.2t5-1.8q2.6 0 4.1 0.2z\"\/><\/svg><\/span><\/a><\/li><li class=\"shariff-button twitter\" style=\"background-color:#056E6D;border-radius:1%\"><a href=\"https:\/\/twitter.com\/share?url=https%3A%2F%2Fpre.puertosdetenerife.org%2Ffr%2Fcentre-de-coordination-de-services%2F&text=Centre%20de%20coordination%20de%20services\" title=\"Envoyer par X\" aria-label=\"Envoyer par X\" role=\"button\" rel=\"noopener nofollow\" class=\"shariff-link\" style=\";border-radius:1%; background-color:#081C59; color:#fff\" target=\"_blank\"><span class=\"shariff-icon\" style=\"\"><svg width=\"32px\" height=\"20px\" xmlns=\"http:\/\/www.w3.org\/2000\/svg\" viewBox=\"0 0 24 24\"><path fill=\"#000\" d=\"M14.258 10.152L23.176 0h-2.113l-7.747 8.813L7.133 0H0l9.352 13.328L0 23.973h2.113l8.176-9.309 6.531 9.309h7.133zm-2.895 3.293l-.949-1.328L2.875 1.56h3.246l6.086 8.523.945 1.328 7.91 11.078h-3.246zm0 0\"\/><\/svg><\/span><\/a><\/li><li class=\"shariff-button linkedin\" style=\"background-color:#056E6D;border-radius:1%\"><a href=\"https:\/\/www.linkedin.com\/sharing\/share-offsite\/?url=https%3A%2F%2Fpre.puertosdetenerife.org%2Ffr%2Fcentre-de-coordination-de-services%2F\" title=\"Envoyer par LinkedIn\" aria-label=\"Envoyer par LinkedIn\" role=\"button\" rel=\"noopener nofollow\" class=\"shariff-link\" style=\";border-radius:1%; background-color:#081C59; color:#fff\" target=\"_blank\"><span class=\"shariff-icon\" style=\"\"><svg width=\"32px\" height=\"20px\" xmlns=\"http:\/\/www.w3.org\/2000\/svg\" viewBox=\"0 0 27 32\"><path fill=\"#0077b5\" d=\"M6.2 11.2v17.7h-5.9v-17.7h5.9zM6.6 5.7q0 1.3-0.9 2.2t-2.4 0.9h0q-1.5 0-2.4-0.9t-0.9-2.2 0.9-2.2 2.4-0.9 2.4 0.9 0.9 2.2zM27.4 18.7v10.1h-5.9v-9.5q0-1.9-0.7-2.9t-2.3-1.1q-1.1 0-1.9 0.6t-1.2 1.5q-0.2 0.5-0.2 1.4v9.9h-5.9q0-7.1 0-11.6t0-5.3l0-0.9h5.9v2.6h0q0.4-0.6 0.7-1t1-0.9 1.6-0.8 2-0.3q3 0 4.9 2t1.9 6z\"\/><\/svg><\/span><\/a><\/li><li class=\"shariff-button whatsapp\" style=\"background-color:#056E6D;border-radius:1%\"><a href=\"https:\/\/api.whatsapp.com\/send?text=https%3A%2F%2Fpre.puertosdetenerife.org%2Ffr%2Fcentre-de-coordination-de-services%2F%20Centre%20de%20coordination%20de%20services\" title=\"Envoyer par Whatsapp\" aria-label=\"Envoyer par Whatsapp\" role=\"button\" rel=\"noopener nofollow\" class=\"shariff-link\" style=\";border-radius:1%; background-color:#081C59; color:#fff\" target=\"_blank\"><span class=\"shariff-icon\" style=\"\"><svg width=\"32px\" height=\"20px\" xmlns=\"http:\/\/www.w3.org\/2000\/svg\" viewBox=\"0 0 32 32\"><path fill=\"#34af23\" d=\"M17.6 17.4q0.2 0 1.7 0.8t1.6 0.9q0 0.1 0 0.3 0 0.6-0.3 1.4-0.3 0.7-1.3 1.2t-1.8 0.5q-1 0-3.4-1.1-1.7-0.8-3-2.1t-2.6-3.3q-1.3-1.9-1.3-3.5v-0.1q0.1-1.6 1.3-2.8 0.4-0.4 0.9-0.4 0.1 0 0.3 0t0.3 0q0.3 0 0.5 0.1t0.3 0.5q0.1 0.4 0.6 1.6t0.4 1.3q0 0.4-0.6 1t-0.6 0.8q0 0.1 0.1 0.3 0.6 1.3 1.8 2.4 1 0.9 2.7 1.8 0.2 0.1 0.4 0.1 0.3 0 1-0.9t0.9-0.9zM14 26.9q2.3 0 4.3-0.9t3.6-2.4 2.4-3.6 0.9-4.3-0.9-4.3-2.4-3.6-3.6-2.4-4.3-0.9-4.3 0.9-3.6 2.4-2.4 3.6-0.9 4.3q0 3.6 2.1 6.6l-1.4 4.2 4.3-1.4q2.8 1.9 6.2 1.9zM14 2.2q2.7 0 5.2 1.1t4.3 2.9 2.9 4.3 1.1 5.2-1.1 5.2-2.9 4.3-4.3 2.9-5.2 1.1q-3.5 0-6.5-1.7l-7.4 2.4 2.4-7.2q-1.9-3.2-1.9-6.9 0-2.7 1.1-5.2t2.9-4.3 4.3-2.9 5.2-1.1z\"\/><\/svg><\/span><\/a><\/li><li class=\"shariff-button mailto\" style=\"background-color:#056E6D;border-radius:1%\"><a href=\"mailto:?body=https%3A%2F%2Fpre.puertosdetenerife.org%2Ffr%2Fcentre-de-coordination-de-services%2F&subject=Centre%20de%20coordination%20de%20services\" title=\"Envoyer par courriel\" aria-label=\"Envoyer par courriel\" role=\"button\" rel=\"noopener nofollow\" class=\"shariff-link\" style=\";border-radius:1%; background-color:#081C59; color:#fff\"><span class=\"shariff-icon\" style=\"\"><svg width=\"32px\" height=\"20px\" xmlns=\"http:\/\/www.w3.org\/2000\/svg\" viewBox=\"0 0 32 32\"><path fill=\"#999\" d=\"M32 12.7v14.2q0 1.2-0.8 2t-2 0.9h-26.3q-1.2 0-2-0.9t-0.8-2v-14.2q0.8 0.9 1.8 1.6 6.5 4.4 8.9 6.1 1 0.8 1.6 1.2t1.7 0.9 2 0.4h0.1q0.9 0 2-0.4t1.7-0.9 1.6-1.2q3-2.2 8.9-6.1 1-0.7 1.8-1.6zM32 7.4q0 1.4-0.9 2.7t-2.2 2.2q-6.7 4.7-8.4 5.8-0.2 0.1-0.7 0.5t-1 0.7-0.9 0.6-1.1 0.5-0.9 0.2h-0.1q-0.4 0-0.9-0.2t-1.1-0.5-0.9-0.6-1-0.7-0.7-0.5q-1.6-1.1-4.7-3.2t-3.6-2.6q-1.1-0.7-2.1-2t-1-2.5q0-1.4 0.7-2.3t2.1-0.9h26.3q1.2 0 2 0.8t0.9 2z\"\/><\/svg><\/span><\/a><\/li><\/ul><\/div>[\/et_pb_code][et_pb_image src=\u00a0\u00bbhttps:\/\/www.puertosdetenerife.org\/wp-content\/uploads\/2020\/07\/Certificados-de-calidad-AENOR-y-EFR_2020-1.png\u00a0\u00bb alt=\u00a0\u00bbCertificados de calidad de gesti\u00f3n ambiental y seguridad y salud laboral\u00a0\u00bb title_text=\u00a0\u00bbCertificados-de-calidad-AENOR-y-EFR_2020-1&Prime; url=\u00a0\u00bbhttps:\/\/www.puertosdetenerife.org\/wp-content\/uploads\/2020\/09\/AENORCERTESPING_2020.pdf\u00a0\u00bb url_new_window=\u00a0\u00bbon\u00a0\u00bb _builder_version=\u00a0\u00bb4.6.1&Prime;][\/et_pb_image][\/et_pb_column][\/et_pb_row][et_pb_row column_structure=\u00a0\u00bb1_2,1_2&Prime; _builder_version=\u00a0\u00bb4.3.2&Prime;][et_pb_column type=\u00a0\u00bb1_2&Prime; _builder_version=\u00a0\u00bb4.3.2&Prime;][et_pb_image src=\u00a0\u00bbhttps:\/\/www.puertosdetenerife.org\/wp-content\/uploads\/2020\/02\/Logo-Ministerio-de-Fomento.png\u00a0\u00bb url=\u00a0\u00bbhttps:\/\/www.mitma.gob.es\/\u00a0\u00bb url_new_window=\u00a0\u00bbon\u00a0\u00bb _builder_version=\u00a0\u00bb4.6.1&Prime; custom_margin=\u00a0\u00bb|50px||50px|false|false\u00a0\u00bb custom_margin_tablet=\u00a0\u00bb\u00a0\u00bb custom_margin_phone=\u00a0\u00bb|0px||0px|false|false\u00a0\u00bb custom_margin_last_edited=\u00a0\u00bbon|phone\u00a0\u00bb][\/et_pb_image][\/et_pb_column][et_pb_column type=\u00a0\u00bb1_2&Prime; _builder_version=\u00a0\u00bb4.3.2&Prime;][et_pb_image src=\u00a0\u00bbhttps:\/\/www.puertosdetenerife.org\/wp-content\/uploads\/2020\/02\/Logo-Puertos-del-Estado.png\u00a0\u00bb url=\u00a0\u00bbhttp:\/\/www.puertos.es\/en-us\u00a0\u00bb url_new_window=\u00a0\u00bbon\u00a0\u00bb _builder_version=\u00a0\u00bb4.6.1&Prime; custom_margin=\u00a0\u00bb|50px||50px|false|false\u00a0\u00bb custom_margin_tablet=\u00a0\u00bb\u00a0\u00bb custom_margin_phone=\u00a0\u00bb|0px||0px|false|false\u00a0\u00bb custom_margin_last_edited=\u00a0\u00bbon|phone\u00a0\u00bb][\/et_pb_image][\/et_pb_column][\/et_pb_row][et_pb_row use_custom_gutter=\u00a0\u00bbon\u00a0\u00bb gutter_width=\u00a0\u00bb1&Prime; admin_label=\u00a0\u00bbMozart &#8211; Home\u00a0\u00bb _builder_version=\u00a0\u00bb3.25&Prime; max_width=\u00a0\u00bb1175px\u00a0\u00bb custom_padding=\u00a0\u00bb22px||18px|\u00a0\u00bb use_custom_width=\u00a0\u00bbon\u00a0\u00bb custom_width_px=\u00a0\u00bb1175px\u00a0\u00bb][et_pb_column type=\u00a0\u00bb4_4&Prime; _builder_version=\u00a0\u00bb3.25&Prime; background_position=\u00a0\u00bbtop_left\u00a0\u00bb custom_padding=\u00a0\u00bb|||\u00a0\u00bb custom_padding__hover=\u00a0\u00bb|||\u00a0\u00bb][et_pb_text admin_label=\u00a0\u00bbCopyright Website 2018 | Privacy Policy | Disclaimer | Site Map\u00a0\u00bb _builder_version=\u00a0\u00bb4.7.1&Prime; text_font=\u00a0\u00bb||||||||\u00a0\u00bb text_text_color=\u00a0\u00bb#081C59&Prime; text_letter_spacing=\u00a0\u00bb0.1px\u00a0\u00bb text_line_height=\u00a0\u00bb1.5em\u00a0\u00bb module_alignment=\u00a0\u00bbcenter\u00a0\u00bb custom_padding=\u00a0\u00bb|||4px\u00a0\u00bb]<\/p>\n<p style=\"text-align: left;\"><a href=\"\/fr\/politique-de-confidentialite\/\">Politique de confidentialit\u00e9<\/a> \u00a0| \u00a0<a href=\"\/fr\/mentions-legales\/\">Mentions l\u00e9gales<\/a><\/p>\n<p>[\/et_pb_text][\/et_pb_column][\/et_pb_row][\/et_pb_section]<\/p>\n<div class=\"shariff shariff-align-flex-start shariff-widget-align-flex-start\"><div class=\"ShariffHeadline\">Comparte!<\/div><ul class=\"shariff-buttons theme-round orientation-horizontal buttonsize-medium\"><li class=\"shariff-button facebook\" style=\"background-color:#056E6D;border-radius:1%\"><a href=\"https:\/\/www.facebook.com\/sharer\/sharer.php?u=https%3A%2F%2Fpre.puertosdetenerife.org%2Ffr%2Fcentre-de-coordination-de-services%2F\" title=\"Envoyer par Facebook\" aria-label=\"Envoyer par Facebook\" role=\"button\" rel=\"nofollow\" class=\"shariff-link\" style=\";border-radius:1%; background-color:#081C59; color:#fff\" target=\"_blank\"><span class=\"shariff-icon\" style=\"\"><svg width=\"32px\" height=\"20px\" xmlns=\"http:\/\/www.w3.org\/2000\/svg\" viewBox=\"0 0 18 32\"><path fill=\"#3b5998\" d=\"M17.1 0.2v4.7h-2.8q-1.5 0-2.1 0.6t-0.5 1.9v3.4h5.2l-0.7 5.3h-4.5v13.6h-5.5v-13.6h-4.5v-5.3h4.5v-3.9q0-3.3 1.9-5.2t5-1.8q2.6 0 4.1 0.2z\"\/><\/svg><\/span><\/a><\/li><li class=\"shariff-button twitter\" style=\"background-color:#056E6D;border-radius:1%\"><a href=\"https:\/\/twitter.com\/share?url=https%3A%2F%2Fpre.puertosdetenerife.org%2Ffr%2Fcentre-de-coordination-de-services%2F&text=Centre%20de%20coordination%20de%20services\" title=\"Envoyer par X\" aria-label=\"Envoyer par X\" role=\"button\" rel=\"noopener nofollow\" class=\"shariff-link\" style=\";border-radius:1%; background-color:#081C59; color:#fff\" target=\"_blank\"><span class=\"shariff-icon\" style=\"\"><svg width=\"32px\" height=\"20px\" xmlns=\"http:\/\/www.w3.org\/2000\/svg\" viewBox=\"0 0 24 24\"><path fill=\"#000\" d=\"M14.258 10.152L23.176 0h-2.113l-7.747 8.813L7.133 0H0l9.352 13.328L0 23.973h2.113l8.176-9.309 6.531 9.309h7.133zm-2.895 3.293l-.949-1.328L2.875 1.56h3.246l6.086 8.523.945 1.328 7.91 11.078h-3.246zm0 0\"\/><\/svg><\/span><\/a><\/li><li class=\"shariff-button linkedin\" style=\"background-color:#056E6D;border-radius:1%\"><a href=\"https:\/\/www.linkedin.com\/sharing\/share-offsite\/?url=https%3A%2F%2Fpre.puertosdetenerife.org%2Ffr%2Fcentre-de-coordination-de-services%2F\" title=\"Envoyer par LinkedIn\" aria-label=\"Envoyer par LinkedIn\" role=\"button\" rel=\"noopener nofollow\" class=\"shariff-link\" style=\";border-radius:1%; background-color:#081C59; color:#fff\" target=\"_blank\"><span class=\"shariff-icon\" style=\"\"><svg width=\"32px\" height=\"20px\" xmlns=\"http:\/\/www.w3.org\/2000\/svg\" viewBox=\"0 0 27 32\"><path fill=\"#0077b5\" d=\"M6.2 11.2v17.7h-5.9v-17.7h5.9zM6.6 5.7q0 1.3-0.9 2.2t-2.4 0.9h0q-1.5 0-2.4-0.9t-0.9-2.2 0.9-2.2 2.4-0.9 2.4 0.9 0.9 2.2zM27.4 18.7v10.1h-5.9v-9.5q0-1.9-0.7-2.9t-2.3-1.1q-1.1 0-1.9 0.6t-1.2 1.5q-0.2 0.5-0.2 1.4v9.9h-5.9q0-7.1 0-11.6t0-5.3l0-0.9h5.9v2.6h0q0.4-0.6 0.7-1t1-0.9 1.6-0.8 2-0.3q3 0 4.9 2t1.9 6z\"\/><\/svg><\/span><\/a><\/li><li class=\"shariff-button whatsapp\" style=\"background-color:#056E6D;border-radius:1%\"><a href=\"https:\/\/api.whatsapp.com\/send?text=https%3A%2F%2Fpre.puertosdetenerife.org%2Ffr%2Fcentre-de-coordination-de-services%2F%20Centre%20de%20coordination%20de%20services\" title=\"Envoyer par Whatsapp\" aria-label=\"Envoyer par Whatsapp\" role=\"button\" rel=\"noopener nofollow\" class=\"shariff-link\" style=\";border-radius:1%; background-color:#081C59; color:#fff\" target=\"_blank\"><span class=\"shariff-icon\" style=\"\"><svg width=\"32px\" height=\"20px\" xmlns=\"http:\/\/www.w3.org\/2000\/svg\" viewBox=\"0 0 32 32\"><path fill=\"#34af23\" d=\"M17.6 17.4q0.2 0 1.7 0.8t1.6 0.9q0 0.1 0 0.3 0 0.6-0.3 1.4-0.3 0.7-1.3 1.2t-1.8 0.5q-1 0-3.4-1.1-1.7-0.8-3-2.1t-2.6-3.3q-1.3-1.9-1.3-3.5v-0.1q0.1-1.6 1.3-2.8 0.4-0.4 0.9-0.4 0.1 0 0.3 0t0.3 0q0.3 0 0.5 0.1t0.3 0.5q0.1 0.4 0.6 1.6t0.4 1.3q0 0.4-0.6 1t-0.6 0.8q0 0.1 0.1 0.3 0.6 1.3 1.8 2.4 1 0.9 2.7 1.8 0.2 0.1 0.4 0.1 0.3 0 1-0.9t0.9-0.9zM14 26.9q2.3 0 4.3-0.9t3.6-2.4 2.4-3.6 0.9-4.3-0.9-4.3-2.4-3.6-3.6-2.4-4.3-0.9-4.3 0.9-3.6 2.4-2.4 3.6-0.9 4.3q0 3.6 2.1 6.6l-1.4 4.2 4.3-1.4q2.8 1.9 6.2 1.9zM14 2.2q2.7 0 5.2 1.1t4.3 2.9 2.9 4.3 1.1 5.2-1.1 5.2-2.9 4.3-4.3 2.9-5.2 1.1q-3.5 0-6.5-1.7l-7.4 2.4 2.4-7.2q-1.9-3.2-1.9-6.9 0-2.7 1.1-5.2t2.9-4.3 4.3-2.9 5.2-1.1z\"\/><\/svg><\/span><\/a><\/li><li class=\"shariff-button mailto\" style=\"background-color:#056E6D;border-radius:1%\"><a href=\"mailto:?body=https%3A%2F%2Fpre.puertosdetenerife.org%2Ffr%2Fcentre-de-coordination-de-services%2F&subject=Centre%20de%20coordination%20de%20services\" title=\"Envoyer par courriel\" aria-label=\"Envoyer par courriel\" role=\"button\" rel=\"noopener nofollow\" class=\"shariff-link\" style=\";border-radius:1%; background-color:#081C59; color:#fff\"><span class=\"shariff-icon\" style=\"\"><svg width=\"32px\" height=\"20px\" xmlns=\"http:\/\/www.w3.org\/2000\/svg\" viewBox=\"0 0 32 32\"><path fill=\"#999\" d=\"M32 12.7v14.2q0 1.2-0.8 2t-2 0.9h-26.3q-1.2 0-2-0.9t-0.8-2v-14.2q0.8 0.9 1.8 1.6 6.5 4.4 8.9 6.1 1 0.8 1.6 1.2t1.7 0.9 2 0.4h0.1q0.9 0 2-0.4t1.7-0.9 1.6-1.2q3-2.2 8.9-6.1 1-0.7 1.8-1.6zM32 7.4q0 1.4-0.9 2.7t-2.2 2.2q-6.7 4.7-8.4 5.8-0.2 0.1-0.7 0.5t-1 0.7-0.9 0.6-1.1 0.5-0.9 0.2h-0.1q-0.4 0-0.9-0.2t-1.1-0.5-0.9-0.6-1-0.7-0.7-0.5q-1.6-1.1-4.7-3.2t-3.6-2.6q-1.1-0.7-2.1-2t-1-2.5q0-1.4 0.7-2.3t2.1-0.9h26.3q1.2 0 2 0.8t0.9 2z\"\/><\/svg><\/span><\/a><\/li><\/ul><\/div>","protected":false},"excerpt":{"rendered":"<p>Centre de coordination de servicesLe Centre de coordination de services est un centre pionnier depuis lequel le trafic maritime du port de Santa Cruz est contr\u00f4l\u00e9 et qui informe en temps r\u00e9el \u00e0 chacun de ses d\u00e9partements. Son emplacement permet d\u2019avoir une vue sur le quai \u00e0 la port\u00e9e de quelques privil\u00e9gi\u00e9s. Situ\u00e9 au huiti\u00e8me [&hellip;]<\/p>\n","protected":false},"author":1,"featured_media":0,"parent":0,"menu_order":0,"comment_status":"closed","ping_status":"closed","template":"","meta":{"_et_pb_use_builder":"on","_et_pb_old_content":"","_et_gb_content_width":"","footnotes":""},"coauthors":[103],"class_list":["post-225992","page","type-page","status-publish","hentry"],"_links":{"self":[{"href":"https:\/\/pre.puertosdetenerife.org\/fr\/wp-json\/wp\/v2\/pages\/225992","targetHints":{"allow":["GET"]}}],"collection":[{"href":"https:\/\/pre.puertosdetenerife.org\/fr\/wp-json\/wp\/v2\/pages"}],"about":[{"href":"https:\/\/pre.puertosdetenerife.org\/fr\/wp-json\/wp\/v2\/types\/page"}],"author":[{"embeddable":true,"href":"https:\/\/pre.puertosdetenerife.org\/fr\/wp-json\/wp\/v2\/users\/1"}],"replies":[{"embeddable":true,"href":"https:\/\/pre.puertosdetenerife.org\/fr\/wp-json\/wp\/v2\/comments?post=225992"}],"version-history":[{"count":6,"href":"https:\/\/pre.puertosdetenerife.org\/fr\/wp-json\/wp\/v2\/pages\/225992\/revisions"}],"predecessor-version":[{"id":227159,"href":"https:\/\/pre.puertosdetenerife.org\/fr\/wp-json\/wp\/v2\/pages\/225992\/revisions\/227159"}],"wp:attachment":[{"href":"https:\/\/pre.puertosdetenerife.org\/fr\/wp-json\/wp\/v2\/media?parent=225992"}],"wp:term":[{"taxonomy":"author","embeddable":true,"href":"https:\/\/pre.puertosdetenerife.org\/fr\/wp-json\/wp\/v2\/coauthors?post=225992"}],"curies":[{"name":"wp","href":"https:\/\/api.w.org\/{rel}","templated":true}]}}