{"id":226203,"date":"2019-09-17T17:43:43","date_gmt":"2019-09-17T15:43:43","guid":{"rendered":"https:\/\/www.puertosdetenerife.org\/marina-la-palma\/"},"modified":"2021-01-20T10:45:40","modified_gmt":"2021-01-20T10:45:40","slug":"marina-la-palma","status":"publish","type":"page","link":"https:\/\/pre.puertosdetenerife.org\/fr\/marinas\/marina-la-palma\/","title":{"rendered":"Marina La Palma"},"content":{"rendered":"<p>[et_pb_section fb_built=\u00a0\u00bb1&Prime; custom_padding_last_edited=\u00a0\u00bbon|desktop\u00a0\u00bb admin_label=\u00a0\u00bbMozart &#8211; Home &#8211; BG 1900&#215;923 Pixels\u00a0\u00bb module_class=\u00a0\u00bbmozart_consult_header\u00a0\u00bb _builder_version=\u00a0\u00bb3.29.3&Prime; background_enable_color=\u00a0\u00bboff\u00a0\u00bb background_image=\u00a0\u00bbhttps:\/\/www.puertosdetenerife.org\/wp-content\/uploads\/2019\/09\/Marina-de-La-Palma.png\u00a0\u00bb background_enable_video_mp4=\u00a0\u00bboff\u00a0\u00bb background_enable_video_webm=\u00a0\u00bboff\u00a0\u00bb custom_margin=\u00a0\u00bb|||\u00a0\u00bb custom_padding=\u00a0\u00bb0vw||3.5vw|||\u00a0\u00bb custom_padding_tablet=\u00a0\u00bb50px||50px|\u00a0\u00bb custom_padding_phone=\u00a0\u00bb\u00a0\u00bb custom_css_before=\u00a0\u00bb    content: %22%22;||    display: block;||    position: absolute;||    top: 0;||    left: 0;||    width: 100%;||    height: 100%;||    background-color: #081C59!important;||    opacity: 0.6;\u00a0\u00bb][et_pb_row use_custom_gutter=\u00a0\u00bbon\u00a0\u00bb gutter_width=\u00a0\u00bb1&Prime; make_equal=\u00a0\u00bbon\u00a0\u00bb custom_padding_last_edited=\u00a0\u00bbon|desktop\u00a0\u00bb admin_label=\u00a0\u00bbMozart &#8211; Home\u00a0\u00bb _builder_version=\u00a0\u00bb3.28&Prime; background_image=\u00a0\u00bbhttps:\/\/www.puertosdetenerife.org\/wp-content\/uploads\/2023\/07\/Logo_White-AUTORIDAD-PORTUARIA-2.png\u00a0\u00bb width=\u00a0\u00bb25%\u00a0\u00bb custom_margin=\u00a0\u00bb||||false|false\u00a0\u00bb custom_padding=\u00a0\u00bb200px|0px|2.5vw|0px||\u00a0\u00bb custom_padding_tablet=\u00a0\u00bb128px|0px||0px|false|false\u00a0\u00bb custom_padding_phone=\u00a0\u00bb70px||||false|false\u00a0\u00bb][et_pb_column type=\u00a0\u00bb4_4&Prime; _builder_version=\u00a0\u00bb3.25&Prime; custom_padding=\u00a0\u00bb|||\u00a0\u00bb custom_padding__hover=\u00a0\u00bb|||\u00a0\u00bb][\/et_pb_column][\/et_pb_row][et_pb_row _builder_version=\u00a0\u00bb3.28&Prime; custom_padding=\u00a0\u00bb10px|10px|10px|10px|false|false\u00a0\u00bb][et_pb_column type=\u00a0\u00bb4_4&Prime; _builder_version=\u00a0\u00bb3.28&Prime;][et_pb_text module_class=\u00a0\u00bbheader-title-1&Prime; _builder_version=\u00a0\u00bb3.29.3&Prime; text_font=\u00a0\u00bb|700|||||||\u00a0\u00bb text_text_color=\u00a0\u00bb#ffffff\u00a0\u00bb text_font_size=\u00a0\u00bb60px\u00a0\u00bb header_text_color=\u00a0\u00bb#ffffff\u00a0\u00bb]<\/p>\n<h1 style=\"text-align: center;\">Marina La Palma<\/h1>\n<p>[\/et_pb_text][\/et_pb_column][\/et_pb_row][\/et_pb_section][et_pb_section fb_built=\u00a0\u00bb1&Prime; specialty=\u00a0\u00bbon\u00a0\u00bb _builder_version=\u00a0\u00bb4.3.2&Prime;][et_pb_column type=\u00a0\u00bb1_4&Prime; _builder_version=\u00a0\u00bb3.25&Prime; custom_padding=\u00a0\u00bb|||\u00a0\u00bb custom_padding__hover=\u00a0\u00bb|||\u00a0\u00bb][et_pb_sidebar area=\u00a0\u00bbet_pb_widget_area_1&Prime; _builder_version=\u00a0\u00bb3.29.3&Prime;][\/et_pb_sidebar][\/et_pb_column][et_pb_column type=\u00a0\u00bb3_4&Prime; specialty_columns=\u00a0\u00bb3&Prime; _builder_version=\u00a0\u00bb3.25&Prime; custom_padding=\u00a0\u00bb|||\u00a0\u00bb custom_padding__hover=\u00a0\u00bb|||\u00a0\u00bb][et_pb_row_inner _builder_version=\u00a0\u00bb4.3.2&Prime;][et_pb_column_inner saved_specialty_column_type=\u00a0\u00bb3_4&Prime; _builder_version=\u00a0\u00bb4.3.2&Prime;][et_pb_text _builder_version=\u00a0\u00bb4.6.6&Prime;]Situ\u00e9e dans la partie nord du port de Santa Cruz de la Palma, \u00e0 c\u00f4t\u00e9 des installations du Real Club N\u00e1utico. Cette marina na\u00eet \u00e0 partir des travaux de r\u00e9am\u00e9nagement et d\u2019extension du port. Elle est g\u00e9r\u00e9e par l\u2019UTE, compos\u00e9e du Real Club N\u00e1utico et de l\u2019entreprise Puerto Calero. Cette marina poss\u00e8de 180 pontons pour accueillir des embarcations de petite taille et elle propose tous les services n\u00e9cessaires pour pouvoir servir leurs clients. En 2020, le b\u00e2timent de services avec bureaux a \u00e9t\u00e9 inaugur\u00e9, un petit centre commercial, des restaurants et tout ce qui concerne le sport nautique. Le personnel de la marina La Palma fournit ses services de port de plaisance, maintenance et surveillance 24h sur 24. Ses visiteurs ont acc\u00e8s \u00e0 des points d\u2019eau et d\u2019\u00e9lectricit\u00e9 individuels, des toilettes, des douches priv\u00e9es et au r\u00e9seau wifi, entre autres services qui rendent un s\u00e9jour agr\u00e9able \u00e0 Santa Cruz de La Palma.[\/et_pb_text][et_pb_code _builder_version=\u00a0\u00bb4.3.2&Prime;]<iframe loading=\"lazy\" src=\"https:\/\/www.google.com\/maps\/d\/embed?mid=16pgWM68wA5HWkrLRl5VSmHjw3AqTrd3k\" width=\"1200\" height=\"480\"><\/iframe>[\/et_pb_code][et_pb_text _builder_version=\u00a0\u00bb4.6.6&Prime;]<\/p>\n<p><strong>LOCALISATION ET ADRESSE MARINA<\/strong><\/p>\n<table class=\"responsivet\">\n<tbody>\n<tr>\n<td>LOCALISATION G\u00c9OGRAPHIQUE LAT.<\/td>\n<td>LAT. 28\u00ba 40\u00b45\u00b4\u00b4 N\u00a0\u00a0\u00a0\u00a0 LONG. 17\u00ba 45\u00b4 8\u00b4\u00b4 W<\/td>\n<\/tr>\n<tr>\n<td>ADRESSE<\/td>\n<td width=\"262\">D\u00e1rsena de embarcaciones menores. Puerto de Santa Cruz de La Palma. 38700 Santa Cruz de La Palma.<\/td>\n<\/tr>\n<tr>\n<td>T\u00c9L\u00c9PHONE<\/td>\n<td>34922410289<\/td>\n<\/tr>\n<tr>\n<td>FAX<\/td>\n<td>34922415973<\/td>\n<\/tr>\n<tr>\n<td>E-MAIL<\/td>\n<td><a href=\"mailto:info@marinalapalma.es\">info@marinalapalma.es<\/a><\/td>\n<\/tr>\n<tr>\n<td>SITE WEB<\/td>\n<td><a href=\"http:\/\/www.marinalapalma.es\/\">www.marinalapalma.es<\/a><\/td>\n<\/tr>\n<\/tbody>\n<\/table>\n<p><strong>CARACT\u00c9RISTIQUES DE MARINA LA PALMA<\/strong><\/p>\n<table class=\"responsivet\">\n<tbody>\n<tr>\n<td>CANAL RADIO<\/td>\n<td>09\u00a0VHF<\/td>\n<td>ESLORA M\u00c1XIMA<\/td>\n<td>20 M.<\/td>\n<\/tr>\n<tr>\n<td>NOMBRE D\u2019AMARRAGES SUR PONTON<\/td>\n<td>180<\/td>\n<td>ACCOSTAGE POUR LES ESCALES<\/td>\n<td>140<\/td>\n<\/tr>\n<tr>\n<td>ATRAQUES PARA FONDEAR<\/td>\n<td>0<\/td>\n<td>CALADO M\u00cdNIMO<\/td>\n<td>6 M.<\/td>\n<\/tr>\n<tr>\n<td>TIRANT D\u2019EAU MAXIMUM<\/td>\n<td>10 M.<\/td>\n<td>\u00c9LECTRICIT\u00c9<\/td>\n<td>OUI<\/td>\n<\/tr>\n<tr>\n<td>EAU<\/td>\n<td>OUI<\/td>\n<td>SURVEILLANCE<\/td>\n<td>OUI<\/td>\n<\/tr>\n<tr>\n<td>COMBUSTIBLE<\/td>\n<td>OUI<\/td>\n<td>TRAVEL LIFT<\/td>\n<td>OUI<\/td>\n<\/tr>\n<tr>\n<td>CALE S\u00c8CHE<\/td>\n<td>NON<\/td>\n<td>COLLECTE DES ORDURES<\/td>\n<td>OUI<\/td>\n<\/tr>\n<tr>\n<td>COLLECTE DES HUILES USAG\u00c9ES<\/td>\n<td>OUI<\/td>\n<td>TOILETTES<\/td>\n<td>OUI<\/td>\n<\/tr>\n<tr>\n<td>DOUCHES<\/td>\n<td>OUI<\/td>\n<td>LAVERIE<\/td>\n<td>OUI<\/td>\n<\/tr>\n<tr>\n<td>WI-FI<\/td>\n<td>OUI<\/td>\n<td>RENT A CAR<\/td>\n<td>OUI<\/td>\n<\/tr>\n<\/tbody>\n<\/table>\n<p><strong>DISTANCE EN MILLES NAUTIQUES DES LIEUX D\u2019INT\u00c9R\u00caT<\/strong><\/p>\n<p><strong><\/strong><\/p>\n<table class=\"responsivet\">\n<tbody>\n<tr>\n<td>CENTRE-VILLE<\/td>\n<td>100 METR\u00c9S<\/td>\n<\/tr>\n<tr>\n<td>A\u00c9ROPORT<\/td>\n<td>4 KILOMETR\u00c9S<\/td>\n<\/tr>\n<tr>\n<td>GARE ROUTI\u00c8RE<\/td>\n<td>50 METR\u00c9S<\/td>\n<\/tr>\n<tr>\n<td>BANQUES<\/td>\n<td>100 METR\u00c9S<\/td>\n<\/tr>\n<tr>\n<td>H\u00d4TELS<\/td>\n<td>300 METR\u00c9S<\/td>\n<\/tr>\n<tr>\n<td>SUPERMARCH\u00c9S<\/td>\n<td>100 METR\u00c9S<\/td>\n<\/tr>\n<tr>\n<td>TAXI<\/td>\n<td>50 METR\u00c9S<\/td>\n<\/tr>\n<tr>\n<td>LA POSTE<\/td>\n<td>50 METR\u00c9S<\/td>\n<\/tr>\n<tr>\n<td>BARS<\/td>\n<td>100 METR\u00c9S<\/td>\n<\/tr>\n<tr>\n<td>OBSERVATOIRE ROQUE DE LOS MUCHACHOS<\/td>\n<td>35 KILOMETR\u00c9S<\/td>\n<\/tr>\n<tr>\n<td>ROUTE DES VOLCANS<\/td>\n<td>20 KILOMETR\u00c9S<\/td>\n<\/tr>\n<tr>\n<td>PORT DE PLAISANCE COL\u00d3N (TENERIFE)<\/td>\n<td>70 MILLES NAUTIQUES<\/td>\n<\/tr>\n<tr>\n<td>PORT DE LA RESTINGA (EL HIERRO)<\/td>\n<td>50 MILLES NAUTIQUES<\/td>\n<\/tr>\n<tr>\n<td>VILLAGE MARINA (GIBRALTAR)<\/td>\n<td>770 MILLES NAUTIQUES<\/td>\n<\/tr>\n<tr>\n<td>PORT DE MOGAN (GRAN CANARIA)<\/td>\n<td>125 MILLES NAUTIQUES<\/td>\n<\/tr>\n<tr>\n<td>PORT DE PLAISANCE EL CASTILLO (FUERTEVENTURA)<\/td>\n<td>240 MILLES NAUTIQUES<\/td>\n<\/tr>\n<tr>\n<td>PORT DE TAZACORTE (LA PALMA)<\/td>\n<td>30 MILLES NAUTIQUES<\/td>\n<\/tr>\n<tr>\n<td>MARINA PORT VELL (BARCELONA)<\/td>\n<td>1,280 MILLES NAUTIQUES<\/td>\n<\/tr>\n<tr>\n<td>MARINA DE LAGOS (PORTUGAL)<\/td>\n<td>680 MILLES NAUTIQUES<\/td>\n<\/tr>\n<\/tbody>\n<\/table>\n<p>[\/et_pb_text][\/et_pb_column_inner][\/et_pb_row_inner][\/et_pb_column][\/et_pb_section][et_pb_section fb_built=\u00a0\u00bb1&Prime; _builder_version=\u00a0\u00bb3.29.3&Prime; background_color=\u00a0\u00bb#081C59&Prime; height=\u00a0\u00bb50px\u00a0\u00bb custom_margin=\u00a0\u00bb0px|0px|0px|0px|false|false\u00a0\u00bb custom_padding=\u00a0\u00bb0px|0px|0px|0px|false|false\u00a0\u00bb][\/et_pb_section][et_pb_section fb_built=\u00a0\u00bb1&Prime; custom_padding_last_edited=\u00a0\u00bbon|tablet\u00a0\u00bb admin_label=\u00a0\u00bbFooter general 1.1&Prime; module_class=\u00a0\u00bbmozart_consult_testimonials\u00a0\u00bb _builder_version=\u00a0\u00bb4.4.8&Prime; background_color=\u00a0\u00bb#ffffff\u00a0\u00bb background_enable_color=\u00a0\u00bboff\u00a0\u00bb background_image=\u00a0\u00bbhttps:\/\/www.puertosdetenerife.org\/wp-content\/uploads\/2019\/09\/half-boat-blue-transparent50-104&#215;300.png\u00a0\u00bb background_enable_image=\u00a0\u00bboff\u00a0\u00bb background_size=\u00a0\u00bbcontain\u00a0\u00bb background_position=\u00a0\u00bbcenter_right\u00a0\u00bb custom_margin=\u00a0\u00bb50px||||false|false\u00a0\u00bb custom_padding=\u00a0\u00bb0.3%||0%|||\u00a0\u00bb custom_padding_tablet=\u00a0\u00bb50px||50px|\u00a0\u00bb custom_padding_phone=\u00a0\u00bb\u00a0\u00bb custom_css_main_element=\u00a0\u00bb overflow: hidden;||||\u00a0\u00bb global_module=\u00a0\u00bb227114&Prime; saved_tabs=\u00a0\u00bball\u00a0\u00bb collapsed=\u00a0\u00bbon\u00a0\u00bb][et_pb_row custom_padding_last_edited=\u00a0\u00bbon|tablet\u00a0\u00bb admin_label=\u00a0\u00bbMozart &#8211; Home\u00a0\u00bb _builder_version=\u00a0\u00bb3.25&Prime; background_size=\u00a0\u00bbinitial\u00a0\u00bb background_position=\u00a0\u00bbtop_left\u00a0\u00bb background_repeat=\u00a0\u00bbrepeat\u00a0\u00bb custom_padding=\u00a0\u00bb3px|0px|3px|0px||\u00a0\u00bb custom_padding_tablet=\u00a0\u00bb0px|0px|0px|0px\u00a0\u00bb custom_padding_phone=\u00a0\u00bb\u00a0\u00bb][et_pb_column type=\u00a0\u00bb4_4&Prime; _builder_version=\u00a0\u00bb3.25&Prime; custom_padding=\u00a0\u00bb|||\u00a0\u00bb custom_padding__hover=\u00a0\u00bb|||\u00a0\u00bb][et_pb_image src=\u00a0\u00bbhttps:\/\/www.puertosdetenerife.org\/wp-content\/uploads\/2019\/09\/Saparador-Puertos-e1568731759160.png\u00a0\u00bb align_tablet=\u00a0\u00bbcenter\u00a0\u00bb align_phone=\u00a0\u00bb\u00a0\u00bb align_last_edited=\u00a0\u00bbon|desktop\u00a0\u00bb admin_label=\u00a0\u00bbImage 1170 x 51 pixels\u00a0\u00bb _builder_version=\u00a0\u00bb3.28&Prime; transform_scale=\u00a0\u00bb50%|50%\u00a0\u00bb filter_opacity=\u00a0\u00bb50%\u00a0\u00bb][\/et_pb_image][\/et_pb_column][\/et_pb_row][et_pb_row _builder_version=\u00a0\u00bb4.4.8&Prime;][et_pb_column type=\u00a0\u00bb4_4&Prime; _builder_version=\u00a0\u00bb4.3.2&Prime;][et_pb_text _builder_version=\u00a0\u00bb4.6.6&Prime;]<\/p>\n<h2>Informations g\u00e9n\u00e9rales<\/h2>\n<p>[\/et_pb_text][\/et_pb_column][\/et_pb_row][et_pb_row column_structure=\u00a0\u00bb1_4,1_4,1_4,1_4&Prime; _builder_version=\u00a0\u00bb4.3.2&Prime;][et_pb_column type=\u00a0\u00bb1_4&Prime; _builder_version=\u00a0\u00bb4.3.2&Prime;][et_pb_text _builder_version=\u00a0\u00bb4.7.1&Prime; custom_css_main_element=\u00a0\u00bbfont-weight: normal !important;\u00a0\u00bb]<\/p>\n<p style=\"text-align: left;\"><a href=\"\/fr\/legislation-et-reglementation\/\">L\u00e9gislation et r\u00e9glementation<\/a><br \/> <a href=\"\/fr\/environnement\/\">Environnement <\/a><br \/> <a href=\"\/fr\/facture-electronique-face\/\">\u00c9conomie et Finances<\/a><br \/> <a href=\"\/fr\/personnes-et-organisation\/\">Personnes et Organisation<\/a><br \/> <a href=\"\/fr\/protection-et-securite\/\">Protection et S\u00e9curit\u00e9<\/a><br \/> <a href=\"\/fr\/statistiques\/\">Statistiques<\/a><br \/> <a href=\"\/fr\/securite-industrielle\/\">S\u00e9curit\u00e9 industrielle<\/a><\/p>\n<p>[\/et_pb_text][\/et_pb_column][et_pb_column type=\u00a0\u00bb1_4&Prime; _builder_version=\u00a0\u00bb4.3.2&Prime;][et_pb_text _builder_version=\u00a0\u00bb4.7.1&Prime;]<\/p>\n<p><a href=\"\/fr\/rapports-annuels\/\">Rapports annuels<\/a><br \/> <a href=\"\/fr\/centre-de-commercialisation-des-produits-de-la-peche\/\">Centre de commercialisation des produits de la p\u00eache<\/a><br \/> <a href=\"\/fr\/signalisation-maritime\/\">Signalisation maritime <\/a><a href=\"\/centro-de-comercializacion-pesquera\/\"><br \/> <\/a><a href=\"\/fr\/climat-maritime\/\">Climat maritime<\/a><a href=\"\/centro-de-comercializacion-pesquera\/\"><br \/> <\/a><a href=\"\/fr\/taxes-et-tarifs\/\">Taxes et tarifs<\/a><a href=\"\/centro-de-comercializacion-pesquera\/\"><br \/> <\/a><a href=\"https:\/\/canariaszec.com\/\" target=\"_blank\" rel=\"noopener noreferrer\">Zona Especial Canaria<\/a><a href=\"\/centro-de-comercializacion-pesquera\/\"><br \/> <\/a><a href=\"http:\/\/zonafrancatenerife.es\/\" target=\"_blank\" rel=\"noopener noreferrer\">Tenerife Free Zone<\/a><a href=\"\/centro-de-comercializacion-pesquera\/\"><br \/> <\/a><a href=\"https:\/\/www.seappliers.com\/es\/\" target=\"_blank\" rel=\"noopener noreferrer\">Seappliers<\/a><\/p>\n<p>[\/et_pb_text][\/et_pb_column][et_pb_column type=\u00a0\u00bb1_4&Prime; _builder_version=\u00a0\u00bb4.3.2&Prime;][et_pb_text _builder_version=\u00a0\u00bb4.8.1&Prime;]<\/p>\n<p><a href=\"\/fr\/profil-du-contractant\/\">Profil du contractant<\/a><br \/> <a href=\"http:\/\/sede.puertosdetenerife.gob.es\/sede\/\">Si\u00e8ge \u00c9lectronique<\/a><br \/> <a href=\"\/fr\/facture-electronique-face\/\">FACe<\/a><br \/> <a href=\"\/fr\/transport-de-matieres-dangereuses\/\">Transport de mati\u00e8res dangereuses<\/a><br \/> <a href=\"\/fr\/centre-doperations-portuaires\/annonces\/\">Annonces<\/a><\/p>\n<p>[\/et_pb_text][\/et_pb_column][et_pb_column type=\u00a0\u00bb1_4&Prime; _builder_version=\u00a0\u00bb4.3.2&Prime;][et_pb_code _builder_version=\u00a0\u00bb4.3.2&Prime; text_orientation=\u00a0\u00bbleft\u00a0\u00bb]<div class=\"shariff shariff-align-flex-start shariff-widget-align-flex-start\"><div class=\"ShariffHeadline\">Comparte!<\/div><ul class=\"shariff-buttons theme-round orientation-horizontal buttonsize-medium\"><li class=\"shariff-button facebook\" style=\"background-color:#056E6D;border-radius:1%\"><a href=\"https:\/\/www.facebook.com\/sharer\/sharer.php?u=https%3A%2F%2Fpre.puertosdetenerife.org%2Ffr%2Fmarinas%2Fmarina-la-palma%2F\" title=\"Envoyer par Facebook\" aria-label=\"Envoyer par Facebook\" role=\"button\" rel=\"nofollow\" class=\"shariff-link\" style=\";border-radius:1%; background-color:#081C59; color:#fff\" target=\"_blank\"><span class=\"shariff-icon\" style=\"\"><svg width=\"32px\" height=\"20px\" xmlns=\"http:\/\/www.w3.org\/2000\/svg\" viewBox=\"0 0 18 32\"><path fill=\"#3b5998\" d=\"M17.1 0.2v4.7h-2.8q-1.5 0-2.1 0.6t-0.5 1.9v3.4h5.2l-0.7 5.3h-4.5v13.6h-5.5v-13.6h-4.5v-5.3h4.5v-3.9q0-3.3 1.9-5.2t5-1.8q2.6 0 4.1 0.2z\"\/><\/svg><\/span><\/a><\/li><li class=\"shariff-button twitter\" style=\"background-color:#056E6D;border-radius:1%\"><a href=\"https:\/\/twitter.com\/share?url=https%3A%2F%2Fpre.puertosdetenerife.org%2Ffr%2Fmarinas%2Fmarina-la-palma%2F&text=Marina%20La%20Palma\" title=\"Envoyer par X\" aria-label=\"Envoyer par X\" role=\"button\" rel=\"noopener nofollow\" class=\"shariff-link\" style=\";border-radius:1%; background-color:#081C59; color:#fff\" target=\"_blank\"><span class=\"shariff-icon\" style=\"\"><svg width=\"32px\" height=\"20px\" xmlns=\"http:\/\/www.w3.org\/2000\/svg\" viewBox=\"0 0 24 24\"><path fill=\"#000\" d=\"M14.258 10.152L23.176 0h-2.113l-7.747 8.813L7.133 0H0l9.352 13.328L0 23.973h2.113l8.176-9.309 6.531 9.309h7.133zm-2.895 3.293l-.949-1.328L2.875 1.56h3.246l6.086 8.523.945 1.328 7.91 11.078h-3.246zm0 0\"\/><\/svg><\/span><\/a><\/li><li class=\"shariff-button linkedin\" style=\"background-color:#056E6D;border-radius:1%\"><a href=\"https:\/\/www.linkedin.com\/sharing\/share-offsite\/?url=https%3A%2F%2Fpre.puertosdetenerife.org%2Ffr%2Fmarinas%2Fmarina-la-palma%2F\" title=\"Envoyer par LinkedIn\" aria-label=\"Envoyer par LinkedIn\" role=\"button\" rel=\"noopener nofollow\" class=\"shariff-link\" style=\";border-radius:1%; background-color:#081C59; color:#fff\" target=\"_blank\"><span class=\"shariff-icon\" style=\"\"><svg width=\"32px\" height=\"20px\" xmlns=\"http:\/\/www.w3.org\/2000\/svg\" viewBox=\"0 0 27 32\"><path fill=\"#0077b5\" d=\"M6.2 11.2v17.7h-5.9v-17.7h5.9zM6.6 5.7q0 1.3-0.9 2.2t-2.4 0.9h0q-1.5 0-2.4-0.9t-0.9-2.2 0.9-2.2 2.4-0.9 2.4 0.9 0.9 2.2zM27.4 18.7v10.1h-5.9v-9.5q0-1.9-0.7-2.9t-2.3-1.1q-1.1 0-1.9 0.6t-1.2 1.5q-0.2 0.5-0.2 1.4v9.9h-5.9q0-7.1 0-11.6t0-5.3l0-0.9h5.9v2.6h0q0.4-0.6 0.7-1t1-0.9 1.6-0.8 2-0.3q3 0 4.9 2t1.9 6z\"\/><\/svg><\/span><\/a><\/li><li class=\"shariff-button whatsapp\" style=\"background-color:#056E6D;border-radius:1%\"><a href=\"https:\/\/api.whatsapp.com\/send?text=https%3A%2F%2Fpre.puertosdetenerife.org%2Ffr%2Fmarinas%2Fmarina-la-palma%2F%20Marina%20La%20Palma\" title=\"Envoyer par Whatsapp\" aria-label=\"Envoyer par Whatsapp\" role=\"button\" rel=\"noopener nofollow\" class=\"shariff-link\" style=\";border-radius:1%; background-color:#081C59; color:#fff\" target=\"_blank\"><span class=\"shariff-icon\" style=\"\"><svg width=\"32px\" height=\"20px\" xmlns=\"http:\/\/www.w3.org\/2000\/svg\" viewBox=\"0 0 32 32\"><path fill=\"#34af23\" d=\"M17.6 17.4q0.2 0 1.7 0.8t1.6 0.9q0 0.1 0 0.3 0 0.6-0.3 1.4-0.3 0.7-1.3 1.2t-1.8 0.5q-1 0-3.4-1.1-1.7-0.8-3-2.1t-2.6-3.3q-1.3-1.9-1.3-3.5v-0.1q0.1-1.6 1.3-2.8 0.4-0.4 0.9-0.4 0.1 0 0.3 0t0.3 0q0.3 0 0.5 0.1t0.3 0.5q0.1 0.4 0.6 1.6t0.4 1.3q0 0.4-0.6 1t-0.6 0.8q0 0.1 0.1 0.3 0.6 1.3 1.8 2.4 1 0.9 2.7 1.8 0.2 0.1 0.4 0.1 0.3 0 1-0.9t0.9-0.9zM14 26.9q2.3 0 4.3-0.9t3.6-2.4 2.4-3.6 0.9-4.3-0.9-4.3-2.4-3.6-3.6-2.4-4.3-0.9-4.3 0.9-3.6 2.4-2.4 3.6-0.9 4.3q0 3.6 2.1 6.6l-1.4 4.2 4.3-1.4q2.8 1.9 6.2 1.9zM14 2.2q2.7 0 5.2 1.1t4.3 2.9 2.9 4.3 1.1 5.2-1.1 5.2-2.9 4.3-4.3 2.9-5.2 1.1q-3.5 0-6.5-1.7l-7.4 2.4 2.4-7.2q-1.9-3.2-1.9-6.9 0-2.7 1.1-5.2t2.9-4.3 4.3-2.9 5.2-1.1z\"\/><\/svg><\/span><\/a><\/li><li class=\"shariff-button mailto\" style=\"background-color:#056E6D;border-radius:1%\"><a href=\"mailto:?body=https%3A%2F%2Fpre.puertosdetenerife.org%2Ffr%2Fmarinas%2Fmarina-la-palma%2F&subject=Marina%20La%20Palma\" title=\"Envoyer par courriel\" aria-label=\"Envoyer par courriel\" role=\"button\" rel=\"noopener nofollow\" class=\"shariff-link\" style=\";border-radius:1%; background-color:#081C59; color:#fff\"><span class=\"shariff-icon\" style=\"\"><svg width=\"32px\" height=\"20px\" xmlns=\"http:\/\/www.w3.org\/2000\/svg\" viewBox=\"0 0 32 32\"><path fill=\"#999\" d=\"M32 12.7v14.2q0 1.2-0.8 2t-2 0.9h-26.3q-1.2 0-2-0.9t-0.8-2v-14.2q0.8 0.9 1.8 1.6 6.5 4.4 8.9 6.1 1 0.8 1.6 1.2t1.7 0.9 2 0.4h0.1q0.9 0 2-0.4t1.7-0.9 1.6-1.2q3-2.2 8.9-6.1 1-0.7 1.8-1.6zM32 7.4q0 1.4-0.9 2.7t-2.2 2.2q-6.7 4.7-8.4 5.8-0.2 0.1-0.7 0.5t-1 0.7-0.9 0.6-1.1 0.5-0.9 0.2h-0.1q-0.4 0-0.9-0.2t-1.1-0.5-0.9-0.6-1-0.7-0.7-0.5q-1.6-1.1-4.7-3.2t-3.6-2.6q-1.1-0.7-2.1-2t-1-2.5q0-1.4 0.7-2.3t2.1-0.9h26.3q1.2 0 2 0.8t0.9 2z\"\/><\/svg><\/span><\/a><\/li><\/ul><\/div>[\/et_pb_code][et_pb_image src=\u00a0\u00bbhttps:\/\/www.puertosdetenerife.org\/wp-content\/uploads\/2020\/07\/Certificados-de-calidad-AENOR-y-EFR_2020-1.png\u00a0\u00bb alt=\u00a0\u00bbCertificados de calidad de gesti\u00f3n ambiental y seguridad y salud laboral\u00a0\u00bb title_text=\u00a0\u00bbCertificados-de-calidad-AENOR-y-EFR_2020-1&Prime; url=\u00a0\u00bbhttps:\/\/www.puertosdetenerife.org\/wp-content\/uploads\/2020\/09\/AENORCERTESPING_2020.pdf\u00a0\u00bb url_new_window=\u00a0\u00bbon\u00a0\u00bb _builder_version=\u00a0\u00bb4.6.1&Prime;][\/et_pb_image][\/et_pb_column][\/et_pb_row][et_pb_row column_structure=\u00a0\u00bb1_2,1_2&Prime; _builder_version=\u00a0\u00bb4.3.2&Prime;][et_pb_column type=\u00a0\u00bb1_2&Prime; _builder_version=\u00a0\u00bb4.3.2&Prime;][et_pb_image src=\u00a0\u00bbhttps:\/\/www.puertosdetenerife.org\/wp-content\/uploads\/2020\/02\/Logo-Ministerio-de-Fomento.png\u00a0\u00bb url=\u00a0\u00bbhttps:\/\/www.mitma.gob.es\/\u00a0\u00bb url_new_window=\u00a0\u00bbon\u00a0\u00bb _builder_version=\u00a0\u00bb4.6.1&Prime; custom_margin=\u00a0\u00bb|50px||50px|false|false\u00a0\u00bb custom_margin_tablet=\u00a0\u00bb\u00a0\u00bb custom_margin_phone=\u00a0\u00bb|0px||0px|false|false\u00a0\u00bb custom_margin_last_edited=\u00a0\u00bbon|phone\u00a0\u00bb][\/et_pb_image][\/et_pb_column][et_pb_column type=\u00a0\u00bb1_2&Prime; _builder_version=\u00a0\u00bb4.3.2&Prime;][et_pb_image src=\u00a0\u00bbhttps:\/\/www.puertosdetenerife.org\/wp-content\/uploads\/2020\/02\/Logo-Puertos-del-Estado.png\u00a0\u00bb url=\u00a0\u00bbhttp:\/\/www.puertos.es\/en-us\u00a0\u00bb url_new_window=\u00a0\u00bbon\u00a0\u00bb _builder_version=\u00a0\u00bb4.6.1&Prime; custom_margin=\u00a0\u00bb|50px||50px|false|false\u00a0\u00bb custom_margin_tablet=\u00a0\u00bb\u00a0\u00bb custom_margin_phone=\u00a0\u00bb|0px||0px|false|false\u00a0\u00bb custom_margin_last_edited=\u00a0\u00bbon|phone\u00a0\u00bb][\/et_pb_image][\/et_pb_column][\/et_pb_row][et_pb_row use_custom_gutter=\u00a0\u00bbon\u00a0\u00bb gutter_width=\u00a0\u00bb1&Prime; admin_label=\u00a0\u00bbMozart &#8211; Home\u00a0\u00bb _builder_version=\u00a0\u00bb3.25&Prime; max_width=\u00a0\u00bb1175px\u00a0\u00bb custom_padding=\u00a0\u00bb22px||18px|\u00a0\u00bb use_custom_width=\u00a0\u00bbon\u00a0\u00bb custom_width_px=\u00a0\u00bb1175px\u00a0\u00bb][et_pb_column type=\u00a0\u00bb4_4&Prime; _builder_version=\u00a0\u00bb3.25&Prime; background_position=\u00a0\u00bbtop_left\u00a0\u00bb custom_padding=\u00a0\u00bb|||\u00a0\u00bb custom_padding__hover=\u00a0\u00bb|||\u00a0\u00bb][et_pb_text admin_label=\u00a0\u00bbCopyright Website 2018 | Privacy Policy | Disclaimer | Site Map\u00a0\u00bb _builder_version=\u00a0\u00bb4.7.1&Prime; text_font=\u00a0\u00bb||||||||\u00a0\u00bb text_text_color=\u00a0\u00bb#081C59&Prime; text_letter_spacing=\u00a0\u00bb0.1px\u00a0\u00bb text_line_height=\u00a0\u00bb1.5em\u00a0\u00bb module_alignment=\u00a0\u00bbcenter\u00a0\u00bb custom_padding=\u00a0\u00bb|||4px\u00a0\u00bb]<\/p>\n<p style=\"text-align: left;\"><a href=\"\/fr\/politique-de-confidentialite\/\">Politique de confidentialit\u00e9<\/a> \u00a0| \u00a0<a href=\"\/fr\/mentions-legales\/\">Mentions l\u00e9gales<\/a><\/p>\n<p>[\/et_pb_text][\/et_pb_column][\/et_pb_row][\/et_pb_section]<\/p>\n<div class=\"shariff shariff-align-flex-start shariff-widget-align-flex-start\"><div class=\"ShariffHeadline\">Comparte!<\/div><ul class=\"shariff-buttons theme-round orientation-horizontal buttonsize-medium\"><li class=\"shariff-button facebook\" style=\"background-color:#056E6D;border-radius:1%\"><a href=\"https:\/\/www.facebook.com\/sharer\/sharer.php?u=https%3A%2F%2Fpre.puertosdetenerife.org%2Ffr%2Fmarinas%2Fmarina-la-palma%2F\" title=\"Envoyer par Facebook\" aria-label=\"Envoyer par Facebook\" role=\"button\" rel=\"nofollow\" class=\"shariff-link\" style=\";border-radius:1%; background-color:#081C59; color:#fff\" target=\"_blank\"><span class=\"shariff-icon\" style=\"\"><svg width=\"32px\" height=\"20px\" xmlns=\"http:\/\/www.w3.org\/2000\/svg\" viewBox=\"0 0 18 32\"><path fill=\"#3b5998\" d=\"M17.1 0.2v4.7h-2.8q-1.5 0-2.1 0.6t-0.5 1.9v3.4h5.2l-0.7 5.3h-4.5v13.6h-5.5v-13.6h-4.5v-5.3h4.5v-3.9q0-3.3 1.9-5.2t5-1.8q2.6 0 4.1 0.2z\"\/><\/svg><\/span><\/a><\/li><li class=\"shariff-button twitter\" style=\"background-color:#056E6D;border-radius:1%\"><a href=\"https:\/\/twitter.com\/share?url=https%3A%2F%2Fpre.puertosdetenerife.org%2Ffr%2Fmarinas%2Fmarina-la-palma%2F&text=Marina%20La%20Palma\" title=\"Envoyer par X\" aria-label=\"Envoyer par X\" role=\"button\" rel=\"noopener nofollow\" class=\"shariff-link\" style=\";border-radius:1%; background-color:#081C59; color:#fff\" target=\"_blank\"><span class=\"shariff-icon\" style=\"\"><svg width=\"32px\" height=\"20px\" xmlns=\"http:\/\/www.w3.org\/2000\/svg\" viewBox=\"0 0 24 24\"><path fill=\"#000\" d=\"M14.258 10.152L23.176 0h-2.113l-7.747 8.813L7.133 0H0l9.352 13.328L0 23.973h2.113l8.176-9.309 6.531 9.309h7.133zm-2.895 3.293l-.949-1.328L2.875 1.56h3.246l6.086 8.523.945 1.328 7.91 11.078h-3.246zm0 0\"\/><\/svg><\/span><\/a><\/li><li class=\"shariff-button linkedin\" style=\"background-color:#056E6D;border-radius:1%\"><a href=\"https:\/\/www.linkedin.com\/sharing\/share-offsite\/?url=https%3A%2F%2Fpre.puertosdetenerife.org%2Ffr%2Fmarinas%2Fmarina-la-palma%2F\" title=\"Envoyer par LinkedIn\" aria-label=\"Envoyer par LinkedIn\" role=\"button\" rel=\"noopener nofollow\" class=\"shariff-link\" style=\";border-radius:1%; background-color:#081C59; color:#fff\" target=\"_blank\"><span class=\"shariff-icon\" style=\"\"><svg width=\"32px\" height=\"20px\" xmlns=\"http:\/\/www.w3.org\/2000\/svg\" viewBox=\"0 0 27 32\"><path fill=\"#0077b5\" d=\"M6.2 11.2v17.7h-5.9v-17.7h5.9zM6.6 5.7q0 1.3-0.9 2.2t-2.4 0.9h0q-1.5 0-2.4-0.9t-0.9-2.2 0.9-2.2 2.4-0.9 2.4 0.9 0.9 2.2zM27.4 18.7v10.1h-5.9v-9.5q0-1.9-0.7-2.9t-2.3-1.1q-1.1 0-1.9 0.6t-1.2 1.5q-0.2 0.5-0.2 1.4v9.9h-5.9q0-7.1 0-11.6t0-5.3l0-0.9h5.9v2.6h0q0.4-0.6 0.7-1t1-0.9 1.6-0.8 2-0.3q3 0 4.9 2t1.9 6z\"\/><\/svg><\/span><\/a><\/li><li class=\"shariff-button whatsapp\" style=\"background-color:#056E6D;border-radius:1%\"><a href=\"https:\/\/api.whatsapp.com\/send?text=https%3A%2F%2Fpre.puertosdetenerife.org%2Ffr%2Fmarinas%2Fmarina-la-palma%2F%20Marina%20La%20Palma\" title=\"Envoyer par Whatsapp\" aria-label=\"Envoyer par Whatsapp\" role=\"button\" rel=\"noopener nofollow\" class=\"shariff-link\" style=\";border-radius:1%; background-color:#081C59; color:#fff\" target=\"_blank\"><span class=\"shariff-icon\" style=\"\"><svg width=\"32px\" height=\"20px\" xmlns=\"http:\/\/www.w3.org\/2000\/svg\" viewBox=\"0 0 32 32\"><path fill=\"#34af23\" d=\"M17.6 17.4q0.2 0 1.7 0.8t1.6 0.9q0 0.1 0 0.3 0 0.6-0.3 1.4-0.3 0.7-1.3 1.2t-1.8 0.5q-1 0-3.4-1.1-1.7-0.8-3-2.1t-2.6-3.3q-1.3-1.9-1.3-3.5v-0.1q0.1-1.6 1.3-2.8 0.4-0.4 0.9-0.4 0.1 0 0.3 0t0.3 0q0.3 0 0.5 0.1t0.3 0.5q0.1 0.4 0.6 1.6t0.4 1.3q0 0.4-0.6 1t-0.6 0.8q0 0.1 0.1 0.3 0.6 1.3 1.8 2.4 1 0.9 2.7 1.8 0.2 0.1 0.4 0.1 0.3 0 1-0.9t0.9-0.9zM14 26.9q2.3 0 4.3-0.9t3.6-2.4 2.4-3.6 0.9-4.3-0.9-4.3-2.4-3.6-3.6-2.4-4.3-0.9-4.3 0.9-3.6 2.4-2.4 3.6-0.9 4.3q0 3.6 2.1 6.6l-1.4 4.2 4.3-1.4q2.8 1.9 6.2 1.9zM14 2.2q2.7 0 5.2 1.1t4.3 2.9 2.9 4.3 1.1 5.2-1.1 5.2-2.9 4.3-4.3 2.9-5.2 1.1q-3.5 0-6.5-1.7l-7.4 2.4 2.4-7.2q-1.9-3.2-1.9-6.9 0-2.7 1.1-5.2t2.9-4.3 4.3-2.9 5.2-1.1z\"\/><\/svg><\/span><\/a><\/li><li class=\"shariff-button mailto\" style=\"background-color:#056E6D;border-radius:1%\"><a href=\"mailto:?body=https%3A%2F%2Fpre.puertosdetenerife.org%2Ffr%2Fmarinas%2Fmarina-la-palma%2F&subject=Marina%20La%20Palma\" title=\"Envoyer par courriel\" aria-label=\"Envoyer par courriel\" role=\"button\" rel=\"noopener nofollow\" class=\"shariff-link\" style=\";border-radius:1%; background-color:#081C59; color:#fff\"><span class=\"shariff-icon\" style=\"\"><svg width=\"32px\" height=\"20px\" xmlns=\"http:\/\/www.w3.org\/2000\/svg\" viewBox=\"0 0 32 32\"><path fill=\"#999\" d=\"M32 12.7v14.2q0 1.2-0.8 2t-2 0.9h-26.3q-1.2 0-2-0.9t-0.8-2v-14.2q0.8 0.9 1.8 1.6 6.5 4.4 8.9 6.1 1 0.8 1.6 1.2t1.7 0.9 2 0.4h0.1q0.9 0 2-0.4t1.7-0.9 1.6-1.2q3-2.2 8.9-6.1 1-0.7 1.8-1.6zM32 7.4q0 1.4-0.9 2.7t-2.2 2.2q-6.7 4.7-8.4 5.8-0.2 0.1-0.7 0.5t-1 0.7-0.9 0.6-1.1 0.5-0.9 0.2h-0.1q-0.4 0-0.9-0.2t-1.1-0.5-0.9-0.6-1-0.7-0.7-0.5q-1.6-1.1-4.7-3.2t-3.6-2.6q-1.1-0.7-2.1-2t-1-2.5q0-1.4 0.7-2.3t2.1-0.9h26.3q1.2 0 2 0.8t0.9 2z\"\/><\/svg><\/span><\/a><\/li><\/ul><\/div>","protected":false},"excerpt":{"rendered":"<p>Marina La PalmaSitu\u00e9e dans la partie nord du port de Santa Cruz de la Palma, \u00e0 c\u00f4t\u00e9 des installations du Real Club N\u00e1utico. Cette marina na\u00eet \u00e0 partir des travaux de r\u00e9am\u00e9nagement et d\u2019extension du port. Elle est g\u00e9r\u00e9e par l\u2019UTE, compos\u00e9e du Real Club N\u00e1utico et de l\u2019entreprise Puerto Calero. Cette marina poss\u00e8de 180 [&hellip;]<\/p>\n","protected":false},"author":1,"featured_media":0,"parent":226314,"menu_order":0,"comment_status":"closed","ping_status":"closed","template":"","meta":{"_et_pb_use_builder":"on","_et_pb_old_content":"","_et_gb_content_width":"","footnotes":""},"coauthors":[103],"class_list":["post-226203","page","type-page","status-publish","hentry"],"_links":{"self":[{"href":"https:\/\/pre.puertosdetenerife.org\/fr\/wp-json\/wp\/v2\/pages\/226203","targetHints":{"allow":["GET"]}}],"collection":[{"href":"https:\/\/pre.puertosdetenerife.org\/fr\/wp-json\/wp\/v2\/pages"}],"about":[{"href":"https:\/\/pre.puertosdetenerife.org\/fr\/wp-json\/wp\/v2\/types\/page"}],"author":[{"embeddable":true,"href":"https:\/\/pre.puertosdetenerife.org\/fr\/wp-json\/wp\/v2\/users\/1"}],"replies":[{"embeddable":true,"href":"https:\/\/pre.puertosdetenerife.org\/fr\/wp-json\/wp\/v2\/comments?post=226203"}],"version-history":[{"count":8,"href":"https:\/\/pre.puertosdetenerife.org\/fr\/wp-json\/wp\/v2\/pages\/226203\/revisions"}],"predecessor-version":[{"id":227904,"href":"https:\/\/pre.puertosdetenerife.org\/fr\/wp-json\/wp\/v2\/pages\/226203\/revisions\/227904"}],"up":[{"embeddable":true,"href":"https:\/\/pre.puertosdetenerife.org\/fr\/wp-json\/wp\/v2\/pages\/226314"}],"wp:attachment":[{"href":"https:\/\/pre.puertosdetenerife.org\/fr\/wp-json\/wp\/v2\/media?parent=226203"}],"wp:term":[{"taxonomy":"author","embeddable":true,"href":"https:\/\/pre.puertosdetenerife.org\/fr\/wp-json\/wp\/v2\/coauthors?post=226203"}],"curies":[{"name":"wp","href":"https:\/\/api.w.org\/{rel}","templated":true}]}}