{"id":226221,"date":"2019-11-22T15:40:35","date_gmt":"2019-11-22T15:40:35","guid":{"rendered":"https:\/\/www.puertosdetenerife.org\/centro-de-inspeccion-portuaria\/"},"modified":"2023-01-10T11:11:41","modified_gmt":"2023-01-10T11:11:41","slug":"centre-dinspection-portuaire","status":"publish","type":"page","link":"https:\/\/pre.puertosdetenerife.org\/fr\/centre-dinspection-portuaire\/","title":{"rendered":"Centre d\u2019inspection portuaire"},"content":{"rendered":"<p>[et_pb_section fb_built=\u00a0\u00bb1&Prime; custom_padding_last_edited=\u00a0\u00bbon|desktop\u00a0\u00bb admin_label=\u00a0\u00bbMozart &#8211; Home &#8211; BG 1900&#215;923 Pixels\u00a0\u00bb module_class=\u00a0\u00bbmozart_consult_header\u00a0\u00bb _builder_version=\u00a0\u00bb4.16&Prime; background_enable_color=\u00a0\u00bboff\u00a0\u00bb background_image=\u00a0\u00bbhttps:\/\/www.puertosdetenerife.org\/wp-content\/uploads\/2019\/09\/Preview-video-puertos.png\u00a0\u00bb background_enable_video_mp4=\u00a0\u00bboff\u00a0\u00bb background_enable_video_webm=\u00a0\u00bboff\u00a0\u00bb custom_margin=\u00a0\u00bb|||\u00a0\u00bb custom_padding=\u00a0\u00bb0vw||3.5vw|||\u00a0\u00bb custom_padding_tablet=\u00a0\u00bb50px||50px|\u00a0\u00bb custom_padding_phone=\u00a0\u00bb\u00a0\u00bb custom_css_before=\u00a0\u00bb    content: %22%22;||    display: block;||    position: absolute;||    top: 0;||    left: 0;||    width: 100%;||    height: 100%;||    background-color: #081C59!important;||    opacity: 0.9;\u00a0\u00bb global_colors_info=\u00a0\u00bb{}\u00a0\u00bb][et_pb_row use_custom_gutter=\u00a0\u00bbon\u00a0\u00bb gutter_width=\u00a0\u00bb1&Prime; make_equal=\u00a0\u00bbon\u00a0\u00bb custom_padding_last_edited=\u00a0\u00bbon|desktop\u00a0\u00bb admin_label=\u00a0\u00bbMozart &#8211; Home\u00a0\u00bb _builder_version=\u00a0\u00bb4.16&Prime; background_image=\u00a0\u00bbhttps:\/\/www.puertosdetenerife.org\/wp-content\/uploads\/2023\/07\/Logo_White-AUTORIDAD-PORTUARIA-2.png\u00a0\u00bb width=\u00a0\u00bb25%\u00a0\u00bb max_width=\u00a0\u00bb582px\u00a0\u00bb custom_margin=\u00a0\u00bb||||false|false\u00a0\u00bb custom_padding=\u00a0\u00bb200px|0px|2.5vw|0px||\u00a0\u00bb custom_padding_tablet=\u00a0\u00bb128px|0px||0px|false|false\u00a0\u00bb custom_padding_phone=\u00a0\u00bb70px||||false|false\u00a0\u00bb global_colors_info=\u00a0\u00bb{}\u00a0\u00bb][et_pb_column type=\u00a0\u00bb4_4&Prime; _builder_version=\u00a0\u00bb4.16&Prime; custom_padding=\u00a0\u00bb|||\u00a0\u00bb global_colors_info=\u00a0\u00bb{}\u00a0\u00bb custom_padding__hover=\u00a0\u00bb|||\u00a0\u00bb][\/et_pb_column][\/et_pb_row][et_pb_row _builder_version=\u00a0\u00bb4.16&Prime; custom_padding=\u00a0\u00bb10px|10px|10px|10px|false|false\u00a0\u00bb global_colors_info=\u00a0\u00bb{}\u00a0\u00bb][et_pb_column type=\u00a0\u00bb4_4&Prime; _builder_version=\u00a0\u00bb4.16&Prime; global_colors_info=\u00a0\u00bb{}\u00a0\u00bb][et_pb_text module_class=\u00a0\u00bbheader-title-1&Prime; _builder_version=\u00a0\u00bb4.16&Prime; text_font=\u00a0\u00bb|700|||||||\u00a0\u00bb text_text_color=\u00a0\u00bb#ffffff\u00a0\u00bb text_font_size=\u00a0\u00bb60px\u00a0\u00bb text_line_height=\u00a0\u00bb1em\u00a0\u00bb header_text_color=\u00a0\u00bb#ffffff\u00a0\u00bb global_colors_info=\u00a0\u00bb{}\u00a0\u00bb]<\/p>\n<h1 style=\"text-align: center;\">Centre d\u2019inspection portuaire<\/h1>\n<p>[\/et_pb_text][\/et_pb_column][\/et_pb_row][\/et_pb_section][et_pb_section fb_built=\u00a0\u00bb1&Prime; specialty=\u00a0\u00bbon\u00a0\u00bb _builder_version=\u00a0\u00bb4.16&Prime; global_colors_info=\u00a0\u00bb{}\u00a0\u00bb][et_pb_column type=\u00a0\u00bb1_4&Prime; _builder_version=\u00a0\u00bb4.16&Prime; custom_padding=\u00a0\u00bb|||\u00a0\u00bb global_colors_info=\u00a0\u00bb{}\u00a0\u00bb custom_padding__hover=\u00a0\u00bb|||\u00a0\u00bb][et_pb_sidebar area=\u00a0\u00bbet_pb_widget_area_11&Prime; _builder_version=\u00a0\u00bb4.16&Prime; header_font=\u00a0\u00bb|700|||||||\u00a0\u00bb header_text_color=\u00a0\u00bb#081C59&Prime; saved_tabs=\u00a0\u00bball\u00a0\u00bb global_colors_info=\u00a0\u00bb{}\u00a0\u00bb][\/et_pb_sidebar][\/et_pb_column][et_pb_column type=\u00a0\u00bb3_4&Prime; specialty_columns=\u00a0\u00bb3&Prime; _builder_version=\u00a0\u00bb4.16&Prime; custom_padding=\u00a0\u00bb|||\u00a0\u00bb global_colors_info=\u00a0\u00bb{}\u00a0\u00bb custom_padding__hover=\u00a0\u00bb|||\u00a0\u00bb][et_pb_row_inner _builder_version=\u00a0\u00bb4.16&Prime; global_colors_info=\u00a0\u00bb{}\u00a0\u00bb][et_pb_column_inner saved_specialty_column_type=\u00a0\u00bb3_4&Prime; _builder_version=\u00a0\u00bb4.16&Prime; global_colors_info=\u00a0\u00bb{}\u00a0\u00bb][et_pb_text _builder_version=\u00a0\u00bb4.16&Prime; global_colors_info=\u00a0\u00bb{}\u00a0\u00bb]<\/p>\n<p>Le port de Santa Cruz de Tenerife poss\u00e8de depuis 2009 un Centre d\u2019inspection portuaire, b\u00e2timent dans lequel sont centralis\u00e9s les services concernant les postes d\u2019inspection frontaliers qui \u00e9taient dispers\u00e9s avant cette installation.<br \/> Le b\u00e2timent int\u00e8gre les services suivants : Soivre (Service officiel d\u2019inspection, vigilance et r\u00e9gulation des exportations), Douanes et Sant\u00e9 ext\u00e9rieure, animale et v\u00e9g\u00e9tale, des organismes impliqu\u00e9s dans l\u2019inspection de marchandises dans le port de Tenerife et qui ont montr\u00e9 leur bonne volont\u00e9 et leur besoin de compter sur cette infrastructure d\u00e8s le d\u00e9but du projet du centre.<br \/> D\u2019ailleurs, les directives \u00e9tablies pour ce projet sont le r\u00e9sultat du travail d\u00e9velopp\u00e9 par l\u2019Autorit\u00e9 Portuaire de Santa Cruz de Tenerife en collaboration avec les repr\u00e9sentants de chacun de ces organismes dans le but de r\u00e9unir tous les services d\u2019inspection dans un point strat\u00e9gique du port de la capitale. Nous avons r\u00e9ussi ainsi \u00e0 acc\u00e9l\u00e9rer les d\u00e9marches propres des douanes et, en cons\u00e9quence, nous avons fluidifi\u00e9 le trafic de marchandises, en r\u00e9duisant les co\u00fbts associ\u00e9s en optimisant la qualit\u00e9 du service, ce qui entra\u00eene en retour une augmentation du trafic.<br \/> Le b\u00e2timent compte deux \u00e9tages et une surface totale construite de 4.566 m\u00e8tres carr\u00e9s, dont 3.337 de superficie utile. L\u2019immeuble est \u00e9rig\u00e9 sur une parcelle de 7.244 m\u00e8tres carr\u00e9s situ\u00e9e aux alentours de Cueva Bermeja, en \u00e9tant consid\u00e9r\u00e9 dans sa cat\u00e9gorie l\u2019un des plus grands et des plus modernes du pays.<\/p>\n<p><strong><\/strong><\/p>\n<p><strong>Pour toute question ou r\u00e9clamation :<\/strong><br \/> <strong>T\u00e9l\u00e9phone du Centre d\u2019inspection portuaire :<\/strong> 922597878<br \/> <strong>Personne de contact :<\/strong> Francisco Marrero<br \/> <strong>Soci\u00e9t\u00e9 de gestion du service :<\/strong> Docks Logistics Spain SA<\/p>\n<p>[\/et_pb_text][\/et_pb_column_inner][\/et_pb_row_inner][et_pb_row_inner _builder_version=\u00a0\u00bb4.19.4&Prime; hover_enabled=\u00a0\u00bb0&Prime; global_colors_info=\u00a0\u00bb{}\u00a0\u00bb sticky_enabled=\u00a0\u00bb0&Prime;][et_pb_column_inner saved_specialty_column_type=\u00a0\u00bb3_4&Prime; _builder_version=\u00a0\u00bb4.19.4&Prime; link_option_url=\u00a0\u00bbhttps:\/\/www.puertosdetenerife.org\/wp-content\/uploads\/2023\/01\/Boletin-sc-9.1.23-Actualizacion-tarifas-2023.pdf\u00a0\u00bb link_option_url_new_window=\u00a0\u00bbon\u00a0\u00bb hover_enabled=\u00a0\u00bb0&Prime; global_colors_info=\u00a0\u00bb{}\u00a0\u00bb sticky_enabled=\u00a0\u00bb0&Prime;][et_pb_image src=\u00a0\u00bbhttps:\/\/www.puertosdetenerife.org\/wp-content\/uploads\/2019\/10\/descargar-documento-150&#215;150.png\u00a0\u00bb url_new_window=\u00a0\u00bbon\u00a0\u00bb align=\u00a0\u00bbcenter\u00a0\u00bb _builder_version=\u00a0\u00bb4.16&Prime; global_colors_info=\u00a0\u00bb{}\u00a0\u00bb][\/et_pb_image][et_pb_text _builder_version=\u00a0\u00bb4.16&Prime; global_colors_info=\u00a0\u00bb{}\u00a0\u00bb]<\/p>\n<h4 style=\"text-align: center;\"><strong>Tarifs<\/strong><\/h4>\n<p>[\/et_pb_text][\/et_pb_column_inner][\/et_pb_row_inner][et_pb_row_inner _builder_version=\u00a0\u00bb4.16&Prime; global_colors_info=\u00a0\u00bb{}\u00a0\u00bb][et_pb_column_inner saved_specialty_column_type=\u00a0\u00bb3_4&Prime; _builder_version=\u00a0\u00bb4.16&Prime; global_colors_info=\u00a0\u00bb{}\u00a0\u00bb][et_pb_image src=\u00a0\u00bbhttps:\/\/www.puertosdetenerife.org\/wp-content\/uploads\/2019\/10\/telem\u00e1tico-150&#215;150.png\u00a0\u00bb url=\u00a0\u00bbhttp:\/\/cip-tenerife.docks.es\/\u00a0\u00bb url_new_window=\u00a0\u00bbon\u00a0\u00bb align=\u00a0\u00bbcenter\u00a0\u00bb _builder_version=\u00a0\u00bb4.16&Prime; global_colors_info=\u00a0\u00bb{}\u00a0\u00bb][\/et_pb_image][et_pb_text _builder_version=\u00a0\u00bb4.16&Prime; global_colors_info=\u00a0\u00bb{}\u00a0\u00bb]<\/p>\n<h4 style=\"text-align: center;\"><a href=\"http:\/\/cip-tenerife.docks.es\/\" target=\"_blank\" rel=\"noopener noreferrer\"><strong>Alta de usuarios en el Centro de Inspecci\u00f3n Portuaria (CIP)<\/strong><\/a><\/h4>\n<p>[\/et_pb_text][\/et_pb_column_inner][\/et_pb_row_inner][\/et_pb_column][\/et_pb_section][et_pb_section fb_built=\u00a0\u00bb1&Prime; _builder_version=\u00a0\u00bb4.16&Prime; background_color=\u00a0\u00bb#081C59&Prime; height=\u00a0\u00bb50px\u00a0\u00bb custom_margin=\u00a0\u00bb0px|0px|0px|0px|false|false\u00a0\u00bb custom_padding=\u00a0\u00bb0px|0px|0px|0px|false|false\u00a0\u00bb collapsed=\u00a0\u00bboff\u00a0\u00bb global_colors_info=\u00a0\u00bb{}\u00a0\u00bb][\/et_pb_section][et_pb_section fb_built=\u00a0\u00bb1&Prime; custom_padding_last_edited=\u00a0\u00bbon|tablet\u00a0\u00bb admin_label=\u00a0\u00bbFooter general 1.1&Prime; module_class=\u00a0\u00bbmozart_consult_testimonials\u00a0\u00bb _builder_version=\u00a0\u00bb4.4.8&Prime; background_color=\u00a0\u00bb#ffffff\u00a0\u00bb background_enable_color=\u00a0\u00bboff\u00a0\u00bb background_image=\u00a0\u00bbhttps:\/\/www.puertosdetenerife.org\/wp-content\/uploads\/2019\/09\/half-boat-blue-transparent50-104&#215;300.png\u00a0\u00bb background_enable_image=\u00a0\u00bboff\u00a0\u00bb background_size=\u00a0\u00bbcontain\u00a0\u00bb background_position=\u00a0\u00bbcenter_right\u00a0\u00bb custom_margin=\u00a0\u00bb50px||||false|false\u00a0\u00bb custom_padding=\u00a0\u00bb0.3%||0%|||\u00a0\u00bb custom_padding_tablet=\u00a0\u00bb50px||50px|\u00a0\u00bb custom_padding_phone=\u00a0\u00bb\u00a0\u00bb custom_css_main_element=\u00a0\u00bb overflow: hidden;||||\u00a0\u00bb global_module=\u00a0\u00bb227114&Prime; saved_tabs=\u00a0\u00bball\u00a0\u00bb collapsed=\u00a0\u00bbon\u00a0\u00bb global_colors_info=\u00a0\u00bb{}\u00a0\u00bb][et_pb_row custom_padding_last_edited=\u00a0\u00bbon|tablet\u00a0\u00bb admin_label=\u00a0\u00bbMozart &#8211; Home\u00a0\u00bb _builder_version=\u00a0\u00bb4.16&Prime; background_size=\u00a0\u00bbinitial\u00a0\u00bb background_position=\u00a0\u00bbtop_left\u00a0\u00bb background_repeat=\u00a0\u00bbrepeat\u00a0\u00bb custom_padding=\u00a0\u00bb3px|0px|3px|0px||\u00a0\u00bb custom_padding_tablet=\u00a0\u00bb0px|0px|0px|0px\u00a0\u00bb custom_padding_phone=\u00a0\u00bb\u00a0\u00bb global_colors_info=\u00a0\u00bb{}\u00a0\u00bb][et_pb_column type=\u00a0\u00bb4_4&Prime; _builder_version=\u00a0\u00bb4.16&Prime; custom_padding=\u00a0\u00bb|||\u00a0\u00bb global_colors_info=\u00a0\u00bb{}\u00a0\u00bb custom_padding__hover=\u00a0\u00bb|||\u00a0\u00bb][et_pb_image src=\u00a0\u00bbhttps:\/\/www.puertosdetenerife.org\/wp-content\/uploads\/2019\/09\/Saparador-Puertos-e1568731759160.png\u00a0\u00bb align_tablet=\u00a0\u00bbcenter\u00a0\u00bb align_phone=\u00a0\u00bb\u00a0\u00bb align_last_edited=\u00a0\u00bbon|desktop\u00a0\u00bb admin_label=\u00a0\u00bbImage 1170 x 51 pixels\u00a0\u00bb _builder_version=\u00a0\u00bb4.16&Prime; transform_scale=\u00a0\u00bb50%|50%\u00a0\u00bb filter_opacity=\u00a0\u00bb50%\u00a0\u00bb global_colors_info=\u00a0\u00bb{}\u00a0\u00bb][\/et_pb_image][\/et_pb_column][\/et_pb_row][et_pb_row _builder_version=\u00a0\u00bb4.16&Prime; global_colors_info=\u00a0\u00bb{}\u00a0\u00bb][et_pb_column type=\u00a0\u00bb4_4&Prime; _builder_version=\u00a0\u00bb4.16&Prime; global_colors_info=\u00a0\u00bb{}\u00a0\u00bb][et_pb_text _builder_version=\u00a0\u00bb4.16&Prime; global_colors_info=\u00a0\u00bb{}\u00a0\u00bb]<\/p>\n<h2>Informations g\u00e9n\u00e9rales<\/h2>\n<p>[\/et_pb_text][\/et_pb_column][\/et_pb_row][et_pb_row column_structure=\u00a0\u00bb1_4,1_4,1_4,1_4&Prime; _builder_version=\u00a0\u00bb4.16&Prime; global_colors_info=\u00a0\u00bb{}\u00a0\u00bb][et_pb_column type=\u00a0\u00bb1_4&Prime; _builder_version=\u00a0\u00bb4.16&Prime; global_colors_info=\u00a0\u00bb{}\u00a0\u00bb][et_pb_text _builder_version=\u00a0\u00bb4.16&Prime; custom_css_main_element=\u00a0\u00bbfont-weight: normal !important;\u00a0\u00bb global_colors_info=\u00a0\u00bb{}\u00a0\u00bb]<\/p>\n<p style=\"text-align: left;\"><a href=\"\/fr\/legislation-et-reglementation\/\">L\u00e9gislation et r\u00e9glementation<\/a><br \/>\n<a href=\"\/fr\/environnement\/\">Environnement <\/a><br \/>\n<a href=\"\/fr\/facture-electronique-face\/\">\u00c9conomie et Finances<\/a><br \/>\n<a href=\"\/fr\/personnes-et-organisation\/\">Personnes et Organisation<\/a><br \/>\n<a href=\"\/fr\/protection-et-securite\/\">Protection et S\u00e9curit\u00e9<\/a><br \/>\n<a href=\"\/fr\/statistiques\/\">Statistiques<\/a><br \/>\n<a href=\"\/fr\/securite-industrielle\/\">S\u00e9curit\u00e9 industrielle<\/a><br \/>\n<a href=\"\/fr\/infrastructures\/\">Infrastructures<\/a><\/p>\n<p>[\/et_pb_text][\/et_pb_column][et_pb_column type=\u00a0\u00bb1_4&Prime; _builder_version=\u00a0\u00bb4.16&Prime; global_colors_info=\u00a0\u00bb{}\u00a0\u00bb][et_pb_text _builder_version=\u00a0\u00bb4.16&Prime; global_colors_info=\u00a0\u00bb{}\u00a0\u00bb]<\/p>\n<p><a href=\"\/fr\/rapports-annuels\/\">Rapports annuels<\/a><br \/> <a href=\"\/fr\/centre-de-commercialisation-des-produits-de-la-peche\/\">Centre de commercialisation des produits de la p\u00eache<\/a><br \/> <a href=\"\/fr\/signalisation-maritime\/\">Signalisation maritime <\/a><a href=\"\/centro-de-comercializacion-pesquera\/\"><br \/> <\/a><a href=\"\/fr\/climat-maritime\/\">Climat maritime<\/a><a href=\"\/centro-de-comercializacion-pesquera\/\"><br \/> <\/a><a href=\"\/fr\/taxes-et-tarifs\/\">Taxes et tarifs<\/a><a href=\"\/centro-de-comercializacion-pesquera\/\"><br \/> <\/a><a href=\"https:\/\/canariaszec.com\/\" target=\"_blank\" rel=\"noopener noreferrer\">Zona Especial Canaria<\/a><a href=\"\/centro-de-comercializacion-pesquera\/\"><br \/> <\/a><a href=\"http:\/\/zonafrancatenerife.es\/\" target=\"_blank\" rel=\"noopener noreferrer\">Tenerife Free Zone<\/a><a href=\"\/centro-de-comercializacion-pesquera\/\"><br \/> <\/a><a href=\"https:\/\/www.seappliers.com\/es\/\" target=\"_blank\" rel=\"noopener noreferrer\">Seappliers<\/a><\/p>\n<p>[\/et_pb_text][\/et_pb_column][et_pb_column type=\u00a0\u00bb1_4&Prime; _builder_version=\u00a0\u00bb4.16&Prime; global_colors_info=\u00a0\u00bb{}\u00a0\u00bb][et_pb_text _builder_version=\u00a0\u00bb4.16&Prime; global_colors_info=\u00a0\u00bb{}\u00a0\u00bb]<\/p>\n<p><a href=\"\/fr\/profil-du-contractant\/\">Profil du contractant<\/a><br \/> <a href=\"http:\/\/sede.puertosdetenerife.gob.es\/sede\/\">Si\u00e8ge \u00c9lectronique<\/a><br \/> <a href=\"\/fr\/facture-electronique-face\/\">FACe<\/a><br \/> <a href=\"\/fr\/transport-de-matieres-dangereuses\/\">Transport de mati\u00e8res dangereuses<\/a><br \/> <a href=\"\/fr\/centre-doperations-portuaires\/annonces\/\">Annonces<\/a><\/p>\n<p>[\/et_pb_text][\/et_pb_column][et_pb_column type=\u00a0\u00bb1_4&Prime; _builder_version=\u00a0\u00bb4.16&Prime; global_colors_info=\u00a0\u00bb{}\u00a0\u00bb][et_pb_code _builder_version=\u00a0\u00bb4.16&Prime; text_orientation=\u00a0\u00bbleft\u00a0\u00bb global_colors_info=\u00a0\u00bb{}\u00a0\u00bb]<div class=\"shariff shariff-align-flex-start shariff-widget-align-flex-start\"><div class=\"ShariffHeadline\">Comparte!<\/div><ul class=\"shariff-buttons theme-round orientation-horizontal buttonsize-medium\"><li class=\"shariff-button facebook\" style=\"background-color:#056E6D;border-radius:1%\"><a href=\"https:\/\/www.facebook.com\/sharer\/sharer.php?u=https%3A%2F%2Fpre.puertosdetenerife.org%2Ffr%2Fcentre-dinspection-portuaire%2F\" title=\"Envoyer par Facebook\" aria-label=\"Envoyer par Facebook\" role=\"button\" rel=\"nofollow\" class=\"shariff-link\" style=\";border-radius:1%; background-color:#081C59; color:#fff\" target=\"_blank\"><span class=\"shariff-icon\" style=\"\"><svg width=\"32px\" height=\"20px\" xmlns=\"http:\/\/www.w3.org\/2000\/svg\" viewBox=\"0 0 18 32\"><path fill=\"#3b5998\" d=\"M17.1 0.2v4.7h-2.8q-1.5 0-2.1 0.6t-0.5 1.9v3.4h5.2l-0.7 5.3h-4.5v13.6h-5.5v-13.6h-4.5v-5.3h4.5v-3.9q0-3.3 1.9-5.2t5-1.8q2.6 0 4.1 0.2z\"\/><\/svg><\/span><\/a><\/li><li class=\"shariff-button twitter\" style=\"background-color:#056E6D;border-radius:1%\"><a href=\"https:\/\/twitter.com\/share?url=https%3A%2F%2Fpre.puertosdetenerife.org%2Ffr%2Fcentre-dinspection-portuaire%2F&text=Centre%20d%E2%80%99inspection%20portuaire\" title=\"Envoyer par X\" aria-label=\"Envoyer par X\" role=\"button\" rel=\"noopener nofollow\" class=\"shariff-link\" style=\";border-radius:1%; background-color:#081C59; color:#fff\" target=\"_blank\"><span class=\"shariff-icon\" style=\"\"><svg width=\"32px\" height=\"20px\" xmlns=\"http:\/\/www.w3.org\/2000\/svg\" viewBox=\"0 0 24 24\"><path fill=\"#000\" d=\"M14.258 10.152L23.176 0h-2.113l-7.747 8.813L7.133 0H0l9.352 13.328L0 23.973h2.113l8.176-9.309 6.531 9.309h7.133zm-2.895 3.293l-.949-1.328L2.875 1.56h3.246l6.086 8.523.945 1.328 7.91 11.078h-3.246zm0 0\"\/><\/svg><\/span><\/a><\/li><li class=\"shariff-button linkedin\" style=\"background-color:#056E6D;border-radius:1%\"><a href=\"https:\/\/www.linkedin.com\/sharing\/share-offsite\/?url=https%3A%2F%2Fpre.puertosdetenerife.org%2Ffr%2Fcentre-dinspection-portuaire%2F\" title=\"Envoyer par LinkedIn\" aria-label=\"Envoyer par LinkedIn\" role=\"button\" rel=\"noopener nofollow\" class=\"shariff-link\" style=\";border-radius:1%; background-color:#081C59; color:#fff\" target=\"_blank\"><span class=\"shariff-icon\" style=\"\"><svg width=\"32px\" height=\"20px\" xmlns=\"http:\/\/www.w3.org\/2000\/svg\" viewBox=\"0 0 27 32\"><path fill=\"#0077b5\" d=\"M6.2 11.2v17.7h-5.9v-17.7h5.9zM6.6 5.7q0 1.3-0.9 2.2t-2.4 0.9h0q-1.5 0-2.4-0.9t-0.9-2.2 0.9-2.2 2.4-0.9 2.4 0.9 0.9 2.2zM27.4 18.7v10.1h-5.9v-9.5q0-1.9-0.7-2.9t-2.3-1.1q-1.1 0-1.9 0.6t-1.2 1.5q-0.2 0.5-0.2 1.4v9.9h-5.9q0-7.1 0-11.6t0-5.3l0-0.9h5.9v2.6h0q0.4-0.6 0.7-1t1-0.9 1.6-0.8 2-0.3q3 0 4.9 2t1.9 6z\"\/><\/svg><\/span><\/a><\/li><li class=\"shariff-button whatsapp\" style=\"background-color:#056E6D;border-radius:1%\"><a href=\"https:\/\/api.whatsapp.com\/send?text=https%3A%2F%2Fpre.puertosdetenerife.org%2Ffr%2Fcentre-dinspection-portuaire%2F%20Centre%20d%E2%80%99inspection%20portuaire\" title=\"Envoyer par Whatsapp\" aria-label=\"Envoyer par Whatsapp\" role=\"button\" rel=\"noopener nofollow\" class=\"shariff-link\" style=\";border-radius:1%; background-color:#081C59; color:#fff\" target=\"_blank\"><span class=\"shariff-icon\" style=\"\"><svg width=\"32px\" height=\"20px\" xmlns=\"http:\/\/www.w3.org\/2000\/svg\" viewBox=\"0 0 32 32\"><path fill=\"#34af23\" d=\"M17.6 17.4q0.2 0 1.7 0.8t1.6 0.9q0 0.1 0 0.3 0 0.6-0.3 1.4-0.3 0.7-1.3 1.2t-1.8 0.5q-1 0-3.4-1.1-1.7-0.8-3-2.1t-2.6-3.3q-1.3-1.9-1.3-3.5v-0.1q0.1-1.6 1.3-2.8 0.4-0.4 0.9-0.4 0.1 0 0.3 0t0.3 0q0.3 0 0.5 0.1t0.3 0.5q0.1 0.4 0.6 1.6t0.4 1.3q0 0.4-0.6 1t-0.6 0.8q0 0.1 0.1 0.3 0.6 1.3 1.8 2.4 1 0.9 2.7 1.8 0.2 0.1 0.4 0.1 0.3 0 1-0.9t0.9-0.9zM14 26.9q2.3 0 4.3-0.9t3.6-2.4 2.4-3.6 0.9-4.3-0.9-4.3-2.4-3.6-3.6-2.4-4.3-0.9-4.3 0.9-3.6 2.4-2.4 3.6-0.9 4.3q0 3.6 2.1 6.6l-1.4 4.2 4.3-1.4q2.8 1.9 6.2 1.9zM14 2.2q2.7 0 5.2 1.1t4.3 2.9 2.9 4.3 1.1 5.2-1.1 5.2-2.9 4.3-4.3 2.9-5.2 1.1q-3.5 0-6.5-1.7l-7.4 2.4 2.4-7.2q-1.9-3.2-1.9-6.9 0-2.7 1.1-5.2t2.9-4.3 4.3-2.9 5.2-1.1z\"\/><\/svg><\/span><\/a><\/li><li class=\"shariff-button mailto\" style=\"background-color:#056E6D;border-radius:1%\"><a href=\"mailto:?body=https%3A%2F%2Fpre.puertosdetenerife.org%2Ffr%2Fcentre-dinspection-portuaire%2F&subject=Centre%20d%E2%80%99inspection%20portuaire\" title=\"Envoyer par courriel\" aria-label=\"Envoyer par courriel\" role=\"button\" rel=\"noopener nofollow\" class=\"shariff-link\" style=\";border-radius:1%; background-color:#081C59; color:#fff\"><span class=\"shariff-icon\" style=\"\"><svg width=\"32px\" height=\"20px\" xmlns=\"http:\/\/www.w3.org\/2000\/svg\" viewBox=\"0 0 32 32\"><path fill=\"#999\" d=\"M32 12.7v14.2q0 1.2-0.8 2t-2 0.9h-26.3q-1.2 0-2-0.9t-0.8-2v-14.2q0.8 0.9 1.8 1.6 6.5 4.4 8.9 6.1 1 0.8 1.6 1.2t1.7 0.9 2 0.4h0.1q0.9 0 2-0.4t1.7-0.9 1.6-1.2q3-2.2 8.9-6.1 1-0.7 1.8-1.6zM32 7.4q0 1.4-0.9 2.7t-2.2 2.2q-6.7 4.7-8.4 5.8-0.2 0.1-0.7 0.5t-1 0.7-0.9 0.6-1.1 0.5-0.9 0.2h-0.1q-0.4 0-0.9-0.2t-1.1-0.5-0.9-0.6-1-0.7-0.7-0.5q-1.6-1.1-4.7-3.2t-3.6-2.6q-1.1-0.7-2.1-2t-1-2.5q0-1.4 0.7-2.3t2.1-0.9h26.3q1.2 0 2 0.8t0.9 2z\"\/><\/svg><\/span><\/a><\/li><\/ul><\/div>[\/et_pb_code][et_pb_image src=\u00a0\u00bbhttps:\/\/www.puertosdetenerife.org\/wp-content\/uploads\/2020\/07\/Certificados-de-calidad-AENOR-y-EFR_2020-1.png\u00a0\u00bb alt=\u00a0\u00bbCertificados de calidad de gesti\u00f3n ambiental y seguridad y salud laboral\u00a0\u00bb title_text=\u00a0\u00bbCertificados-de-calidad-AENOR-y-EFR_2020-1&Prime; url=\u00a0\u00bbhttps:\/\/www.puertosdetenerife.org\/wp-content\/uploads\/2021\/06\/Certificados-junio-2021.pdf\u00a0\u00bb url_new_window=\u00a0\u00bbon\u00a0\u00bb _builder_version=\u00a0\u00bb4.16&Prime; global_colors_info=\u00a0\u00bb{}\u00a0\u00bb][\/et_pb_image][\/et_pb_column][\/et_pb_row][et_pb_row column_structure=\u00a0\u00bb1_2,1_2&Prime; _builder_version=\u00a0\u00bb4.16&Prime; global_colors_info=\u00a0\u00bb{}\u00a0\u00bb][et_pb_column type=\u00a0\u00bb1_2&Prime; _builder_version=\u00a0\u00bb4.16&Prime; global_colors_info=\u00a0\u00bb{}\u00a0\u00bb][et_pb_image src=\u00a0\u00bbhttps:\/\/www.puertosdetenerife.org\/wp-content\/uploads\/2020\/02\/Logo-Ministerio-de-Fomento.png\u00a0\u00bb url=\u00a0\u00bbhttps:\/\/www.mitma.gob.es\/\u00a0\u00bb url_new_window=\u00a0\u00bbon\u00a0\u00bb _builder_version=\u00a0\u00bb4.16&Prime; custom_margin=\u00a0\u00bb|50px||50px|false|false\u00a0\u00bb custom_margin_tablet=\u00a0\u00bb\u00a0\u00bb custom_margin_phone=\u00a0\u00bb|0px||0px|false|false\u00a0\u00bb custom_margin_last_edited=\u00a0\u00bbon|phone\u00a0\u00bb global_colors_info=\u00a0\u00bb{}\u00a0\u00bb][\/et_pb_image][\/et_pb_column][et_pb_column type=\u00a0\u00bb1_2&Prime; _builder_version=\u00a0\u00bb4.16&Prime; global_colors_info=\u00a0\u00bb{}\u00a0\u00bb][et_pb_image src=\u00a0\u00bbhttps:\/\/www.puertosdetenerife.org\/wp-content\/uploads\/2020\/02\/Logo-Puertos-del-Estado.png\u00a0\u00bb url=\u00a0\u00bbhttp:\/\/www.puertos.es\/en-us\u00a0\u00bb url_new_window=\u00a0\u00bbon\u00a0\u00bb _builder_version=\u00a0\u00bb4.16&Prime; custom_margin=\u00a0\u00bb|50px||50px|false|false\u00a0\u00bb custom_margin_tablet=\u00a0\u00bb\u00a0\u00bb custom_margin_phone=\u00a0\u00bb|0px||0px|false|false\u00a0\u00bb custom_margin_last_edited=\u00a0\u00bbon|phone\u00a0\u00bb global_colors_info=\u00a0\u00bb{}\u00a0\u00bb][\/et_pb_image][\/et_pb_column][\/et_pb_row][et_pb_row use_custom_gutter=\u00a0\u00bbon\u00a0\u00bb gutter_width=\u00a0\u00bb1&Prime; admin_label=\u00a0\u00bbMozart &#8211; Home\u00a0\u00bb _builder_version=\u00a0\u00bb4.16&Prime; max_width=\u00a0\u00bb1175px\u00a0\u00bb custom_padding=\u00a0\u00bb22px||18px|\u00a0\u00bb use_custom_width=\u00a0\u00bbon\u00a0\u00bb custom_width_px=\u00a0\u00bb1175px\u00a0\u00bb global_colors_info=\u00a0\u00bb{}\u00a0\u00bb][et_pb_column type=\u00a0\u00bb4_4&Prime; _builder_version=\u00a0\u00bb4.16&Prime; background_position=\u00a0\u00bbtop_left\u00a0\u00bb custom_padding=\u00a0\u00bb|||\u00a0\u00bb global_colors_info=\u00a0\u00bb{}\u00a0\u00bb custom_padding__hover=\u00a0\u00bb|||\u00a0\u00bb][et_pb_text admin_label=\u00a0\u00bbCopyright Website 2018 | Privacy Policy | Disclaimer | Site Map\u00a0\u00bb _builder_version=\u00a0\u00bb4.16&Prime; text_font=\u00a0\u00bb||||||||\u00a0\u00bb text_text_color=\u00a0\u00bb#081C59&Prime; text_letter_spacing=\u00a0\u00bb0.1px\u00a0\u00bb text_line_height=\u00a0\u00bb1.5em\u00a0\u00bb module_alignment=\u00a0\u00bbcenter\u00a0\u00bb custom_padding=\u00a0\u00bb|||4px\u00a0\u00bb global_colors_info=\u00a0\u00bb{}\u00a0\u00bb]<\/p>\n<p style=\"text-align: left;\"><a href=\"\/fr\/politique-de-confidentialite\/\">Politique de confidentialit\u00e9<\/a> \u00a0| \u00a0<a href=\"\/fr\/mentions-legales\/\">Mentions l\u00e9gales<\/a><\/p>\n<p>[\/et_pb_text][\/et_pb_column][\/et_pb_row][\/et_pb_section]<\/p>\n<div class=\"shariff shariff-align-flex-start shariff-widget-align-flex-start\"><div class=\"ShariffHeadline\">Comparte!<\/div><ul class=\"shariff-buttons theme-round orientation-horizontal buttonsize-medium\"><li class=\"shariff-button facebook\" style=\"background-color:#056E6D;border-radius:1%\"><a href=\"https:\/\/www.facebook.com\/sharer\/sharer.php?u=https%3A%2F%2Fpre.puertosdetenerife.org%2Ffr%2Fcentre-dinspection-portuaire%2F\" title=\"Envoyer par Facebook\" aria-label=\"Envoyer par Facebook\" role=\"button\" rel=\"nofollow\" class=\"shariff-link\" style=\";border-radius:1%; background-color:#081C59; color:#fff\" target=\"_blank\"><span class=\"shariff-icon\" style=\"\"><svg width=\"32px\" height=\"20px\" xmlns=\"http:\/\/www.w3.org\/2000\/svg\" viewBox=\"0 0 18 32\"><path fill=\"#3b5998\" d=\"M17.1 0.2v4.7h-2.8q-1.5 0-2.1 0.6t-0.5 1.9v3.4h5.2l-0.7 5.3h-4.5v13.6h-5.5v-13.6h-4.5v-5.3h4.5v-3.9q0-3.3 1.9-5.2t5-1.8q2.6 0 4.1 0.2z\"\/><\/svg><\/span><\/a><\/li><li class=\"shariff-button twitter\" style=\"background-color:#056E6D;border-radius:1%\"><a href=\"https:\/\/twitter.com\/share?url=https%3A%2F%2Fpre.puertosdetenerife.org%2Ffr%2Fcentre-dinspection-portuaire%2F&text=Centre%20d%E2%80%99inspection%20portuaire\" title=\"Envoyer par X\" aria-label=\"Envoyer par X\" role=\"button\" rel=\"noopener nofollow\" class=\"shariff-link\" style=\";border-radius:1%; background-color:#081C59; color:#fff\" target=\"_blank\"><span class=\"shariff-icon\" style=\"\"><svg width=\"32px\" height=\"20px\" xmlns=\"http:\/\/www.w3.org\/2000\/svg\" viewBox=\"0 0 24 24\"><path fill=\"#000\" d=\"M14.258 10.152L23.176 0h-2.113l-7.747 8.813L7.133 0H0l9.352 13.328L0 23.973h2.113l8.176-9.309 6.531 9.309h7.133zm-2.895 3.293l-.949-1.328L2.875 1.56h3.246l6.086 8.523.945 1.328 7.91 11.078h-3.246zm0 0\"\/><\/svg><\/span><\/a><\/li><li class=\"shariff-button linkedin\" style=\"background-color:#056E6D;border-radius:1%\"><a href=\"https:\/\/www.linkedin.com\/sharing\/share-offsite\/?url=https%3A%2F%2Fpre.puertosdetenerife.org%2Ffr%2Fcentre-dinspection-portuaire%2F\" title=\"Envoyer par LinkedIn\" aria-label=\"Envoyer par LinkedIn\" role=\"button\" rel=\"noopener nofollow\" class=\"shariff-link\" style=\";border-radius:1%; background-color:#081C59; color:#fff\" target=\"_blank\"><span class=\"shariff-icon\" style=\"\"><svg width=\"32px\" height=\"20px\" xmlns=\"http:\/\/www.w3.org\/2000\/svg\" viewBox=\"0 0 27 32\"><path fill=\"#0077b5\" d=\"M6.2 11.2v17.7h-5.9v-17.7h5.9zM6.6 5.7q0 1.3-0.9 2.2t-2.4 0.9h0q-1.5 0-2.4-0.9t-0.9-2.2 0.9-2.2 2.4-0.9 2.4 0.9 0.9 2.2zM27.4 18.7v10.1h-5.9v-9.5q0-1.9-0.7-2.9t-2.3-1.1q-1.1 0-1.9 0.6t-1.2 1.5q-0.2 0.5-0.2 1.4v9.9h-5.9q0-7.1 0-11.6t0-5.3l0-0.9h5.9v2.6h0q0.4-0.6 0.7-1t1-0.9 1.6-0.8 2-0.3q3 0 4.9 2t1.9 6z\"\/><\/svg><\/span><\/a><\/li><li class=\"shariff-button whatsapp\" style=\"background-color:#056E6D;border-radius:1%\"><a href=\"https:\/\/api.whatsapp.com\/send?text=https%3A%2F%2Fpre.puertosdetenerife.org%2Ffr%2Fcentre-dinspection-portuaire%2F%20Centre%20d%E2%80%99inspection%20portuaire\" title=\"Envoyer par Whatsapp\" aria-label=\"Envoyer par Whatsapp\" role=\"button\" rel=\"noopener nofollow\" class=\"shariff-link\" style=\";border-radius:1%; background-color:#081C59; color:#fff\" target=\"_blank\"><span class=\"shariff-icon\" style=\"\"><svg width=\"32px\" height=\"20px\" xmlns=\"http:\/\/www.w3.org\/2000\/svg\" viewBox=\"0 0 32 32\"><path fill=\"#34af23\" d=\"M17.6 17.4q0.2 0 1.7 0.8t1.6 0.9q0 0.1 0 0.3 0 0.6-0.3 1.4-0.3 0.7-1.3 1.2t-1.8 0.5q-1 0-3.4-1.1-1.7-0.8-3-2.1t-2.6-3.3q-1.3-1.9-1.3-3.5v-0.1q0.1-1.6 1.3-2.8 0.4-0.4 0.9-0.4 0.1 0 0.3 0t0.3 0q0.3 0 0.5 0.1t0.3 0.5q0.1 0.4 0.6 1.6t0.4 1.3q0 0.4-0.6 1t-0.6 0.8q0 0.1 0.1 0.3 0.6 1.3 1.8 2.4 1 0.9 2.7 1.8 0.2 0.1 0.4 0.1 0.3 0 1-0.9t0.9-0.9zM14 26.9q2.3 0 4.3-0.9t3.6-2.4 2.4-3.6 0.9-4.3-0.9-4.3-2.4-3.6-3.6-2.4-4.3-0.9-4.3 0.9-3.6 2.4-2.4 3.6-0.9 4.3q0 3.6 2.1 6.6l-1.4 4.2 4.3-1.4q2.8 1.9 6.2 1.9zM14 2.2q2.7 0 5.2 1.1t4.3 2.9 2.9 4.3 1.1 5.2-1.1 5.2-2.9 4.3-4.3 2.9-5.2 1.1q-3.5 0-6.5-1.7l-7.4 2.4 2.4-7.2q-1.9-3.2-1.9-6.9 0-2.7 1.1-5.2t2.9-4.3 4.3-2.9 5.2-1.1z\"\/><\/svg><\/span><\/a><\/li><li class=\"shariff-button mailto\" style=\"background-color:#056E6D;border-radius:1%\"><a href=\"mailto:?body=https%3A%2F%2Fpre.puertosdetenerife.org%2Ffr%2Fcentre-dinspection-portuaire%2F&subject=Centre%20d%E2%80%99inspection%20portuaire\" title=\"Envoyer par courriel\" aria-label=\"Envoyer par courriel\" role=\"button\" rel=\"noopener nofollow\" class=\"shariff-link\" style=\";border-radius:1%; background-color:#081C59; color:#fff\"><span class=\"shariff-icon\" style=\"\"><svg width=\"32px\" height=\"20px\" xmlns=\"http:\/\/www.w3.org\/2000\/svg\" viewBox=\"0 0 32 32\"><path fill=\"#999\" d=\"M32 12.7v14.2q0 1.2-0.8 2t-2 0.9h-26.3q-1.2 0-2-0.9t-0.8-2v-14.2q0.8 0.9 1.8 1.6 6.5 4.4 8.9 6.1 1 0.8 1.6 1.2t1.7 0.9 2 0.4h0.1q0.9 0 2-0.4t1.7-0.9 1.6-1.2q3-2.2 8.9-6.1 1-0.7 1.8-1.6zM32 7.4q0 1.4-0.9 2.7t-2.2 2.2q-6.7 4.7-8.4 5.8-0.2 0.1-0.7 0.5t-1 0.7-0.9 0.6-1.1 0.5-0.9 0.2h-0.1q-0.4 0-0.9-0.2t-1.1-0.5-0.9-0.6-1-0.7-0.7-0.5q-1.6-1.1-4.7-3.2t-3.6-2.6q-1.1-0.7-2.1-2t-1-2.5q0-1.4 0.7-2.3t2.1-0.9h26.3q1.2 0 2 0.8t0.9 2z\"\/><\/svg><\/span><\/a><\/li><\/ul><\/div>","protected":false},"excerpt":{"rendered":"<p>Centre d\u2019inspection portuaireLe port de Santa Cruz de Tenerife poss\u00e8de depuis 2009 un Centre d\u2019inspection portuaire, b\u00e2timent dans lequel sont centralis\u00e9s les services concernant les postes d\u2019inspection frontaliers qui \u00e9taient dispers\u00e9s avant cette installation. Le b\u00e2timent int\u00e8gre les services suivants : Soivre (Service officiel d\u2019inspection, vigilance et r\u00e9gulation des exportations), Douanes et Sant\u00e9 ext\u00e9rieure, animale [&hellip;]<\/p>\n","protected":false},"author":1,"featured_media":0,"parent":0,"menu_order":0,"comment_status":"closed","ping_status":"closed","template":"","meta":{"_et_pb_use_builder":"on","_et_pb_old_content":"","_et_gb_content_width":"","footnotes":""},"coauthors":[103],"class_list":["post-226221","page","type-page","status-publish","hentry"],"_links":{"self":[{"href":"https:\/\/pre.puertosdetenerife.org\/fr\/wp-json\/wp\/v2\/pages\/226221","targetHints":{"allow":["GET"]}}],"collection":[{"href":"https:\/\/pre.puertosdetenerife.org\/fr\/wp-json\/wp\/v2\/pages"}],"about":[{"href":"https:\/\/pre.puertosdetenerife.org\/fr\/wp-json\/wp\/v2\/types\/page"}],"author":[{"embeddable":true,"href":"https:\/\/pre.puertosdetenerife.org\/fr\/wp-json\/wp\/v2\/users\/1"}],"replies":[{"embeddable":true,"href":"https:\/\/pre.puertosdetenerife.org\/fr\/wp-json\/wp\/v2\/comments?post=226221"}],"version-history":[{"count":10,"href":"https:\/\/pre.puertosdetenerife.org\/fr\/wp-json\/wp\/v2\/pages\/226221\/revisions"}],"predecessor-version":[{"id":234393,"href":"https:\/\/pre.puertosdetenerife.org\/fr\/wp-json\/wp\/v2\/pages\/226221\/revisions\/234393"}],"wp:attachment":[{"href":"https:\/\/pre.puertosdetenerife.org\/fr\/wp-json\/wp\/v2\/media?parent=226221"}],"wp:term":[{"taxonomy":"author","embeddable":true,"href":"https:\/\/pre.puertosdetenerife.org\/fr\/wp-json\/wp\/v2\/coauthors?post=226221"}],"curies":[{"name":"wp","href":"https:\/\/api.w.org\/{rel}","templated":true}]}}