{"id":226249,"date":"2019-11-22T14:39:35","date_gmt":"2019-11-22T13:39:35","guid":{"rendered":"https:\/\/www.puertosdetenerife.org\/activites-portuaires\/terminales-de-pasajeros\/"},"modified":"2020-11-18T12:25:36","modified_gmt":"2020-11-18T12:25:36","slug":"terminaux-de-passagers","status":"publish","type":"page","link":"https:\/\/pre.puertosdetenerife.org\/fr\/activites-portuaires\/terminaux-de-passagers\/","title":{"rendered":"Terminaux de passagers"},"content":{"rendered":"<p>[et_pb_section fb_built=\u00a0\u00bb1&Prime; custom_padding_last_edited=\u00a0\u00bbon|desktop\u00a0\u00bb admin_label=\u00a0\u00bbMozart &#8211; Home &#8211; BG 1900&#215;923 Pixels\u00a0\u00bb module_class=\u00a0\u00bbmozart_consult_header\u00a0\u00bb _builder_version=\u00a0\u00bb3.28&Prime; background_enable_color=\u00a0\u00bboff\u00a0\u00bb background_image=\u00a0\u00bbhttps:\/\/www.puertosdetenerife.org\/wp-content\/uploads\/2019\/09\/Preview-video-puertos.png\u00a0\u00bb background_enable_video_mp4=\u00a0\u00bboff\u00a0\u00bb background_enable_video_webm=\u00a0\u00bboff\u00a0\u00bb custom_margin=\u00a0\u00bb|||\u00a0\u00bb custom_padding=\u00a0\u00bb0vw||3.5vw|||\u00a0\u00bb custom_padding_tablet=\u00a0\u00bb50px||50px|\u00a0\u00bb custom_padding_phone=\u00a0\u00bb\u00a0\u00bb custom_css_before=\u00a0\u00bb    content: %22%22;||    display: block;||    position: absolute;||    top: 0;||    left: 0;||    width: 100%;||    height: 100%;||    background-color: #081C59!important;||    opacity: 0.9;\u00a0\u00bb][et_pb_row use_custom_gutter=\u00a0\u00bbon\u00a0\u00bb gutter_width=\u00a0\u00bb1&Prime; make_equal=\u00a0\u00bbon\u00a0\u00bb custom_padding_last_edited=\u00a0\u00bbon|desktop\u00a0\u00bb admin_label=\u00a0\u00bbMozart &#8211; Home\u00a0\u00bb _builder_version=\u00a0\u00bb3.28&Prime; background_image=\u00a0\u00bbhttps:\/\/www.puertosdetenerife.org\/wp-content\/uploads\/2023\/07\/Logo_White-AUTORIDAD-PORTUARIA-2.png\u00a0\u00bb width=\u00a0\u00bb25%\u00a0\u00bb max_width=\u00a0\u00bb582px\u00a0\u00bb custom_margin=\u00a0\u00bb||||false|false\u00a0\u00bb custom_padding=\u00a0\u00bb200px|0px|2.5vw|0px||\u00a0\u00bb custom_padding_tablet=\u00a0\u00bb128px|0px||0px|false|false\u00a0\u00bb custom_padding_phone=\u00a0\u00bb70px||||false|false\u00a0\u00bb][et_pb_column type=\u00a0\u00bb4_4&Prime; _builder_version=\u00a0\u00bb3.25&Prime; custom_padding=\u00a0\u00bb|||\u00a0\u00bb custom_padding__hover=\u00a0\u00bb|||\u00a0\u00bb][\/et_pb_column][\/et_pb_row][et_pb_row _builder_version=\u00a0\u00bb3.28&Prime; custom_padding=\u00a0\u00bb10px|10px|10px|10px|false|false\u00a0\u00bb][et_pb_column type=\u00a0\u00bb4_4&Prime; _builder_version=\u00a0\u00bb3.28&Prime;][et_pb_text module_class=\u00a0\u00bbheader-title-1&Prime; _builder_version=\u00a0\u00bb4.6.6&Prime; text_font=\u00a0\u00bb|700|||||||\u00a0\u00bb text_text_color=\u00a0\u00bb#ffffff\u00a0\u00bb text_font_size=\u00a0\u00bb60px\u00a0\u00bb text_line_height=\u00a0\u00bb1em\u00a0\u00bb header_text_color=\u00a0\u00bb#ffffff\u00a0\u00bb]<\/p>\n<h1 style=\"text-align: center;\">Terminaux de passagers<\/h1>\n<p>[\/et_pb_text][\/et_pb_column][\/et_pb_row][\/et_pb_section][et_pb_section fb_built=\u00a0\u00bb1&Prime; specialty=\u00a0\u00bbon\u00a0\u00bb _builder_version=\u00a0\u00bb4.0.6&Prime;][et_pb_column type=\u00a0\u00bb1_4&Prime; _builder_version=\u00a0\u00bb3.25&Prime; custom_padding=\u00a0\u00bb|||\u00a0\u00bb custom_padding__hover=\u00a0\u00bb|||\u00a0\u00bb][et_pb_sidebar area=\u00a0\u00bbet_pb_widget_area_11&Prime; _builder_version=\u00a0\u00bb4.3.2&Prime; header_font=\u00a0\u00bb|700|||||||\u00a0\u00bb header_text_color=\u00a0\u00bb#081C59&Prime;][\/et_pb_sidebar][\/et_pb_column][et_pb_column type=\u00a0\u00bb3_4&Prime; specialty_columns=\u00a0\u00bb3&Prime; _builder_version=\u00a0\u00bb3.25&Prime; custom_padding=\u00a0\u00bb|||\u00a0\u00bb custom_padding__hover=\u00a0\u00bb|||\u00a0\u00bb][et_pb_row_inner _builder_version=\u00a0\u00bb4.0.6&Prime;][et_pb_column_inner saved_specialty_column_type=\u00a0\u00bb3_4&Prime; _builder_version=\u00a0\u00bb4.0.6&Prime;][et_pb_text _builder_version=\u00a0\u00bb4.6.6&Prime;]<\/p>\n<h2>Terminal maritime Puerto de Santa Cruz de Tenerife<\/h2>\n<p>Le projet des entrep\u00f4ts du Muelle de Ribera fut l\u2019\u0153uvre de Miguel Pintor Gonz\u00e1lez en 1950. Il y a avait une seule fa\u00e7ade orient\u00e9e vers la mer de 150 m\u00e8tres de long pour 20 m\u00e8tres de large et 6,8 de hauteur, reli\u00e9e par \u00e0 l\u2019Avenida Anga par deux ponts de 11 m\u00e8tres de large.<\/p>\n<p>Ce projet a \u00e9t\u00e9 objet de plusieurs r\u00e9novations au cours des ann\u00e9es. Celle effectu\u00e9e en 1990 reste la plus importante.<br \/> En 1992, les anciens entrep\u00f4ts et l\u2019ancien terminal ont commenc\u00e9 \u00e0 \u00eatre r\u00e9am\u00e9nag\u00e9s. Les petits bureaux (stands) des entreprises li\u00e9es au transport maritime ont \u00e9t\u00e9 d\u00e9molis et la cour d\u2019op\u00e9rations r\u00e9am\u00e9nag\u00e9e, en obtenant ainsi un b\u00e2timent moderne appel\u00e9 \u00ab puerto-ciudad \u00bb (port-ville), inaugur\u00e9 le 30 avril 1994 \u00e0 l\u2019occasion du V centenaire de la ville et du port de Santa Cruz de Tenerife.<\/p>\n<p>Ces installations ont \u00e9t\u00e9 con\u00e7ues par les architectes Antonio Corona Bosch, Arsenio P\u00e9rez Amaral et Eustaquio Mart\u00ednez Garc\u00eda.<\/p>\n<p>Dans le terminal Puerto-Ciudad se trouvent des bureaux pour les entreprises maritimes, l\u2019exploitation et les services portuaires et la police portuaire. Ce terminal maritime g\u00e8re les services de passagers interinsulaires et nationaux.<\/p>\n<h2>Terminal maritime de Santa Cruz de La Palma<\/h2>\n<p>L\u2019actuel terminal maritime a \u00e9t\u00e9 construit \u00e0 partir du premier des hangars existants et situant sous elle l\u2019\u00e9dification, ce qui \u00e9vita la r\u00e9alisation de travaux de construction et abaissa le co\u00fbt. Pour cela, la fermeture ext\u00e9rieure d\u2019un des hangars fut effectu\u00e9e. Sa structure m\u00e9tallique a une forme rectangulaire et elle dispose d\u2019un seul \u00e9tage, avec une mezzanine pour les bureaux. Les guichets de billetterie furent plac\u00e9s \u00e0 l\u2019entr\u00e9e plus proche de la ville et dans la zone centrale, des toilettes, des kiosques \u00e0 journaux, un bar et une salle d\u2019attente.<\/p>\n<p>La construction de ce premier terminal maritime commen\u00e7a en 1999 et il fut inaugur\u00e9 le 30 juin 2000 \u00e0 l\u2019occasion de la Bajada de la Virgen.<\/p>\n<p>Afin de concr\u00e9tiser les travaux d\u2019extension, la m\u00eame th\u00e9matique a \u00e9t\u00e9 choisie, en travaillant sur le hangar existant et en reliant les deux \u00e0 travers un nouveau b\u00e2timent d\u2019interconnexion.<\/p>\n<p>Le nouveau hangar poss\u00e8de un seul \u00e9tage, o\u00f9 l\u2019on trouve le bureau de la Police portuaire, les vestiaires du personnel et les toilettes pour les usagers. Dans le b\u00e2timent d\u2019interconnexion, de deux \u00e9tages, se trouvent d\u2019autres bureaux, ceux-ci appartiennent \u00e0 l\u2019Autorit\u00e9 Portuaire, mais aussi aux prestataires, et un bureau pour le contr\u00f4le du trafic portuaire.<br \/> Le nouveau hangar poss\u00e8de une superficie construite de 873,48 m\u00e8tres carr\u00e9s, en augmentant celle du b\u00e2timent d\u2019interconnexion \u00e0 678 m\u00e8tres carr\u00e9s.<\/p>\n<p>Avec les travaux d\u2019extension finis, le port de Santa Cruz de la Palma dispose d\u00e9j\u00e0 d\u2019un terminal maritime de presque 1700 m\u00e8tres carr\u00e9s de surface utile.<\/p>\n<h2>Terminal maritime de San Sebasti\u00e1n de La Gomera<\/h2>\n<p>Le projet initial du terminal maritime de San Sebasti\u00e1n de La Gomera fut r\u00e9dig\u00e9 par l\u2019architecte Carlos Schwartz P\u00e9rez et approuv\u00e9 le 2 mars 1988 avec un budget de 106 millions de pesetas.<\/p>\n<p>Suite aux modifications et extensions successives r\u00e9alis\u00e9es dans le port de San Sebasti\u00e1n de La Gomera, l\u2019Autorit\u00e9 Portuaire a r\u00e9cemment r\u00e9nov\u00e9 et \u00e9largi le terminal maritime, en partie \u00e0 cause d\u2019une consid\u00e9rable augmentation des usagers de l\u2019actuel terminal et du nombre des compagnies maritimes qui l\u2019utilisent, ainsi que les entreprises qui fournissent leurs services dans l\u2019enceinte portuaire.<\/p>\n<p>Nous devons rajouter \u00e0 tout cela les pr\u00e9visions de contr\u00f4le du Code ISPS (Code international pour la s\u00fbret\u00e9 des navires et des installations portuaires) qui doivent \u00eatre respect\u00e9es par toutes les personnes utilisant le terminal maritime comme porte d\u2019entr\u00e9e et de sortie de l\u2019\u00eele de La Gomera.<\/p>\n<p>Pour les travaux de r\u00e9novation et d\u2019extension, un acc\u00e8s pi\u00e9tonnier a \u00e9t\u00e9 r\u00e9alis\u00e9 avec une \u00e9ventuelle prolongation du traitement des \u00e9l\u00e9ments du terminal jusqu\u2019\u00e0 l\u2019acc\u00e8s pi\u00e9tonnier d\u2019embarquement qui s\u2019adapte aux mesures internationales de s\u00e9curit\u00e9.<\/p>\n<p>Le terminal poss\u00e8de aussi des vestiaires et des toilettes pour le personnel de l\u2019Autorit\u00e9 Portuaire, des syst\u00e8mes d\u2019enregistrement et retrait des bagages avec une pr\u00e9paration pour leur contr\u00f4le de s\u00e9curit\u00e9 et une salle d\u2019embarquement pouvant accueillir 375 personnes avec les services n\u00e9cessaires. Elle b\u00e9n\u00e9ficie aussi d\u2019une salle pour le centre de contr\u00f4le du trafic maritime.<\/p>\n<h2>Terminal maritime de La Estaca, El Hierro<\/h2>\n<p>En 1949, un projet d\u2019entrep\u00f4ts et logements dans le port de La Estaca (\u00eele d\u2019El Hierro) a \u00e9t\u00e9 r\u00e9dig\u00e9 face au besoin d\u2019un logement pour le gardien des quais et des entrep\u00f4ts pour assister l\u2019activit\u00e9 op\u00e9rationnelle du port. Le b\u00e2timent est construit dans la partie \u00e9largie du quai, le seul terrain constructible des environs. Le rez-de-chauss\u00e9e serait consacr\u00e9 aux bureaux et \u00e0 l\u2019entrep\u00f4t et l\u2019\u00e9tage serait divis\u00e9 en deux parties, l\u2019une pour le logement du gardien des quais et l\u2019autre pour son lieu de travail.<\/p>\n<p>Ce premier b\u00e2timent poss\u00e8de deux \u00e9tages. Avec un budget 363.196,66 pesetas, sa construction commen\u00e7a en 1950.<br \/> En 1991, l\u2019administration \u00e0 Santa Cruz de Tenerife des Ports de l\u2019\u00c9tat effectua des travaux de r\u00e9novation des logements et de l\u2019entrep\u00f4t du port. La proximit\u00e9 de la mer entra\u00eena des dommages significatifs dans le b\u00e2timent, et des travaux de maintien furent r\u00e9alis\u00e9s : mise en place d\u2019un nouveau syst\u00e8me d\u2019\u00e9clairage, nouvelle menuiserie et mobilier. La dur\u00e9e de travaux fut de cinq mois et son budget de 13.457.393 pesetas.<br \/> En 1992, un nouveau b\u00e2timent fut construit pour un million de pesetas afin de fournir un meilleur service aux usagers du port.<\/p>\n<p>Ces travaux comprennent la construction de nouveaux locaux d\u2019un seul \u00e9tage install\u00e9s pr\u00e8s de l\u2019\u00e9paulement. Parmi eux, l\u2019un devient une salle d\u2019attente et caf\u00e9t\u00e9ria et l\u2019autre est consacr\u00e9 aux stands de services et aux employ\u00e9s portuaires.<\/p>\n<p>Apr\u00e8s la fin des travaux de r\u00e9novation et d\u2019extension du port en 2005, l\u2019Autorit\u00e9 Portuaire de Santa Cruz de Tenerife d\u00e9cide de construire un nouveau b\u00e2timent qui occupe une surface construite totale de 2.333 m\u00e8tres carr\u00e9s dispos\u00e9s en quatre niveaux et qui poss\u00e8de une caf\u00e9t\u00e9ria, des bureaux de plusieurs lignes maritimes et un poste de contr\u00f4le portuaire et policier entre autres.<\/p>\n<p>Situ\u00e9 au point de d\u00e9part de la digue, ce b\u00e2timent s\u2019adapte au Code international pour la s\u00fbret\u00e9 des navires et des installations portuaires (Code ISPS) et se caract\u00e9rise pour \u00eatre un b\u00e2timent singulier, en forme et en d\u00e9veloppement, et pour son r\u00f4le dans le port par rapport aux acc\u00e8s et aux circulations.<br \/>\n<br \/> Sur fa\u00e7ade arri\u00e8re, vers la digue, se situe une rampe de communication pour l\u2019arriv\u00e9e de passagers, avec un acc\u00e8s direct \u00e0 la zone de retrait des bagages ; au nord, avec une fa\u00e7ade vers la montagne, et distribu\u00e9 sur deux \u00e9tages, se trouve une zone de bureaux pour les lignes maritimes, la police portuaire, l\u2019enregistrement des bagages et des bureaux pour l\u2019usage propre du terminal ; au sud, sous un module libre, se trouve la caf\u00e9t\u00e9ria, connect\u00e9e avec le b\u00e2timent \u00e0 travers une passerelle.<br \/> el a\u00f1o 1949 se redacta el proyecto de almacenes y viviendas en el puerto de La Estaca (Isla de El Hierro) ante la necesidad de una vivienda para el guardamuelles y de almacenes para asistir la operativa portuaria. El edificio se construye en la parte donde se ha practicado el ensanche del muelle, \u00fanico terreno edificable en todas las inmediaciones. La planta baja se destinar\u00eda a oficinas y almac\u00e9n y la otra planta dividida en dos, se destina a vivienda de guardamuelles y lugar de trabajo.<\/p>\n<p>[\/et_pb_text][\/et_pb_column_inner][\/et_pb_row_inner][\/et_pb_column][\/et_pb_section][et_pb_section fb_built=\u00a0\u00bb1&Prime; _builder_version=\u00a0\u00bb3.29.3&Prime; background_color=\u00a0\u00bb#081C59&Prime; height=\u00a0\u00bb50px\u00a0\u00bb custom_margin=\u00a0\u00bb0px|0px|0px|0px|false|false\u00a0\u00bb custom_padding=\u00a0\u00bb0px|0px|0px|0px|false|false\u00a0\u00bb][\/et_pb_section][et_pb_section fb_built=\u00a0\u00bb1&Prime; custom_padding_last_edited=\u00a0\u00bbon|tablet\u00a0\u00bb admin_label=\u00a0\u00bbFooter general 1.1&Prime; module_class=\u00a0\u00bbmozart_consult_testimonials\u00a0\u00bb _builder_version=\u00a0\u00bb4.4.8&Prime; background_color=\u00a0\u00bb#ffffff\u00a0\u00bb background_enable_color=\u00a0\u00bboff\u00a0\u00bb background_image=\u00a0\u00bbhttps:\/\/www.puertosdetenerife.org\/wp-content\/uploads\/2019\/09\/half-boat-blue-transparent50-104&#215;300.png\u00a0\u00bb background_enable_image=\u00a0\u00bboff\u00a0\u00bb background_size=\u00a0\u00bbcontain\u00a0\u00bb background_position=\u00a0\u00bbcenter_right\u00a0\u00bb custom_margin=\u00a0\u00bb50px||||false|false\u00a0\u00bb custom_padding=\u00a0\u00bb0.3%||0%|||\u00a0\u00bb custom_padding_tablet=\u00a0\u00bb50px||50px|\u00a0\u00bb custom_padding_phone=\u00a0\u00bb\u00a0\u00bb custom_css_main_element=\u00a0\u00bb overflow: hidden;||||\u00a0\u00bb saved_tabs=\u00a0\u00bball\u00a0\u00bb collapsed=\u00a0\u00bbon\u00a0\u00bb global_module=\u00a0\u00bb227114&Prime;][et_pb_row custom_padding_last_edited=\u00a0\u00bbon|tablet\u00a0\u00bb admin_label=\u00a0\u00bbMozart &#8211; Home\u00a0\u00bb _builder_version=\u00a0\u00bb3.25&Prime; background_size=\u00a0\u00bbinitial\u00a0\u00bb background_position=\u00a0\u00bbtop_left\u00a0\u00bb background_repeat=\u00a0\u00bbrepeat\u00a0\u00bb custom_padding=\u00a0\u00bb3px|0px|3px|0px||\u00a0\u00bb custom_padding_tablet=\u00a0\u00bb0px|0px|0px|0px\u00a0\u00bb custom_padding_phone=\u00a0\u00bb\u00a0\u00bb][et_pb_column type=\u00a0\u00bb4_4&Prime; _builder_version=\u00a0\u00bb3.25&Prime; custom_padding=\u00a0\u00bb|||\u00a0\u00bb custom_padding__hover=\u00a0\u00bb|||\u00a0\u00bb][et_pb_image src=\u00a0\u00bbhttps:\/\/www.puertosdetenerife.org\/wp-content\/uploads\/2019\/09\/Saparador-Puertos-e1568731759160.png\u00a0\u00bb align_tablet=\u00a0\u00bbcenter\u00a0\u00bb align_phone=\u00a0\u00bb\u00a0\u00bb align_last_edited=\u00a0\u00bbon|desktop\u00a0\u00bb admin_label=\u00a0\u00bbImage 1170 x 51 pixels\u00a0\u00bb _builder_version=\u00a0\u00bb3.28&Prime; transform_scale=\u00a0\u00bb50%|50%\u00a0\u00bb filter_opacity=\u00a0\u00bb50%\u00a0\u00bb][\/et_pb_image][\/et_pb_column][\/et_pb_row][et_pb_row _builder_version=\u00a0\u00bb4.4.8&Prime;][et_pb_column type=\u00a0\u00bb4_4&Prime; _builder_version=\u00a0\u00bb4.3.2&Prime;][et_pb_text _builder_version=\u00a0\u00bb4.6.6&Prime;]<\/p>\n<h2>Informations g\u00e9n\u00e9rales<\/h2>\n<p>[\/et_pb_text][\/et_pb_column][\/et_pb_row][et_pb_row column_structure=\u00a0\u00bb1_4,1_4,1_4,1_4&Prime; _builder_version=\u00a0\u00bb4.3.2&Prime;][et_pb_column type=\u00a0\u00bb1_4&Prime; _builder_version=\u00a0\u00bb4.3.2&Prime;][et_pb_text _builder_version=\u00a0\u00bb4.7.1&Prime; custom_css_main_element=\u00a0\u00bbfont-weight: normal !important;\u00a0\u00bb]<\/p>\n<p style=\"text-align: left;\"><a href=\"\/fr\/legislation-et-reglementation\/\">L\u00e9gislation et r\u00e9glementation<\/a><br \/> <a href=\"\/fr\/environnement\/\">Environnement <\/a><br \/> <a href=\"\/fr\/facture-electronique-face\/\">\u00c9conomie et Finances<\/a><br \/> <a href=\"\/fr\/personnes-et-organisation\/\">Personnes et Organisation<\/a><br \/> <a href=\"\/fr\/protection-et-securite\/\">Protection et S\u00e9curit\u00e9<\/a><br \/> <a href=\"\/fr\/statistiques\/\">Statistiques<\/a><br \/> <a href=\"\/fr\/securite-industrielle\/\">S\u00e9curit\u00e9 industrielle<\/a><\/p>\n<p>[\/et_pb_text][\/et_pb_column][et_pb_column type=\u00a0\u00bb1_4&Prime; _builder_version=\u00a0\u00bb4.3.2&Prime;][et_pb_text _builder_version=\u00a0\u00bb4.7.1&Prime;]<\/p>\n<p><a href=\"\/fr\/rapports-annuels\/\">Rapports annuels<\/a><br \/> <a href=\"\/fr\/centre-de-commercialisation-des-produits-de-la-peche\/\">Centre de commercialisation des produits de la p\u00eache<\/a><br \/> <a href=\"\/fr\/signalisation-maritime\/\">Signalisation maritime <\/a><a href=\"\/centro-de-comercializacion-pesquera\/\"><br \/> <\/a><a href=\"\/fr\/climat-maritime\/\">Climat maritime<\/a><a href=\"\/centro-de-comercializacion-pesquera\/\"><br \/> <\/a><a href=\"\/fr\/taxes-et-tarifs\/\">Taxes et tarifs<\/a><a href=\"\/centro-de-comercializacion-pesquera\/\"><br \/> <\/a><a href=\"https:\/\/canariaszec.com\/\" target=\"_blank\" rel=\"noopener noreferrer\">Zona Especial Canaria<\/a><a href=\"\/centro-de-comercializacion-pesquera\/\"><br \/> <\/a><a href=\"http:\/\/zonafrancatenerife.es\/\" target=\"_blank\" rel=\"noopener noreferrer\">Tenerife Free Zone<\/a><a href=\"\/centro-de-comercializacion-pesquera\/\"><br \/> <\/a><a href=\"https:\/\/www.seappliers.com\/es\/\" target=\"_blank\" rel=\"noopener noreferrer\">Seappliers<\/a><\/p>\n<p>[\/et_pb_text][\/et_pb_column][et_pb_column type=\u00a0\u00bb1_4&Prime; _builder_version=\u00a0\u00bb4.3.2&Prime;][et_pb_text _builder_version=\u00a0\u00bb4.7.1&Prime;]<\/p>\n<p><a href=\"\/fr\/profil-du-contractant\/\">Profil du contractant<\/a><br \/> <a href=\"http:\/\/sede.puertosdetenerife.gob.es\/sede\/\">Si\u00e8ge \u00c9lectronique<\/a><br \/> <a href=\"\/economico-financiero\/factura-electronica-face\/\">FACe<\/a><br \/> <a href=\"\/fr\/transport-de-matieres-dangereuses\/\">Transport de mati\u00e8res dangereuses<\/a><br \/> <a href=\"\/fr\/centre-doperations-portuaires\/annonces\/\">Annonces<\/a><\/p>\n<p>[\/et_pb_text][\/et_pb_column][et_pb_column type=\u00a0\u00bb1_4&Prime; _builder_version=\u00a0\u00bb4.3.2&Prime;][et_pb_code _builder_version=\u00a0\u00bb4.3.2&Prime; text_orientation=\u00a0\u00bbleft\u00a0\u00bb]<div class=\"shariff shariff-align-flex-start shariff-widget-align-flex-start\"><div class=\"ShariffHeadline\">Comparte!<\/div><ul class=\"shariff-buttons theme-round orientation-horizontal buttonsize-medium\"><li class=\"shariff-button facebook\" style=\"background-color:#056E6D;border-radius:1%\"><a href=\"https:\/\/www.facebook.com\/sharer\/sharer.php?u=https%3A%2F%2Fpre.puertosdetenerife.org%2Ffr%2Factivites-portuaires%2Fterminaux-de-passagers%2F\" title=\"Envoyer par Facebook\" aria-label=\"Envoyer par Facebook\" role=\"button\" rel=\"nofollow\" class=\"shariff-link\" style=\";border-radius:1%; background-color:#081C59; color:#fff\" target=\"_blank\"><span class=\"shariff-icon\" style=\"\"><svg width=\"32px\" height=\"20px\" xmlns=\"http:\/\/www.w3.org\/2000\/svg\" viewBox=\"0 0 18 32\"><path fill=\"#3b5998\" d=\"M17.1 0.2v4.7h-2.8q-1.5 0-2.1 0.6t-0.5 1.9v3.4h5.2l-0.7 5.3h-4.5v13.6h-5.5v-13.6h-4.5v-5.3h4.5v-3.9q0-3.3 1.9-5.2t5-1.8q2.6 0 4.1 0.2z\"\/><\/svg><\/span><\/a><\/li><li class=\"shariff-button twitter\" style=\"background-color:#056E6D;border-radius:1%\"><a href=\"https:\/\/twitter.com\/share?url=https%3A%2F%2Fpre.puertosdetenerife.org%2Ffr%2Factivites-portuaires%2Fterminaux-de-passagers%2F&text=Terminaux%20de%20passagers\" title=\"Envoyer par X\" aria-label=\"Envoyer par X\" role=\"button\" rel=\"noopener nofollow\" class=\"shariff-link\" style=\";border-radius:1%; background-color:#081C59; color:#fff\" target=\"_blank\"><span class=\"shariff-icon\" style=\"\"><svg width=\"32px\" height=\"20px\" xmlns=\"http:\/\/www.w3.org\/2000\/svg\" viewBox=\"0 0 24 24\"><path fill=\"#000\" d=\"M14.258 10.152L23.176 0h-2.113l-7.747 8.813L7.133 0H0l9.352 13.328L0 23.973h2.113l8.176-9.309 6.531 9.309h7.133zm-2.895 3.293l-.949-1.328L2.875 1.56h3.246l6.086 8.523.945 1.328 7.91 11.078h-3.246zm0 0\"\/><\/svg><\/span><\/a><\/li><li class=\"shariff-button linkedin\" style=\"background-color:#056E6D;border-radius:1%\"><a href=\"https:\/\/www.linkedin.com\/sharing\/share-offsite\/?url=https%3A%2F%2Fpre.puertosdetenerife.org%2Ffr%2Factivites-portuaires%2Fterminaux-de-passagers%2F\" title=\"Envoyer par LinkedIn\" aria-label=\"Envoyer par LinkedIn\" role=\"button\" rel=\"noopener nofollow\" class=\"shariff-link\" style=\";border-radius:1%; background-color:#081C59; color:#fff\" target=\"_blank\"><span class=\"shariff-icon\" style=\"\"><svg width=\"32px\" height=\"20px\" xmlns=\"http:\/\/www.w3.org\/2000\/svg\" viewBox=\"0 0 27 32\"><path fill=\"#0077b5\" d=\"M6.2 11.2v17.7h-5.9v-17.7h5.9zM6.6 5.7q0 1.3-0.9 2.2t-2.4 0.9h0q-1.5 0-2.4-0.9t-0.9-2.2 0.9-2.2 2.4-0.9 2.4 0.9 0.9 2.2zM27.4 18.7v10.1h-5.9v-9.5q0-1.9-0.7-2.9t-2.3-1.1q-1.1 0-1.9 0.6t-1.2 1.5q-0.2 0.5-0.2 1.4v9.9h-5.9q0-7.1 0-11.6t0-5.3l0-0.9h5.9v2.6h0q0.4-0.6 0.7-1t1-0.9 1.6-0.8 2-0.3q3 0 4.9 2t1.9 6z\"\/><\/svg><\/span><\/a><\/li><li class=\"shariff-button whatsapp\" style=\"background-color:#056E6D;border-radius:1%\"><a href=\"https:\/\/api.whatsapp.com\/send?text=https%3A%2F%2Fpre.puertosdetenerife.org%2Ffr%2Factivites-portuaires%2Fterminaux-de-passagers%2F%20Terminaux%20de%20passagers\" title=\"Envoyer par Whatsapp\" aria-label=\"Envoyer par Whatsapp\" role=\"button\" rel=\"noopener nofollow\" class=\"shariff-link\" style=\";border-radius:1%; background-color:#081C59; color:#fff\" target=\"_blank\"><span class=\"shariff-icon\" style=\"\"><svg width=\"32px\" height=\"20px\" xmlns=\"http:\/\/www.w3.org\/2000\/svg\" viewBox=\"0 0 32 32\"><path fill=\"#34af23\" d=\"M17.6 17.4q0.2 0 1.7 0.8t1.6 0.9q0 0.1 0 0.3 0 0.6-0.3 1.4-0.3 0.7-1.3 1.2t-1.8 0.5q-1 0-3.4-1.1-1.7-0.8-3-2.1t-2.6-3.3q-1.3-1.9-1.3-3.5v-0.1q0.1-1.6 1.3-2.8 0.4-0.4 0.9-0.4 0.1 0 0.3 0t0.3 0q0.3 0 0.5 0.1t0.3 0.5q0.1 0.4 0.6 1.6t0.4 1.3q0 0.4-0.6 1t-0.6 0.8q0 0.1 0.1 0.3 0.6 1.3 1.8 2.4 1 0.9 2.7 1.8 0.2 0.1 0.4 0.1 0.3 0 1-0.9t0.9-0.9zM14 26.9q2.3 0 4.3-0.9t3.6-2.4 2.4-3.6 0.9-4.3-0.9-4.3-2.4-3.6-3.6-2.4-4.3-0.9-4.3 0.9-3.6 2.4-2.4 3.6-0.9 4.3q0 3.6 2.1 6.6l-1.4 4.2 4.3-1.4q2.8 1.9 6.2 1.9zM14 2.2q2.7 0 5.2 1.1t4.3 2.9 2.9 4.3 1.1 5.2-1.1 5.2-2.9 4.3-4.3 2.9-5.2 1.1q-3.5 0-6.5-1.7l-7.4 2.4 2.4-7.2q-1.9-3.2-1.9-6.9 0-2.7 1.1-5.2t2.9-4.3 4.3-2.9 5.2-1.1z\"\/><\/svg><\/span><\/a><\/li><li class=\"shariff-button mailto\" style=\"background-color:#056E6D;border-radius:1%\"><a href=\"mailto:?body=https%3A%2F%2Fpre.puertosdetenerife.org%2Ffr%2Factivites-portuaires%2Fterminaux-de-passagers%2F&subject=Terminaux%20de%20passagers\" title=\"Envoyer par courriel\" aria-label=\"Envoyer par courriel\" role=\"button\" rel=\"noopener nofollow\" class=\"shariff-link\" style=\";border-radius:1%; background-color:#081C59; color:#fff\"><span class=\"shariff-icon\" style=\"\"><svg width=\"32px\" height=\"20px\" xmlns=\"http:\/\/www.w3.org\/2000\/svg\" viewBox=\"0 0 32 32\"><path fill=\"#999\" d=\"M32 12.7v14.2q0 1.2-0.8 2t-2 0.9h-26.3q-1.2 0-2-0.9t-0.8-2v-14.2q0.8 0.9 1.8 1.6 6.5 4.4 8.9 6.1 1 0.8 1.6 1.2t1.7 0.9 2 0.4h0.1q0.9 0 2-0.4t1.7-0.9 1.6-1.2q3-2.2 8.9-6.1 1-0.7 1.8-1.6zM32 7.4q0 1.4-0.9 2.7t-2.2 2.2q-6.7 4.7-8.4 5.8-0.2 0.1-0.7 0.5t-1 0.7-0.9 0.6-1.1 0.5-0.9 0.2h-0.1q-0.4 0-0.9-0.2t-1.1-0.5-0.9-0.6-1-0.7-0.7-0.5q-1.6-1.1-4.7-3.2t-3.6-2.6q-1.1-0.7-2.1-2t-1-2.5q0-1.4 0.7-2.3t2.1-0.9h26.3q1.2 0 2 0.8t0.9 2z\"\/><\/svg><\/span><\/a><\/li><\/ul><\/div>[\/et_pb_code][et_pb_image src=\u00a0\u00bbhttps:\/\/www.puertosdetenerife.org\/wp-content\/uploads\/2020\/07\/Certificados-de-calidad-AENOR-y-EFR_2020-1.png\u00a0\u00bb alt=\u00a0\u00bbCertificados de calidad de gesti\u00f3n ambiental y seguridad y salud laboral\u00a0\u00bb title_text=\u00a0\u00bbCertificados-de-calidad-AENOR-y-EFR_2020-1&Prime; url=\u00a0\u00bbhttps:\/\/www.puertosdetenerife.org\/wp-content\/uploads\/2020\/09\/AENORCERTESPING_2020.pdf\u00a0\u00bb url_new_window=\u00a0\u00bbon\u00a0\u00bb _builder_version=\u00a0\u00bb4.6.1&Prime;][\/et_pb_image][\/et_pb_column][\/et_pb_row][et_pb_row column_structure=\u00a0\u00bb1_2,1_2&Prime; _builder_version=\u00a0\u00bb4.3.2&Prime;][et_pb_column type=\u00a0\u00bb1_2&Prime; _builder_version=\u00a0\u00bb4.3.2&Prime;][et_pb_image src=\u00a0\u00bbhttps:\/\/www.puertosdetenerife.org\/wp-content\/uploads\/2020\/02\/Logo-Ministerio-de-Fomento.png\u00a0\u00bb url=\u00a0\u00bbhttps:\/\/www.mitma.gob.es\/\u00a0\u00bb url_new_window=\u00a0\u00bbon\u00a0\u00bb _builder_version=\u00a0\u00bb4.6.1&Prime; custom_margin=\u00a0\u00bb|50px||50px|false|false\u00a0\u00bb custom_margin_tablet=\u00a0\u00bb\u00a0\u00bb custom_margin_phone=\u00a0\u00bb|0px||0px|false|false\u00a0\u00bb custom_margin_last_edited=\u00a0\u00bbon|phone\u00a0\u00bb][\/et_pb_image][\/et_pb_column][et_pb_column type=\u00a0\u00bb1_2&Prime; _builder_version=\u00a0\u00bb4.3.2&Prime;][et_pb_image src=\u00a0\u00bbhttps:\/\/www.puertosdetenerife.org\/wp-content\/uploads\/2020\/02\/Logo-Puertos-del-Estado.png\u00a0\u00bb url=\u00a0\u00bbhttp:\/\/www.puertos.es\/en-us\u00a0\u00bb url_new_window=\u00a0\u00bbon\u00a0\u00bb _builder_version=\u00a0\u00bb4.6.1&Prime; custom_margin=\u00a0\u00bb|50px||50px|false|false\u00a0\u00bb custom_margin_tablet=\u00a0\u00bb\u00a0\u00bb custom_margin_phone=\u00a0\u00bb|0px||0px|false|false\u00a0\u00bb custom_margin_last_edited=\u00a0\u00bbon|phone\u00a0\u00bb][\/et_pb_image][\/et_pb_column][\/et_pb_row][et_pb_row use_custom_gutter=\u00a0\u00bbon\u00a0\u00bb gutter_width=\u00a0\u00bb1&Prime; admin_label=\u00a0\u00bbMozart &#8211; Home\u00a0\u00bb _builder_version=\u00a0\u00bb3.25&Prime; max_width=\u00a0\u00bb1175px\u00a0\u00bb custom_padding=\u00a0\u00bb22px||18px|\u00a0\u00bb use_custom_width=\u00a0\u00bbon\u00a0\u00bb custom_width_px=\u00a0\u00bb1175px\u00a0\u00bb][et_pb_column type=\u00a0\u00bb4_4&Prime; _builder_version=\u00a0\u00bb3.25&Prime; background_position=\u00a0\u00bbtop_left\u00a0\u00bb custom_padding=\u00a0\u00bb|||\u00a0\u00bb custom_padding__hover=\u00a0\u00bb|||\u00a0\u00bb][et_pb_text admin_label=\u00a0\u00bbCopyright Website 2018 | Privacy Policy | Disclaimer | Site Map\u00a0\u00bb _builder_version=\u00a0\u00bb4.7.1&Prime; text_font=\u00a0\u00bb||||||||\u00a0\u00bb text_text_color=\u00a0\u00bb#081C59&Prime; text_letter_spacing=\u00a0\u00bb0.1px\u00a0\u00bb text_line_height=\u00a0\u00bb1.5em\u00a0\u00bb module_alignment=\u00a0\u00bbcenter\u00a0\u00bb custom_padding=\u00a0\u00bb|||4px\u00a0\u00bb]<\/p>\n<p style=\"text-align: left;\"><a href=\"\/fr\/politique-de-confidentialite\/\">Politique de confidentialit\u00e9<\/a> \u00a0| \u00a0<a href=\"\/fr\/mentions-legales\/\">Mentions l\u00e9gales<\/a><\/p>\n<p>[\/et_pb_text][\/et_pb_column][\/et_pb_row][\/et_pb_section]<\/p>\n<div class=\"shariff shariff-align-flex-start shariff-widget-align-flex-start\"><div class=\"ShariffHeadline\">Comparte!<\/div><ul class=\"shariff-buttons theme-round orientation-horizontal buttonsize-medium\"><li class=\"shariff-button facebook\" style=\"background-color:#056E6D;border-radius:1%\"><a href=\"https:\/\/www.facebook.com\/sharer\/sharer.php?u=https%3A%2F%2Fpre.puertosdetenerife.org%2Ffr%2Factivites-portuaires%2Fterminaux-de-passagers%2F\" title=\"Envoyer par Facebook\" aria-label=\"Envoyer par Facebook\" role=\"button\" rel=\"nofollow\" class=\"shariff-link\" style=\";border-radius:1%; background-color:#081C59; color:#fff\" target=\"_blank\"><span class=\"shariff-icon\" style=\"\"><svg width=\"32px\" height=\"20px\" xmlns=\"http:\/\/www.w3.org\/2000\/svg\" viewBox=\"0 0 18 32\"><path fill=\"#3b5998\" d=\"M17.1 0.2v4.7h-2.8q-1.5 0-2.1 0.6t-0.5 1.9v3.4h5.2l-0.7 5.3h-4.5v13.6h-5.5v-13.6h-4.5v-5.3h4.5v-3.9q0-3.3 1.9-5.2t5-1.8q2.6 0 4.1 0.2z\"\/><\/svg><\/span><\/a><\/li><li class=\"shariff-button twitter\" style=\"background-color:#056E6D;border-radius:1%\"><a href=\"https:\/\/twitter.com\/share?url=https%3A%2F%2Fpre.puertosdetenerife.org%2Ffr%2Factivites-portuaires%2Fterminaux-de-passagers%2F&text=Terminaux%20de%20passagers\" title=\"Envoyer par X\" aria-label=\"Envoyer par X\" role=\"button\" rel=\"noopener nofollow\" class=\"shariff-link\" style=\";border-radius:1%; background-color:#081C59; color:#fff\" target=\"_blank\"><span class=\"shariff-icon\" style=\"\"><svg width=\"32px\" height=\"20px\" xmlns=\"http:\/\/www.w3.org\/2000\/svg\" viewBox=\"0 0 24 24\"><path fill=\"#000\" d=\"M14.258 10.152L23.176 0h-2.113l-7.747 8.813L7.133 0H0l9.352 13.328L0 23.973h2.113l8.176-9.309 6.531 9.309h7.133zm-2.895 3.293l-.949-1.328L2.875 1.56h3.246l6.086 8.523.945 1.328 7.91 11.078h-3.246zm0 0\"\/><\/svg><\/span><\/a><\/li><li class=\"shariff-button linkedin\" style=\"background-color:#056E6D;border-radius:1%\"><a href=\"https:\/\/www.linkedin.com\/sharing\/share-offsite\/?url=https%3A%2F%2Fpre.puertosdetenerife.org%2Ffr%2Factivites-portuaires%2Fterminaux-de-passagers%2F\" title=\"Envoyer par LinkedIn\" aria-label=\"Envoyer par LinkedIn\" role=\"button\" rel=\"noopener nofollow\" class=\"shariff-link\" style=\";border-radius:1%; background-color:#081C59; color:#fff\" target=\"_blank\"><span class=\"shariff-icon\" style=\"\"><svg width=\"32px\" height=\"20px\" xmlns=\"http:\/\/www.w3.org\/2000\/svg\" viewBox=\"0 0 27 32\"><path fill=\"#0077b5\" d=\"M6.2 11.2v17.7h-5.9v-17.7h5.9zM6.6 5.7q0 1.3-0.9 2.2t-2.4 0.9h0q-1.5 0-2.4-0.9t-0.9-2.2 0.9-2.2 2.4-0.9 2.4 0.9 0.9 2.2zM27.4 18.7v10.1h-5.9v-9.5q0-1.9-0.7-2.9t-2.3-1.1q-1.1 0-1.9 0.6t-1.2 1.5q-0.2 0.5-0.2 1.4v9.9h-5.9q0-7.1 0-11.6t0-5.3l0-0.9h5.9v2.6h0q0.4-0.6 0.7-1t1-0.9 1.6-0.8 2-0.3q3 0 4.9 2t1.9 6z\"\/><\/svg><\/span><\/a><\/li><li class=\"shariff-button whatsapp\" style=\"background-color:#056E6D;border-radius:1%\"><a href=\"https:\/\/api.whatsapp.com\/send?text=https%3A%2F%2Fpre.puertosdetenerife.org%2Ffr%2Factivites-portuaires%2Fterminaux-de-passagers%2F%20Terminaux%20de%20passagers\" title=\"Envoyer par Whatsapp\" aria-label=\"Envoyer par Whatsapp\" role=\"button\" rel=\"noopener nofollow\" class=\"shariff-link\" style=\";border-radius:1%; background-color:#081C59; color:#fff\" target=\"_blank\"><span class=\"shariff-icon\" style=\"\"><svg width=\"32px\" height=\"20px\" xmlns=\"http:\/\/www.w3.org\/2000\/svg\" viewBox=\"0 0 32 32\"><path fill=\"#34af23\" d=\"M17.6 17.4q0.2 0 1.7 0.8t1.6 0.9q0 0.1 0 0.3 0 0.6-0.3 1.4-0.3 0.7-1.3 1.2t-1.8 0.5q-1 0-3.4-1.1-1.7-0.8-3-2.1t-2.6-3.3q-1.3-1.9-1.3-3.5v-0.1q0.1-1.6 1.3-2.8 0.4-0.4 0.9-0.4 0.1 0 0.3 0t0.3 0q0.3 0 0.5 0.1t0.3 0.5q0.1 0.4 0.6 1.6t0.4 1.3q0 0.4-0.6 1t-0.6 0.8q0 0.1 0.1 0.3 0.6 1.3 1.8 2.4 1 0.9 2.7 1.8 0.2 0.1 0.4 0.1 0.3 0 1-0.9t0.9-0.9zM14 26.9q2.3 0 4.3-0.9t3.6-2.4 2.4-3.6 0.9-4.3-0.9-4.3-2.4-3.6-3.6-2.4-4.3-0.9-4.3 0.9-3.6 2.4-2.4 3.6-0.9 4.3q0 3.6 2.1 6.6l-1.4 4.2 4.3-1.4q2.8 1.9 6.2 1.9zM14 2.2q2.7 0 5.2 1.1t4.3 2.9 2.9 4.3 1.1 5.2-1.1 5.2-2.9 4.3-4.3 2.9-5.2 1.1q-3.5 0-6.5-1.7l-7.4 2.4 2.4-7.2q-1.9-3.2-1.9-6.9 0-2.7 1.1-5.2t2.9-4.3 4.3-2.9 5.2-1.1z\"\/><\/svg><\/span><\/a><\/li><li class=\"shariff-button mailto\" style=\"background-color:#056E6D;border-radius:1%\"><a href=\"mailto:?body=https%3A%2F%2Fpre.puertosdetenerife.org%2Ffr%2Factivites-portuaires%2Fterminaux-de-passagers%2F&subject=Terminaux%20de%20passagers\" title=\"Envoyer par courriel\" aria-label=\"Envoyer par courriel\" role=\"button\" rel=\"noopener nofollow\" class=\"shariff-link\" style=\";border-radius:1%; background-color:#081C59; color:#fff\"><span class=\"shariff-icon\" style=\"\"><svg width=\"32px\" height=\"20px\" xmlns=\"http:\/\/www.w3.org\/2000\/svg\" viewBox=\"0 0 32 32\"><path fill=\"#999\" d=\"M32 12.7v14.2q0 1.2-0.8 2t-2 0.9h-26.3q-1.2 0-2-0.9t-0.8-2v-14.2q0.8 0.9 1.8 1.6 6.5 4.4 8.9 6.1 1 0.8 1.6 1.2t1.7 0.9 2 0.4h0.1q0.9 0 2-0.4t1.7-0.9 1.6-1.2q3-2.2 8.9-6.1 1-0.7 1.8-1.6zM32 7.4q0 1.4-0.9 2.7t-2.2 2.2q-6.7 4.7-8.4 5.8-0.2 0.1-0.7 0.5t-1 0.7-0.9 0.6-1.1 0.5-0.9 0.2h-0.1q-0.4 0-0.9-0.2t-1.1-0.5-0.9-0.6-1-0.7-0.7-0.5q-1.6-1.1-4.7-3.2t-3.6-2.6q-1.1-0.7-2.1-2t-1-2.5q0-1.4 0.7-2.3t2.1-0.9h26.3q1.2 0 2 0.8t0.9 2z\"\/><\/svg><\/span><\/a><\/li><\/ul><\/div>","protected":false},"excerpt":{"rendered":"<p>Terminaux de passagersTerminal maritime Puerto de Santa Cruz de Tenerife Le projet des entrep\u00f4ts du Muelle de Ribera fut l\u2019\u0153uvre de Miguel Pintor Gonz\u00e1lez en 1950. Il y a avait une seule fa\u00e7ade orient\u00e9e vers la mer de 150 m\u00e8tres de long pour 20 m\u00e8tres de large et 6,8 de hauteur, reli\u00e9e par \u00e0 l\u2019Avenida [&hellip;]<\/p>\n","protected":false},"author":1,"featured_media":0,"parent":226210,"menu_order":0,"comment_status":"closed","ping_status":"closed","template":"","meta":{"_et_pb_use_builder":"on","_et_pb_old_content":"","_et_gb_content_width":"","footnotes":""},"coauthors":[103],"class_list":["post-226249","page","type-page","status-publish","hentry"],"_links":{"self":[{"href":"https:\/\/pre.puertosdetenerife.org\/fr\/wp-json\/wp\/v2\/pages\/226249","targetHints":{"allow":["GET"]}}],"collection":[{"href":"https:\/\/pre.puertosdetenerife.org\/fr\/wp-json\/wp\/v2\/pages"}],"about":[{"href":"https:\/\/pre.puertosdetenerife.org\/fr\/wp-json\/wp\/v2\/types\/page"}],"author":[{"embeddable":true,"href":"https:\/\/pre.puertosdetenerife.org\/fr\/wp-json\/wp\/v2\/users\/1"}],"replies":[{"embeddable":true,"href":"https:\/\/pre.puertosdetenerife.org\/fr\/wp-json\/wp\/v2\/comments?post=226249"}],"version-history":[{"count":5,"href":"https:\/\/pre.puertosdetenerife.org\/fr\/wp-json\/wp\/v2\/pages\/226249\/revisions"}],"predecessor-version":[{"id":227136,"href":"https:\/\/pre.puertosdetenerife.org\/fr\/wp-json\/wp\/v2\/pages\/226249\/revisions\/227136"}],"up":[{"embeddable":true,"href":"https:\/\/pre.puertosdetenerife.org\/fr\/wp-json\/wp\/v2\/pages\/226210"}],"wp:attachment":[{"href":"https:\/\/pre.puertosdetenerife.org\/fr\/wp-json\/wp\/v2\/media?parent=226249"}],"wp:term":[{"taxonomy":"author","embeddable":true,"href":"https:\/\/pre.puertosdetenerife.org\/fr\/wp-json\/wp\/v2\/coauthors?post=226249"}],"curies":[{"name":"wp","href":"https:\/\/api.w.org\/{rel}","templated":true}]}}