{"id":227419,"date":"2019-09-25T12:44:06","date_gmt":"2019-09-25T10:44:06","guid":{"rendered":"https:\/\/www.puertosdetenerife.org\/delimitation-des-espaces-et-usages-portuaires\/deup-del-puerto-de-la-estaca-el-hierro\/"},"modified":"2021-10-13T12:32:00","modified_gmt":"2021-10-13T11:32:00","slug":"deup-del-puerto-de-la-estaca-el-hierro","status":"publish","type":"page","link":"https:\/\/pre.puertosdetenerife.org\/fr\/delimitation-des-espaces-et-usages-portuaires\/deup-del-puerto-de-la-estaca-el-hierro\/","title":{"rendered":"DEUP del Puerto de La Estaca (El Hierro)"},"content":{"rendered":"<p>[et_pb_section fb_built=\u00a0\u00bb1&Prime; custom_padding_last_edited=\u00a0\u00bbon|desktop\u00a0\u00bb admin_label=\u00a0\u00bbMozart &#8211; Home &#8211; BG 1900&#215;923 Pixels\u00a0\u00bb module_class=\u00a0\u00bbmozart_consult_header\u00a0\u00bb _builder_version=\u00a0\u00bb3.28&Prime; background_enable_color=\u00a0\u00bboff\u00a0\u00bb background_image=\u00a0\u00bbhttps:\/\/www.puertosdetenerife.org\/wp-content\/uploads\/2019\/09\/Preview-video-puertos.png\u00a0\u00bb background_enable_video_mp4=\u00a0\u00bboff\u00a0\u00bb background_enable_video_webm=\u00a0\u00bboff\u00a0\u00bb custom_margin=\u00a0\u00bb|||\u00a0\u00bb custom_padding=\u00a0\u00bb0vw||3.5vw|||\u00a0\u00bb custom_padding_tablet=\u00a0\u00bb50px||50px|\u00a0\u00bb custom_padding_phone=\u00a0\u00bb\u00a0\u00bb custom_css_before=\u00a0\u00bb    content: %22%22;||    display: block;||    position: absolute;||    top: 0;||    left: 0;||    width: 100%;||    height: 100%;||    background-color: #081C59!important;||    opacity: 0.9;\u00a0\u00bb global_colors_info=\u00a0\u00bb{}\u00a0\u00bb][et_pb_row use_custom_gutter=\u00a0\u00bbon\u00a0\u00bb gutter_width=\u00a0\u00bb1&Prime; make_equal=\u00a0\u00bbon\u00a0\u00bb custom_padding_last_edited=\u00a0\u00bbon|desktop\u00a0\u00bb admin_label=\u00a0\u00bbMozart &#8211; Home\u00a0\u00bb _builder_version=\u00a0\u00bb3.28&Prime; background_image=\u00a0\u00bbhttps:\/\/www.puertosdetenerife.org\/wp-content\/uploads\/2023\/07\/Logo_White-AUTORIDAD-PORTUARIA-2.png\u00a0\u00bb width=\u00a0\u00bb25%\u00a0\u00bb custom_margin=\u00a0\u00bb||||false|false\u00a0\u00bb custom_padding=\u00a0\u00bb200px|0px|2.5vw|0px||\u00a0\u00bb custom_padding_tablet=\u00a0\u00bb128px|0px||0px|false|false\u00a0\u00bb custom_padding_phone=\u00a0\u00bb70px||||false|false\u00a0\u00bb global_colors_info=\u00a0\u00bb{}\u00a0\u00bb][et_pb_column type=\u00a0\u00bb4_4&Prime; _builder_version=\u00a0\u00bb3.25&Prime; custom_padding=\u00a0\u00bb|||\u00a0\u00bb global_colors_info=\u00a0\u00bb{}\u00a0\u00bb custom_padding__hover=\u00a0\u00bb|||\u00a0\u00bb][\/et_pb_column][\/et_pb_row][et_pb_row _builder_version=\u00a0\u00bb3.28&Prime; custom_padding=\u00a0\u00bb10px|10px|10px|10px|false|false\u00a0\u00bb global_colors_info=\u00a0\u00bb{}\u00a0\u00bb][et_pb_column type=\u00a0\u00bb4_4&Prime; _builder_version=\u00a0\u00bb3.28&Prime; global_colors_info=\u00a0\u00bb{}\u00a0\u00bb][et_pb_text module_class=\u00a0\u00bbheader-title-1&Prime; _builder_version=\u00a0\u00bb3.29.3&Prime; text_font=\u00a0\u00bb|700|||||||\u00a0\u00bb text_text_color=\u00a0\u00bb#ffffff\u00a0\u00bb text_font_size=\u00a0\u00bb60px\u00a0\u00bb header_text_color=\u00a0\u00bb#ffffff\u00a0\u00bb global_colors_info=\u00a0\u00bb{}\u00a0\u00bb]<\/p>\n<h1 style=\"text-align: center;\">DEUP del Puerto de La Estaca (El Hierro)<\/h1>\n<p>[\/et_pb_text][\/et_pb_column][\/et_pb_row][\/et_pb_section][et_pb_section fb_built=\u00a0\u00bb1&Prime; _builder_version=\u00a0\u00bb3.28&Prime; global_colors_info=\u00a0\u00bb{}\u00a0\u00bb][et_pb_row column_structure=\u00a0\u00bb1_3,2_3&Prime; _builder_version=\u00a0\u00bb3.28&Prime; saved_tabs=\u00a0\u00bball\u00a0\u00bb global_colors_info=\u00a0\u00bb{}\u00a0\u00bb][et_pb_column type=\u00a0\u00bb1_3&Prime; _builder_version=\u00a0\u00bb3.28&Prime; global_colors_info=\u00a0\u00bb{}\u00a0\u00bb][et_pb_sidebar area=\u00a0\u00bbet_pb_widget_area_4&Prime; _builder_version=\u00a0\u00bb4.11.2&Prime; header_font=\u00a0\u00bb|700|||||||\u00a0\u00bb header_text_color=\u00a0\u00bb#081C59&Prime; header_font_size=\u00a0\u00bb25px\u00a0\u00bb hover_enabled=\u00a0\u00bb0&Prime; global_colors_info=\u00a0\u00bb{}\u00a0\u00bb sticky_enabled=\u00a0\u00bb0&Prime;][\/et_pb_sidebar][\/et_pb_column][et_pb_column type=\u00a0\u00bb2_3&Prime; _builder_version=\u00a0\u00bb3.28&Prime; global_colors_info=\u00a0\u00bb{}\u00a0\u00bb][et_pb_text _builder_version=\u00a0\u00bb3.29.3&Prime; global_colors_info=\u00a0\u00bb{}\u00a0\u00bb]<\/p>\n<h2>DELIMITACI\u00d3N DE LOS ESPACIOS Y USOS PORTUARIOS DEL PUERTO DE LA ESTACA (EL HIERRO)<\/h2>\n<p>Aprobado por Orden FOM\/2728\/2015, de 30 de noviembre (BOE n\u00fam. 301, de 17 de diciembre de 2015).<\/p>\n<p><a href=\"\/wp-content\/uploads\/2019\/10\/2015_12_ORDEN_FOM_2728_2015_APROB_DEUP_LA_ESTACA.pdf\" target=\"_blank\" rel=\"noopener noreferrer\">Descargar<\/a><\/p>\n<p>&nbsp;<\/p>\n<h2>Delimitaci\u00f3n de la zona de servicio terrestre del puerto<\/h2>\n<p>Delimitaci\u00f3n de la zona de servicio. <span>(plano 1 de 3)<\/span><br \/><a href=\"\/wp-content\/uploads\/2019\/10\/DEUP-LA-ESTACA-ZST-4.1.pdf\">Descargar<\/a><\/p>\n<p>Delimitaci\u00f3n de la zona de servicio. Terrenos que se desafectan y terrenos que se incorporan.\u00a0<span>(plano 2 de 3)<\/span><br \/><a href=\"\/wp-content\/uploads\/2019\/10\/DEUP-LA-ESTACA-ZST-4.2.pdf\">Descargar<\/a><\/p>\n<p>Delimitaci\u00f3n de la zona de servicio.\u00a0<span>(plano 3 de 3)<\/span><br \/><a href=\"\/wp-content\/uploads\/2019\/10\/DEUP-LA-ESTACA-ZST-4.1.pdf\" target=\"_blank\" rel=\"noopener noreferrer\">Descargar<\/a><\/p>\n<p>&nbsp;<\/p>\n<h2>Delimitaci\u00f3n de las aguas del puerto<\/h2>\n<h2><a href=\"\/wp-content\/uploads\/2019\/10\/DEUP-LA-ESTACA-AGUAS-6.1.pdf\" target=\"_blank\" rel=\"noopener noreferrer\" style=\"font-size: 14px;\"><\/a><\/h2>\n<p>Delimitaci\u00f3n de las aguas\u00a0<span>(plano 1 de 2)<\/span><br \/> <a href=\"\/wp-content\/uploads\/2019\/10\/DEUP-LA-ESTACA-AGUAS-6.1.pdf\" target=\"_blank\" rel=\"noopener noreferrer\">Descargar<\/a><\/p>\n<p>Delimitaci\u00f3n de las aguas\u00a0<span>(plano 2 de 2)<\/span><br \/> <a href=\"\/wp-content\/uploads\/2019\/10\/DEUP-LA-ESTACA-AGUAS-6.2.pdf\" target=\"_blank\" rel=\"noopener noreferrer\">Descargar<\/a><\/p>\n<p>&nbsp;<\/p>\n<h2>Zonificaci\u00f3n de usos<\/h2>\n<h2><span style=\"font-size: 14px; color: #666666;\">Zonificaci\u00f3n de usos <span>(plano 1 de 1)<\/span><\/span><\/h2>\n<p><a href=\"\/wp-content\/uploads\/2019\/10\/DEUP-LA-ESTACA-USOS-5.pdf\" target=\"_blank\" rel=\"noopener noreferrer\">Descargar<\/a><\/p>\n<p>[\/et_pb_text][\/et_pb_column][\/et_pb_row][\/et_pb_section][et_pb_section fb_built=\u00a0\u00bb1&Prime; _builder_version=\u00a0\u00bb3.29.3&Prime; background_color=\u00a0\u00bb#081C59&Prime; height=\u00a0\u00bb50px\u00a0\u00bb custom_margin=\u00a0\u00bb0px|0px|0px|0px|false|false\u00a0\u00bb custom_padding=\u00a0\u00bb0px|0px|0px|0px|false|false\u00a0\u00bb global_module=\u00a0\u00bb215191&Prime; collapsed=\u00a0\u00bboff\u00a0\u00bb global_colors_info=\u00a0\u00bb{}\u00a0\u00bb][\/et_pb_section][et_pb_section fb_built=\u00a0\u00bb1&Prime; custom_padding_last_edited=\u00a0\u00bbon|tablet\u00a0\u00bb admin_label=\u00a0\u00bbFooter general 1.1 EN?\u00a0\u00bb module_class=\u00a0\u00bbmozart_consult_testimonials\u00a0\u00bb _builder_version=\u00a0\u00bb4.9.7&Prime; background_color=\u00a0\u00bb#ffffff\u00a0\u00bb background_enable_color=\u00a0\u00bboff\u00a0\u00bb background_image=\u00a0\u00bbhttps:\/\/www.puertosdetenerife.org\/wp-content\/uploads\/2019\/09\/half-boat-blue-transparent50-104&#215;300.png\u00a0\u00bb background_enable_image=\u00a0\u00bboff\u00a0\u00bb background_size=\u00a0\u00bbcontain\u00a0\u00bb background_position=\u00a0\u00bbcenter_right\u00a0\u00bb custom_margin=\u00a0\u00bb50px||||false|false\u00a0\u00bb custom_padding=\u00a0\u00bb0.3%||0%|||\u00a0\u00bb custom_padding_tablet=\u00a0\u00bb50px||50px|\u00a0\u00bb custom_css_main_element=\u00a0\u00bb overflow: hidden;||||\u00a0\u00bb global_module=\u00a0\u00bb215192&Prime; saved_tabs=\u00a0\u00bball\u00a0\u00bb collapsed=\u00a0\u00bbon\u00a0\u00bb global_colors_info=\u00a0\u00bb{}\u00a0\u00bb][et_pb_row custom_padding_last_edited=\u00a0\u00bbon|tablet\u00a0\u00bb admin_label=\u00a0\u00bbMozart &#8211; Home\u00a0\u00bb _builder_version=\u00a0\u00bb3.25&Prime; background_size=\u00a0\u00bbinitial\u00a0\u00bb background_position=\u00a0\u00bbtop_left\u00a0\u00bb background_repeat=\u00a0\u00bbrepeat\u00a0\u00bb custom_padding=\u00a0\u00bb3px|0px|3px|0px||\u00a0\u00bb custom_padding_tablet=\u00a0\u00bb0px|0px|0px|0px\u00a0\u00bb custom_padding_phone=\u00a0\u00bb\u00a0\u00bb global_colors_info=\u00a0\u00bb{}\u00a0\u00bb][et_pb_column type=\u00a0\u00bb4_4&Prime; _builder_version=\u00a0\u00bb3.25&Prime; custom_padding=\u00a0\u00bb|||\u00a0\u00bb global_colors_info=\u00a0\u00bb{}\u00a0\u00bb custom_padding__hover=\u00a0\u00bb|||\u00a0\u00bb][et_pb_image src=\u00a0\u00bbhttps:\/\/www.puertosdetenerife.org\/wp-content\/uploads\/2019\/09\/Saparador-Puertos-e1568731759160.png\u00a0\u00bb align_tablet=\u00a0\u00bbcenter\u00a0\u00bb align_phone=\u00a0\u00bb\u00a0\u00bb align_last_edited=\u00a0\u00bbon|desktop\u00a0\u00bb admin_label=\u00a0\u00bbImage 1170 x 51 pixels\u00a0\u00bb _builder_version=\u00a0\u00bb3.28&Prime; transform_scale=\u00a0\u00bb50%|50%\u00a0\u00bb filter_opacity=\u00a0\u00bb50%\u00a0\u00bb global_colors_info=\u00a0\u00bb{}\u00a0\u00bb][\/et_pb_image][\/et_pb_column][\/et_pb_row][et_pb_row _builder_version=\u00a0\u00bb4.4.8&Prime; global_colors_info=\u00a0\u00bb{}\u00a0\u00bb][et_pb_column type=\u00a0\u00bb4_4&Prime; _builder_version=\u00a0\u00bb4.3.2&Prime; global_colors_info=\u00a0\u00bb{}\u00a0\u00bb][et_pb_text _builder_version=\u00a0\u00bb4.6.1&Prime; global_colors_info=\u00a0\u00bb{}\u00a0\u00bb]<\/p>\n<h2>Informaci\u00f3n Destacada<\/h2>\n<p>[\/et_pb_text][\/et_pb_column][\/et_pb_row][et_pb_row column_structure=\u00a0\u00bb1_4,1_4,1_4,1_4&Prime; _builder_version=\u00a0\u00bb4.3.2&Prime; global_colors_info=\u00a0\u00bb{}\u00a0\u00bb][et_pb_column type=\u00a0\u00bb1_4&Prime; _builder_version=\u00a0\u00bb4.3.2&Prime; global_colors_info=\u00a0\u00bb{}\u00a0\u00bb][et_pb_text _builder_version=\u00a0\u00bb4.6.6&Prime; custom_css_main_element=\u00a0\u00bbfont-weight: normal !important;\u00a0\u00bb global_colors_info=\u00a0\u00bb{}\u00a0\u00bb]<\/p>\n<p style=\"text-align: justify;\"><a href=\"\/secretaria-general\/legislacion-y-normativa\/\">Legislaci\u00f3n y normativa<\/a><br \/> <a href=\"\/medio-ambiente\/\">Sostenibilidad <\/a><br \/> <a href=\"\/economico-financiero\/factura-electronica-face\/\">Econ\u00f3mico Financiero<\/a><br \/> <a href=\"\/personas-y-organizacion\/\">Personas y Organizaci\u00f3n<\/a><br \/> <a href=\"\/proteccion-y-seguridad\/\">Proteccion y Seguridad<\/a><br \/> <a href=\"\/estadistica\/\">Estad\u00edstica<\/a><br \/> <a href=\"\/seguridad-industrial\/\">Seguridad Industrial<\/a><br \/> <a href=\"\/dominio-publico\/\">Dominio P\u00fablico<\/a><\/p>\n<p>[\/et_pb_text][\/et_pb_column][et_pb_column type=\u00a0\u00bb1_4&Prime; _builder_version=\u00a0\u00bb4.3.2&Prime; global_colors_info=\u00a0\u00bb{}\u00a0\u00bb][et_pb_text _builder_version=\u00a0\u00bb4.6.1&Prime; global_colors_info=\u00a0\u00bb{}\u00a0\u00bb]<\/p>\n<p><a href=\"\/memorias-anuales\/\">Memorias Anuales<\/a><br \/> <a href=\"\/centro-de-comercializacion-pesquera\/\">Centro de Comercializaci\u00f3n Pesquera<\/a><br \/> <a href=\"\/senales-maritimas\/\">Se\u00f1ales mar\u00edtimas <\/a><br \/><a href=\"\/clima-maritimo\/\">Clima Mar\u00edtimo<\/a><a href=\"\/economico-financiero\/tasas-y-tarifas\/\">Tasas y Tarifas<\/a><br \/> <a href=\"https:\/\/canariaszec.com\/\" target=\"_blank\" rel=\"noopener noreferrer\">Zona Especial Canaria<\/a><br \/> <a href=\"http:\/\/zonafrancatenerife.es\/\" target=\"_blank\" rel=\"noopener noreferrer\">Zona Franca<\/a><br \/> <a href=\"https:\/\/www.seappliers.com\/es\/\" target=\"_blank\" rel=\"noopener noreferrer\">Seappliers<\/a><\/p>\n<p>[\/et_pb_text][\/et_pb_column][et_pb_column type=\u00a0\u00bb1_4&Prime; _builder_version=\u00a0\u00bb4.3.2&Prime; global_colors_info=\u00a0\u00bb{}\u00a0\u00bb][et_pb_text _builder_version=\u00a0\u00bb4.6.1&Prime; global_colors_info=\u00a0\u00bb{}\u00a0\u00bb]<\/p>\n<p><a href=\"https:\/\/contrataciondelestado.es\/wps\/poc?uri=deeplink%3AperfilContratante&amp;ubicacionOrganica=cLtz7EEs2CA%3D\" target=\"_blank\" rel=\"noopener noreferrer\">Licitaciones<\/a><br \/> <a href=\"\/secretaria-general\/perfil-del-contratante\/\">Perfil del contratante<\/a><br \/> <a href=\"http:\/\/sede.puertosdetenerife.gob.es\/sede\/\">Sede Electr\u00f3nica<\/a><br \/> <a href=\"\/economico-financiero\/factura-electronica-face\/\">FACe<\/a><br \/> <a href=\"\/seguridad-industrial\/tramitacion-de-mercancias-peligrosas\/\">Tramitaci\u00f3n de mercanc\u00edas peligrosas<\/a><br \/> <a href=\"\/centro-de-operaciones-portuarias\/avisos-del-centro-de-operaciones-portuarias\/\">Avisos<\/a><\/p>\n<p>[\/et_pb_text][\/et_pb_column][et_pb_column type=\u00a0\u00bb1_4&Prime; _builder_version=\u00a0\u00bb4.3.2&Prime; global_colors_info=\u00a0\u00bb{}\u00a0\u00bb][et_pb_code _builder_version=\u00a0\u00bb4.3.2&Prime; text_orientation=\u00a0\u00bbleft\u00a0\u00bb global_colors_info=\u00a0\u00bb{}\u00a0\u00bb]<div class=\"shariff shariff-align-flex-start shariff-widget-align-flex-start\"><div class=\"ShariffHeadline\">Comparte!<\/div><ul class=\"shariff-buttons theme-round orientation-horizontal buttonsize-medium\"><li class=\"shariff-button facebook\" style=\"background-color:#056E6D;border-radius:1%\"><a href=\"https:\/\/www.facebook.com\/sharer\/sharer.php?u=https%3A%2F%2Fpre.puertosdetenerife.org%2Ffr%2Fdelimitation-des-espaces-et-usages-portuaires%2Fdeup-del-puerto-de-la-estaca-el-hierro%2F\" title=\"Envoyer par Facebook\" aria-label=\"Envoyer par Facebook\" role=\"button\" rel=\"nofollow\" class=\"shariff-link\" style=\";border-radius:1%; background-color:#081C59; color:#fff\" target=\"_blank\"><span class=\"shariff-icon\" style=\"\"><svg width=\"32px\" height=\"20px\" xmlns=\"http:\/\/www.w3.org\/2000\/svg\" viewBox=\"0 0 18 32\"><path fill=\"#3b5998\" d=\"M17.1 0.2v4.7h-2.8q-1.5 0-2.1 0.6t-0.5 1.9v3.4h5.2l-0.7 5.3h-4.5v13.6h-5.5v-13.6h-4.5v-5.3h4.5v-3.9q0-3.3 1.9-5.2t5-1.8q2.6 0 4.1 0.2z\"\/><\/svg><\/span><\/a><\/li><li class=\"shariff-button twitter\" style=\"background-color:#056E6D;border-radius:1%\"><a href=\"https:\/\/twitter.com\/share?url=https%3A%2F%2Fpre.puertosdetenerife.org%2Ffr%2Fdelimitation-des-espaces-et-usages-portuaires%2Fdeup-del-puerto-de-la-estaca-el-hierro%2F&text=DEUP%20del%20Puerto%20de%20La%20Estaca%20%28El%20Hierro%29\" title=\"Envoyer par X\" aria-label=\"Envoyer par X\" role=\"button\" rel=\"noopener nofollow\" class=\"shariff-link\" style=\";border-radius:1%; background-color:#081C59; color:#fff\" target=\"_blank\"><span class=\"shariff-icon\" style=\"\"><svg width=\"32px\" height=\"20px\" xmlns=\"http:\/\/www.w3.org\/2000\/svg\" viewBox=\"0 0 24 24\"><path fill=\"#000\" d=\"M14.258 10.152L23.176 0h-2.113l-7.747 8.813L7.133 0H0l9.352 13.328L0 23.973h2.113l8.176-9.309 6.531 9.309h7.133zm-2.895 3.293l-.949-1.328L2.875 1.56h3.246l6.086 8.523.945 1.328 7.91 11.078h-3.246zm0 0\"\/><\/svg><\/span><\/a><\/li><li class=\"shariff-button linkedin\" style=\"background-color:#056E6D;border-radius:1%\"><a href=\"https:\/\/www.linkedin.com\/sharing\/share-offsite\/?url=https%3A%2F%2Fpre.puertosdetenerife.org%2Ffr%2Fdelimitation-des-espaces-et-usages-portuaires%2Fdeup-del-puerto-de-la-estaca-el-hierro%2F\" title=\"Envoyer par LinkedIn\" aria-label=\"Envoyer par LinkedIn\" role=\"button\" rel=\"noopener nofollow\" class=\"shariff-link\" style=\";border-radius:1%; background-color:#081C59; color:#fff\" target=\"_blank\"><span class=\"shariff-icon\" style=\"\"><svg width=\"32px\" height=\"20px\" xmlns=\"http:\/\/www.w3.org\/2000\/svg\" viewBox=\"0 0 27 32\"><path fill=\"#0077b5\" d=\"M6.2 11.2v17.7h-5.9v-17.7h5.9zM6.6 5.7q0 1.3-0.9 2.2t-2.4 0.9h0q-1.5 0-2.4-0.9t-0.9-2.2 0.9-2.2 2.4-0.9 2.4 0.9 0.9 2.2zM27.4 18.7v10.1h-5.9v-9.5q0-1.9-0.7-2.9t-2.3-1.1q-1.1 0-1.9 0.6t-1.2 1.5q-0.2 0.5-0.2 1.4v9.9h-5.9q0-7.1 0-11.6t0-5.3l0-0.9h5.9v2.6h0q0.4-0.6 0.7-1t1-0.9 1.6-0.8 2-0.3q3 0 4.9 2t1.9 6z\"\/><\/svg><\/span><\/a><\/li><li class=\"shariff-button whatsapp\" style=\"background-color:#056E6D;border-radius:1%\"><a href=\"https:\/\/api.whatsapp.com\/send?text=https%3A%2F%2Fpre.puertosdetenerife.org%2Ffr%2Fdelimitation-des-espaces-et-usages-portuaires%2Fdeup-del-puerto-de-la-estaca-el-hierro%2F%20DEUP%20del%20Puerto%20de%20La%20Estaca%20%28El%20Hierro%29\" title=\"Envoyer par Whatsapp\" aria-label=\"Envoyer par Whatsapp\" role=\"button\" rel=\"noopener nofollow\" class=\"shariff-link\" style=\";border-radius:1%; background-color:#081C59; color:#fff\" target=\"_blank\"><span class=\"shariff-icon\" style=\"\"><svg width=\"32px\" height=\"20px\" xmlns=\"http:\/\/www.w3.org\/2000\/svg\" viewBox=\"0 0 32 32\"><path fill=\"#34af23\" d=\"M17.6 17.4q0.2 0 1.7 0.8t1.6 0.9q0 0.1 0 0.3 0 0.6-0.3 1.4-0.3 0.7-1.3 1.2t-1.8 0.5q-1 0-3.4-1.1-1.7-0.8-3-2.1t-2.6-3.3q-1.3-1.9-1.3-3.5v-0.1q0.1-1.6 1.3-2.8 0.4-0.4 0.9-0.4 0.1 0 0.3 0t0.3 0q0.3 0 0.5 0.1t0.3 0.5q0.1 0.4 0.6 1.6t0.4 1.3q0 0.4-0.6 1t-0.6 0.8q0 0.1 0.1 0.3 0.6 1.3 1.8 2.4 1 0.9 2.7 1.8 0.2 0.1 0.4 0.1 0.3 0 1-0.9t0.9-0.9zM14 26.9q2.3 0 4.3-0.9t3.6-2.4 2.4-3.6 0.9-4.3-0.9-4.3-2.4-3.6-3.6-2.4-4.3-0.9-4.3 0.9-3.6 2.4-2.4 3.6-0.9 4.3q0 3.6 2.1 6.6l-1.4 4.2 4.3-1.4q2.8 1.9 6.2 1.9zM14 2.2q2.7 0 5.2 1.1t4.3 2.9 2.9 4.3 1.1 5.2-1.1 5.2-2.9 4.3-4.3 2.9-5.2 1.1q-3.5 0-6.5-1.7l-7.4 2.4 2.4-7.2q-1.9-3.2-1.9-6.9 0-2.7 1.1-5.2t2.9-4.3 4.3-2.9 5.2-1.1z\"\/><\/svg><\/span><\/a><\/li><li class=\"shariff-button mailto\" style=\"background-color:#056E6D;border-radius:1%\"><a href=\"mailto:?body=https%3A%2F%2Fpre.puertosdetenerife.org%2Ffr%2Fdelimitation-des-espaces-et-usages-portuaires%2Fdeup-del-puerto-de-la-estaca-el-hierro%2F&subject=DEUP%20del%20Puerto%20de%20La%20Estaca%20%28El%20Hierro%29\" title=\"Envoyer par courriel\" aria-label=\"Envoyer par courriel\" role=\"button\" rel=\"noopener nofollow\" class=\"shariff-link\" style=\";border-radius:1%; background-color:#081C59; color:#fff\"><span class=\"shariff-icon\" style=\"\"><svg width=\"32px\" height=\"20px\" xmlns=\"http:\/\/www.w3.org\/2000\/svg\" viewBox=\"0 0 32 32\"><path fill=\"#999\" d=\"M32 12.7v14.2q0 1.2-0.8 2t-2 0.9h-26.3q-1.2 0-2-0.9t-0.8-2v-14.2q0.8 0.9 1.8 1.6 6.5 4.4 8.9 6.1 1 0.8 1.6 1.2t1.7 0.9 2 0.4h0.1q0.9 0 2-0.4t1.7-0.9 1.6-1.2q3-2.2 8.9-6.1 1-0.7 1.8-1.6zM32 7.4q0 1.4-0.9 2.7t-2.2 2.2q-6.7 4.7-8.4 5.8-0.2 0.1-0.7 0.5t-1 0.7-0.9 0.6-1.1 0.5-0.9 0.2h-0.1q-0.4 0-0.9-0.2t-1.1-0.5-0.9-0.6-1-0.7-0.7-0.5q-1.6-1.1-4.7-3.2t-3.6-2.6q-1.1-0.7-2.1-2t-1-2.5q0-1.4 0.7-2.3t2.1-0.9h26.3q1.2 0 2 0.8t0.9 2z\"\/><\/svg><\/span><\/a><\/li><\/ul><\/div>[\/et_pb_code][et_pb_image src=\u00a0\u00bbhttps:\/\/www.puertosdetenerife.org\/wp-content\/uploads\/2020\/07\/Certificados-de-calidad-AENOR-y-EFR_2020-1.png\u00a0\u00bb alt=\u00a0\u00bbCertificados de calidad de gesti\u00f3n ambiental y seguridad y salud laboral\u00a0\u00bb title_text=\u00a0\u00bbCertificados-de-calidad-AENOR-y-EFR_2020-1&Prime; url=\u00a0\u00bbhttps:\/\/www.puertosdetenerife.org\/wp-content\/uploads\/2021\/06\/Certificados-junio-2021.pdf\u00a0\u00bb url_new_window=\u00a0\u00bbon\u00a0\u00bb _builder_version=\u00a0\u00bb4.9.7&Prime; global_colors_info=\u00a0\u00bb{}\u00a0\u00bb][\/et_pb_image][\/et_pb_column][\/et_pb_row][et_pb_row column_structure=\u00a0\u00bb1_2,1_2&Prime; _builder_version=\u00a0\u00bb4.3.2&Prime; global_colors_info=\u00a0\u00bb{}\u00a0\u00bb][et_pb_column type=\u00a0\u00bb1_2&Prime; _builder_version=\u00a0\u00bb4.3.2&Prime; global_colors_info=\u00a0\u00bb{}\u00a0\u00bb][et_pb_image src=\u00a0\u00bbhttps:\/\/www.puertosdetenerife.org\/wp-content\/uploads\/2020\/02\/Logo-Ministerio-de-Fomento.png\u00a0\u00bb url=\u00a0\u00bbhttps:\/\/www.mitma.gob.es\/\u00a0\u00bb url_new_window=\u00a0\u00bbon\u00a0\u00bb _builder_version=\u00a0\u00bb4.6.1&Prime; custom_margin=\u00a0\u00bb|50px||50px|false|false\u00a0\u00bb custom_margin_tablet=\u00a0\u00bb\u00a0\u00bb custom_margin_phone=\u00a0\u00bb|0px||0px|false|false\u00a0\u00bb custom_margin_last_edited=\u00a0\u00bbon|phone\u00a0\u00bb global_colors_info=\u00a0\u00bb{}\u00a0\u00bb][\/et_pb_image][\/et_pb_column][et_pb_column type=\u00a0\u00bb1_2&Prime; _builder_version=\u00a0\u00bb4.3.2&Prime; global_colors_info=\u00a0\u00bb{}\u00a0\u00bb][et_pb_image src=\u00a0\u00bbhttps:\/\/www.puertosdetenerife.org\/wp-content\/uploads\/2020\/02\/Logo-Puertos-del-Estado.png\u00a0\u00bb url=\u00a0\u00bbhttp:\/\/www.puertos.es\/en-us\u00a0\u00bb url_new_window=\u00a0\u00bbon\u00a0\u00bb _builder_version=\u00a0\u00bb4.6.1&Prime; custom_margin=\u00a0\u00bb|50px||50px|false|false\u00a0\u00bb custom_margin_tablet=\u00a0\u00bb\u00a0\u00bb custom_margin_phone=\u00a0\u00bb|0px||0px|false|false\u00a0\u00bb custom_margin_last_edited=\u00a0\u00bbon|phone\u00a0\u00bb global_colors_info=\u00a0\u00bb{}\u00a0\u00bb][\/et_pb_image][\/et_pb_column][\/et_pb_row][et_pb_row use_custom_gutter=\u00a0\u00bbon\u00a0\u00bb gutter_width=\u00a0\u00bb1&Prime; admin_label=\u00a0\u00bbMozart &#8211; Home\u00a0\u00bb _builder_version=\u00a0\u00bb3.25&Prime; max_width=\u00a0\u00bb1175px\u00a0\u00bb custom_padding=\u00a0\u00bb22px||18px|\u00a0\u00bb use_custom_width=\u00a0\u00bbon\u00a0\u00bb custom_width_px=\u00a0\u00bb1175px\u00a0\u00bb global_colors_info=\u00a0\u00bb{}\u00a0\u00bb][et_pb_column type=\u00a0\u00bb4_4&Prime; _builder_version=\u00a0\u00bb3.25&Prime; background_position=\u00a0\u00bbtop_left\u00a0\u00bb custom_padding=\u00a0\u00bb|||\u00a0\u00bb global_colors_info=\u00a0\u00bb{}\u00a0\u00bb custom_padding__hover=\u00a0\u00bb|||\u00a0\u00bb][et_pb_text admin_label=\u00a0\u00bbCopyright Website 2018 | Privacy Policy | Disclaimer | Site Map\u00a0\u00bb _builder_version=\u00a0\u00bb4.6.1&Prime; text_font=\u00a0\u00bb||||||||\u00a0\u00bb text_text_color=\u00a0\u00bb#081C59&Prime; text_letter_spacing=\u00a0\u00bb0.1px\u00a0\u00bb text_line_height=\u00a0\u00bb1.5em\u00a0\u00bb module_alignment=\u00a0\u00bbcenter\u00a0\u00bb custom_padding=\u00a0\u00bb|||4px\u00a0\u00bb global_colors_info=\u00a0\u00bb{}\u00a0\u00bb]<\/p>\n<p style=\"text-align: left;\"><a href=\"\/politica-de-privacidad\/\">Politica de Privacidad<\/a> \u00a0| \u00a0<a href=\"\/aviso-legal\/\">Aviso Legal<\/a><\/p>\n<p>[\/et_pb_text][\/et_pb_column][\/et_pb_row][\/et_pb_section]<\/p>\n<div class=\"shariff shariff-align-flex-start shariff-widget-align-flex-start\"><div class=\"ShariffHeadline\">Comparte!<\/div><ul class=\"shariff-buttons theme-round orientation-horizontal buttonsize-medium\"><li class=\"shariff-button facebook\" style=\"background-color:#056E6D;border-radius:1%\"><a href=\"https:\/\/www.facebook.com\/sharer\/sharer.php?u=https%3A%2F%2Fpre.puertosdetenerife.org%2Ffr%2Fdelimitation-des-espaces-et-usages-portuaires%2Fdeup-del-puerto-de-la-estaca-el-hierro%2F\" title=\"Envoyer par Facebook\" aria-label=\"Envoyer par Facebook\" role=\"button\" rel=\"nofollow\" class=\"shariff-link\" style=\";border-radius:1%; background-color:#081C59; color:#fff\" target=\"_blank\"><span class=\"shariff-icon\" style=\"\"><svg width=\"32px\" height=\"20px\" xmlns=\"http:\/\/www.w3.org\/2000\/svg\" viewBox=\"0 0 18 32\"><path fill=\"#3b5998\" d=\"M17.1 0.2v4.7h-2.8q-1.5 0-2.1 0.6t-0.5 1.9v3.4h5.2l-0.7 5.3h-4.5v13.6h-5.5v-13.6h-4.5v-5.3h4.5v-3.9q0-3.3 1.9-5.2t5-1.8q2.6 0 4.1 0.2z\"\/><\/svg><\/span><\/a><\/li><li class=\"shariff-button twitter\" style=\"background-color:#056E6D;border-radius:1%\"><a href=\"https:\/\/twitter.com\/share?url=https%3A%2F%2Fpre.puertosdetenerife.org%2Ffr%2Fdelimitation-des-espaces-et-usages-portuaires%2Fdeup-del-puerto-de-la-estaca-el-hierro%2F&text=DEUP%20del%20Puerto%20de%20La%20Estaca%20%28El%20Hierro%29\" title=\"Envoyer par X\" aria-label=\"Envoyer par X\" role=\"button\" rel=\"noopener nofollow\" class=\"shariff-link\" style=\";border-radius:1%; background-color:#081C59; color:#fff\" target=\"_blank\"><span class=\"shariff-icon\" style=\"\"><svg width=\"32px\" height=\"20px\" xmlns=\"http:\/\/www.w3.org\/2000\/svg\" viewBox=\"0 0 24 24\"><path fill=\"#000\" d=\"M14.258 10.152L23.176 0h-2.113l-7.747 8.813L7.133 0H0l9.352 13.328L0 23.973h2.113l8.176-9.309 6.531 9.309h7.133zm-2.895 3.293l-.949-1.328L2.875 1.56h3.246l6.086 8.523.945 1.328 7.91 11.078h-3.246zm0 0\"\/><\/svg><\/span><\/a><\/li><li class=\"shariff-button linkedin\" style=\"background-color:#056E6D;border-radius:1%\"><a href=\"https:\/\/www.linkedin.com\/sharing\/share-offsite\/?url=https%3A%2F%2Fpre.puertosdetenerife.org%2Ffr%2Fdelimitation-des-espaces-et-usages-portuaires%2Fdeup-del-puerto-de-la-estaca-el-hierro%2F\" title=\"Envoyer par LinkedIn\" aria-label=\"Envoyer par LinkedIn\" role=\"button\" rel=\"noopener nofollow\" class=\"shariff-link\" style=\";border-radius:1%; background-color:#081C59; color:#fff\" target=\"_blank\"><span class=\"shariff-icon\" style=\"\"><svg width=\"32px\" height=\"20px\" xmlns=\"http:\/\/www.w3.org\/2000\/svg\" viewBox=\"0 0 27 32\"><path fill=\"#0077b5\" d=\"M6.2 11.2v17.7h-5.9v-17.7h5.9zM6.6 5.7q0 1.3-0.9 2.2t-2.4 0.9h0q-1.5 0-2.4-0.9t-0.9-2.2 0.9-2.2 2.4-0.9 2.4 0.9 0.9 2.2zM27.4 18.7v10.1h-5.9v-9.5q0-1.9-0.7-2.9t-2.3-1.1q-1.1 0-1.9 0.6t-1.2 1.5q-0.2 0.5-0.2 1.4v9.9h-5.9q0-7.1 0-11.6t0-5.3l0-0.9h5.9v2.6h0q0.4-0.6 0.7-1t1-0.9 1.6-0.8 2-0.3q3 0 4.9 2t1.9 6z\"\/><\/svg><\/span><\/a><\/li><li class=\"shariff-button whatsapp\" style=\"background-color:#056E6D;border-radius:1%\"><a href=\"https:\/\/api.whatsapp.com\/send?text=https%3A%2F%2Fpre.puertosdetenerife.org%2Ffr%2Fdelimitation-des-espaces-et-usages-portuaires%2Fdeup-del-puerto-de-la-estaca-el-hierro%2F%20DEUP%20del%20Puerto%20de%20La%20Estaca%20%28El%20Hierro%29\" title=\"Envoyer par Whatsapp\" aria-label=\"Envoyer par Whatsapp\" role=\"button\" rel=\"noopener nofollow\" class=\"shariff-link\" style=\";border-radius:1%; background-color:#081C59; color:#fff\" target=\"_blank\"><span class=\"shariff-icon\" style=\"\"><svg width=\"32px\" height=\"20px\" xmlns=\"http:\/\/www.w3.org\/2000\/svg\" viewBox=\"0 0 32 32\"><path fill=\"#34af23\" d=\"M17.6 17.4q0.2 0 1.7 0.8t1.6 0.9q0 0.1 0 0.3 0 0.6-0.3 1.4-0.3 0.7-1.3 1.2t-1.8 0.5q-1 0-3.4-1.1-1.7-0.8-3-2.1t-2.6-3.3q-1.3-1.9-1.3-3.5v-0.1q0.1-1.6 1.3-2.8 0.4-0.4 0.9-0.4 0.1 0 0.3 0t0.3 0q0.3 0 0.5 0.1t0.3 0.5q0.1 0.4 0.6 1.6t0.4 1.3q0 0.4-0.6 1t-0.6 0.8q0 0.1 0.1 0.3 0.6 1.3 1.8 2.4 1 0.9 2.7 1.8 0.2 0.1 0.4 0.1 0.3 0 1-0.9t0.9-0.9zM14 26.9q2.3 0 4.3-0.9t3.6-2.4 2.4-3.6 0.9-4.3-0.9-4.3-2.4-3.6-3.6-2.4-4.3-0.9-4.3 0.9-3.6 2.4-2.4 3.6-0.9 4.3q0 3.6 2.1 6.6l-1.4 4.2 4.3-1.4q2.8 1.9 6.2 1.9zM14 2.2q2.7 0 5.2 1.1t4.3 2.9 2.9 4.3 1.1 5.2-1.1 5.2-2.9 4.3-4.3 2.9-5.2 1.1q-3.5 0-6.5-1.7l-7.4 2.4 2.4-7.2q-1.9-3.2-1.9-6.9 0-2.7 1.1-5.2t2.9-4.3 4.3-2.9 5.2-1.1z\"\/><\/svg><\/span><\/a><\/li><li class=\"shariff-button mailto\" style=\"background-color:#056E6D;border-radius:1%\"><a href=\"mailto:?body=https%3A%2F%2Fpre.puertosdetenerife.org%2Ffr%2Fdelimitation-des-espaces-et-usages-portuaires%2Fdeup-del-puerto-de-la-estaca-el-hierro%2F&subject=DEUP%20del%20Puerto%20de%20La%20Estaca%20%28El%20Hierro%29\" title=\"Envoyer par courriel\" aria-label=\"Envoyer par courriel\" role=\"button\" rel=\"noopener nofollow\" class=\"shariff-link\" style=\";border-radius:1%; background-color:#081C59; color:#fff\"><span class=\"shariff-icon\" style=\"\"><svg width=\"32px\" height=\"20px\" xmlns=\"http:\/\/www.w3.org\/2000\/svg\" viewBox=\"0 0 32 32\"><path fill=\"#999\" d=\"M32 12.7v14.2q0 1.2-0.8 2t-2 0.9h-26.3q-1.2 0-2-0.9t-0.8-2v-14.2q0.8 0.9 1.8 1.6 6.5 4.4 8.9 6.1 1 0.8 1.6 1.2t1.7 0.9 2 0.4h0.1q0.9 0 2-0.4t1.7-0.9 1.6-1.2q3-2.2 8.9-6.1 1-0.7 1.8-1.6zM32 7.4q0 1.4-0.9 2.7t-2.2 2.2q-6.7 4.7-8.4 5.8-0.2 0.1-0.7 0.5t-1 0.7-0.9 0.6-1.1 0.5-0.9 0.2h-0.1q-0.4 0-0.9-0.2t-1.1-0.5-0.9-0.6-1-0.7-0.7-0.5q-1.6-1.1-4.7-3.2t-3.6-2.6q-1.1-0.7-2.1-2t-1-2.5q0-1.4 0.7-2.3t2.1-0.9h26.3q1.2 0 2 0.8t0.9 2z\"\/><\/svg><\/span><\/a><\/li><\/ul><\/div>","protected":false},"excerpt":{"rendered":"<p>DEUP del Puerto de La Estaca (El Hierro)DELIMITACI\u00d3N DE LOS ESPACIOS Y USOS PORTUARIOS DEL PUERTO DE LA ESTACA (EL HIERRO) Aprobado por Orden FOM\/2728\/2015, de 30 de noviembre (BOE n\u00fam. 301, de 17 de diciembre de 2015). Descargar &nbsp; Delimitaci\u00f3n de la zona de servicio terrestre del puerto Delimitaci\u00f3n de la zona de servicio. [&hellip;]<\/p>\n","protected":false},"author":1,"featured_media":0,"parent":226087,"menu_order":0,"comment_status":"closed","ping_status":"closed","template":"","meta":{"_et_pb_use_builder":"on","_et_pb_old_content":"","_et_gb_content_width":"","footnotes":""},"coauthors":[],"class_list":["post-227419","page","type-page","status-publish","hentry"],"_links":{"self":[{"href":"https:\/\/pre.puertosdetenerife.org\/fr\/wp-json\/wp\/v2\/pages\/227419","targetHints":{"allow":["GET"]}}],"collection":[{"href":"https:\/\/pre.puertosdetenerife.org\/fr\/wp-json\/wp\/v2\/pages"}],"about":[{"href":"https:\/\/pre.puertosdetenerife.org\/fr\/wp-json\/wp\/v2\/types\/page"}],"author":[{"embeddable":true,"href":"https:\/\/pre.puertosdetenerife.org\/fr\/wp-json\/wp\/v2\/users\/1"}],"replies":[{"embeddable":true,"href":"https:\/\/pre.puertosdetenerife.org\/fr\/wp-json\/wp\/v2\/comments?post=227419"}],"version-history":[{"count":4,"href":"https:\/\/pre.puertosdetenerife.org\/fr\/wp-json\/wp\/v2\/pages\/227419\/revisions"}],"predecessor-version":[{"id":229864,"href":"https:\/\/pre.puertosdetenerife.org\/fr\/wp-json\/wp\/v2\/pages\/227419\/revisions\/229864"}],"up":[{"embeddable":true,"href":"https:\/\/pre.puertosdetenerife.org\/fr\/wp-json\/wp\/v2\/pages\/226087"}],"wp:attachment":[{"href":"https:\/\/pre.puertosdetenerife.org\/fr\/wp-json\/wp\/v2\/media?parent=227419"}],"wp:term":[{"taxonomy":"author","embeddable":true,"href":"https:\/\/pre.puertosdetenerife.org\/fr\/wp-json\/wp\/v2\/coauthors?post=227419"}],"curies":[{"name":"wp","href":"https:\/\/api.w.org\/{rel}","templated":true}]}}